{"id":950,"date":"2015-07-07T11:24:14","date_gmt":"2015-07-07T09:24:14","guid":{"rendered":"http:\/\/www.vfg-bonn.de\/wp-fkm\/?page_id=950"},"modified":"2021-01-22T11:09:38","modified_gmt":"2021-01-22T10:09:38","slug":"unser-haus","status":"publish","type":"page","link":"https:\/\/www.vfg-bonn.de\/fachklinik\/unser-haus\/","title":{"rendered":"Unser Haus"},"content":{"rendered":"\n<style type=\"text\/css\" data-created_by=\"avia_inline_auto\" id=\"style-css-av-1xu2wm-84997d35aa27af061205b00c91ba18e8\">\n.avia-section.av-1xu2wm-84997d35aa27af061205b00c91ba18e8 .av-parallax .av-parallax-inner{\nbackground-repeat:no-repeat;\nbackground-image:url(https:\/\/www.vfg-bonn.de\/fachklinik\/wp-content\/uploads\/DSC5279.jpg);\nbackground-position:0% 50%;\nbackground-attachment:scroll;\n}\n<\/style>\n<div id='av_section_1'  class='avia-section av-1xu2wm-84997d35aa27af061205b00c91ba18e8 main_color avia-section-large avia-no-shadow  avia-builder-el-0  el_before_av_one_full  avia-builder-el-first  spezialueberschrift avia-full-stretch av-parallax-section avia-bg-style-parallax av-minimum-height av-minimum-height-50 av-height-50  container_wrap fullsize'  data-section-bg-repeat='stretch' data-av_minimum_height_pc='50' data-av_min_height_opt='50'><div class='av-parallax' data-avia-parallax-ratio='0.3' ><div class='av-parallax-inner main_color avia-full-stretch'><\/div><\/div><div class='container av-section-cont-open' ><main  role=\"main\" itemprop=\"mainContentOfPage\"  class='template-page content  av-content-full alpha units'><div class='post-entry post-entry-type-page post-entry-950'><div class='entry-content-wrapper clearfix'>\n\n<style type=\"text\/css\" data-created_by=\"avia_inline_auto\" id=\"style-css-av-1oedqm-da6660ff4c7683b34c8289c85c653c48\">\n#top .av-special-heading.av-1oedqm-da6660ff4c7683b34c8289c85c653c48{\npadding-bottom:0;\ncolor:#e3000b;\nfont-size:40px;\n}\nbody .av-special-heading.av-1oedqm-da6660ff4c7683b34c8289c85c653c48 .av-special-heading-tag .heading-char{\nfont-size:25px;\n}\n#top #wrap_all .av-special-heading.av-1oedqm-da6660ff4c7683b34c8289c85c653c48 .av-special-heading-tag{\nfont-size:40px;\n}\n.av-special-heading.av-1oedqm-da6660ff4c7683b34c8289c85c653c48 .special-heading-inner-border{\nborder-color:#e3000b;\n}\n.av-special-heading.av-1oedqm-da6660ff4c7683b34c8289c85c653c48 .av-subheading{\nfont-size:15px;\n}\n\n@media only screen and (min-width: 480px) and (max-width: 767px){ \n#top #wrap_all .av-special-heading.av-1oedqm-da6660ff4c7683b34c8289c85c653c48 .av-special-heading-tag{\nfont-size:0.8em;\n}\n}\n\n@media only screen and (max-width: 479px){ \n#top #wrap_all .av-special-heading.av-1oedqm-da6660ff4c7683b34c8289c85c653c48 .av-special-heading-tag{\nfont-size:0.8em;\n}\n}\n<\/style>\n<div  class='av-special-heading av-1oedqm-da6660ff4c7683b34c8289c85c653c48 av-special-heading-h3 custom-color-heading blockquote modern-quote  avia-builder-el-1  el_before_av_hr  avia-builder-el-first  av-inherit-size'><h3 class='av-special-heading-tag '  itemprop=\"headline\"  >Unser Haus<\/h3><div class=\"special-heading-border\"><div class=\"special-heading-inner-border\"><\/div><\/div><\/div>\n\n<style type=\"text\/css\" data-created_by=\"avia_inline_auto\" id=\"style-css-av-1m3mkm-9a77f39640c025bfb8d71b5a16945879\">\n#top .hr.av-1m3mkm-9a77f39640c025bfb8d71b5a16945879{\nmargin-top:30px;\nmargin-bottom:30px;\n}\n.hr.av-1m3mkm-9a77f39640c025bfb8d71b5a16945879 .hr-inner{\nwidth:20%;\nborder-color:#e3000b;\nmax-width:45%;\n}\n.hr.av-1m3mkm-9a77f39640c025bfb8d71b5a16945879 .av-seperator-icon{\ncolor:#e3000b;\n}\n.hr.av-1m3mkm-9a77f39640c025bfb8d71b5a16945879 .av-seperator-icon.avia-svg-icon svg:first-child{\nfill:#e3000b;\nstroke:#e3000b;\n}\n<\/style>\n<div  class='hr av-1m3mkm-9a77f39640c025bfb8d71b5a16945879 hr-custom  avia-builder-el-2  el_after_av_heading  avia-builder-el-last  hr-left hr-icon-yes'><span class='hr-inner inner-border-av-border-thin'><span class=\"hr-inner-style\"><\/span><\/span><span class='av-seperator-icon avia-iconfont avia-font-entypo-fontello' data-av_icon='\ue8bf' data-av_iconfont='entypo-fontello' ><\/span><span class='hr-inner inner-border-av-border-thin'><span class=\"hr-inner-style\"><\/span><\/span><\/div>\n<\/div><\/div><\/main><!-- close content main element --><\/div><\/div><div id='after_section_1'  class='main_color av_default_container_wrap container_wrap fullsize'  ><div class='container av-section-cont-open' ><div class='template-page content  av-content-full alpha units'><div class='post-entry post-entry-type-page post-entry-950'><div class='entry-content-wrapper clearfix'>\n\n<style type=\"text\/css\" data-created_by=\"avia_inline_auto\" id=\"style-css-av-1g4l26-89e5570433601a01c2129df736f5302e\">\n#top .flex_column.av-1g4l26-89e5570433601a01c2129df736f5302e{\nmargin-top:-90px;\n}\n.flex_column.av-1g4l26-89e5570433601a01c2129df736f5302e{\nborder-radius:0px 0px 0px 0px;\npadding:30px 30px 30px 30px;\nbackground-color:#ffffff;\n}\n.responsive #top #wrap_all .flex_column.av-1g4l26-89e5570433601a01c2129df736f5302e{\nmargin-top:-90px;\n}\n<\/style>\n<div  class='flex_column av-1g4l26-89e5570433601a01c2129df736f5302e av_one_full  avia-builder-el-3  el_after_av_section  avia-builder-el-no-sibling  first flex_column_div  '     ><section  class='av_textblock_section av-12j8jq-b57360de467d1112d714157d91490ba0 '   itemscope=\"itemscope\" itemtype=\"https:\/\/schema.org\/CreativeWork\" ><div class='avia_textblock'  itemprop=\"text\" ><h3>Lage<\/h3>\n<p>Die Stadt Meckenheim liegt mit ihren 25.000 Einwohnern im S\u00fcden Nordrhein-Westfalens an der Landesgrenze zu Rheinland-Pfalz etwa 20 Kilometer s\u00fcdwestlich der Bundesstadt Bonn. Das Landschaftsbild in und um Meckenheim ist von Baumschulen, Rosenfeldern und weitl\u00e4ufigen Obstplantagen gepr\u00e4gt. Im Nordosten der Stadt beginnt der Staatsforst Kottenforst, der sich bis nach Bonn erstreckt.<\/p>\n<div id=\"attachment_2459\" style=\"width: 1320px\" class=\"wp-caption aligncenter\"><img loading=\"lazy\" decoding=\"async\" aria-describedby=\"caption-attachment-2459\" class=\"wp-image-2459 size-full\" src=\"https:\/\/vfg-bonn.de\/fachklinik\/wp-content\/uploads\/RASCH_2017_05_13_groesser.jpg\" alt=\"\" width=\"1310\" height=\"870\" srcset=\"https:\/\/www.vfg-bonn.de\/fachklinik\/wp-content\/uploads\/RASCH_2017_05_13_groesser.jpg 1310w, https:\/\/www.vfg-bonn.de\/fachklinik\/wp-content\/uploads\/RASCH_2017_05_13_groesser-450x299.jpg 450w, https:\/\/www.vfg-bonn.de\/fachklinik\/wp-content\/uploads\/RASCH_2017_05_13_groesser-1030x684.jpg 1030w, https:\/\/www.vfg-bonn.de\/fachklinik\/wp-content\/uploads\/RASCH_2017_05_13_groesser-768x510.jpg 768w, https:\/\/www.vfg-bonn.de\/fachklinik\/wp-content\/uploads\/RASCH_2017_05_13_groesser-705x468.jpg 705w\" sizes=\"auto, (max-width: 1310px) 100vw, 1310px\" \/><p id=\"caption-attachment-2459\" class=\"wp-caption-text\">Foto: Ralf Schuhmann<\/p><\/div>\n<\/div><\/section><br \/>\n<section  class='av_textblock_section av-r3jk6-97a5590d81418b9fa97f4fbac76f5ae9 '   itemscope=\"itemscope\" itemtype=\"https:\/\/schema.org\/CreativeWork\" ><div class='avia_textblock'  itemprop=\"text\" ><h3>Ausstattung<\/h3>\n<p>Unsere Fachklinik verf\u00fcgt \u00fcber 36 station\u00e4re Behandlungspl\u00e4tze und vier Pl\u00e4tze f\u00fcr die ganzt\u00e4gig ambulante Therapie (GAT).<\/p>\n<p>Die Unterbringung erfolgt in modernen Einzel- und Doppelzimmern mit Dusche\/WC, die zum Teil barrierefrei erreichbar sind. Den Rehabilitanden stehen verschiedene Funktions- und Gemeinschaftsr\u00e4ume sowie ein kostenfreier Internetzugang (WLAN) zur Verf\u00fcgung.<\/p>\n<p>Die Arbeits- und Ergotherapie findet in der klinikeigenen professionell ausgestatteten Schreinerei, in den gro\u00dfr\u00e4umigen Anlagen des Garten- und Landschaftsbaus mit eigenem Gew\u00e4chshaus, im mit PCs\/Laptops ausgestatteten Rehabilitandenb\u00fcro sowie im hauswirtschaftlichen Bereich mit einer Lehrk\u00fcche statt. Die Versorgung wird von den Rehabilitanden unter Anleitung selbst durchgef\u00fchrt.<\/p>\n<p>F\u00fcr die Sport- und Freizeitangebote werden der klinikeigene Fitness-\/ Sportraum und das Beachvolleyballfeld, ebenfalls ein angrenzendes Sportzentrum mit Schwimmhalle und zahlreichen Innen- und Au\u00dfensportanlagen sowie der in der N\u00e4he liegende Wald Kottenforst genutzt.<\/p>\n<\/div><\/section><br \/>\n<div id='av-masonry-1' class='av-masonry av-n24zq-71310b1854c4ba97cfbdcbcf814d0435 noHover av-fixed-size av-large-gap av-hover-overlay- av-masonry-animation-active av-masonry-col-4 av-caption-always av-caption-style- av-masonry-gallery ' data-post_id=\"950\"><div class=\"av-masonry-container isotope av-js-disabled\"><div class='av-masonry-entry isotope-item av-masonry-item-no-image '><\/div><a href=\"https:\/\/www.vfg-bonn.de\/fachklinik\/wp-content\/uploads\/Zimmer1.jpg\" data-srcset=\"https:\/\/www.vfg-bonn.de\/fachklinik\/wp-content\/uploads\/Zimmer1.jpg 800w, https:\/\/www.vfg-bonn.de\/fachklinik\/wp-content\/uploads\/Zimmer1-450x325.jpg 450w, https:\/\/www.vfg-bonn.de\/fachklinik\/wp-content\/uploads\/Zimmer1-768x555.jpg 768w, https:\/\/www.vfg-bonn.de\/fachklinik\/wp-content\/uploads\/Zimmer1-705x509.jpg 705w\" data-sizes=\"(max-width: 800px) 100vw, 800px\"  aria-label=\"image Zimmer1\"  id='av-masonry-1-item-2006' data-av-masonry-item='2006' class='av-masonry-entry isotope-item post-2006 attachment type-attachment status-inherit hentry  av-masonry-item-with-image' title=\"Zimmer1\" alt=\"\"    itemprop=\"thumbnailUrl\" ><div class='av-inner-masonry-sizer'><\/div><figure class='av-inner-masonry main_color'><div class=\"av-masonry-outerimage-container\"><div class='av-masonry-image-container' style=\"background-image: url(https:\/\/www.vfg-bonn.de\/fachklinik\/wp-content\/uploads\/Zimmer1-705x509.jpg);\"  title=\"Zimmer1\" ><\/div><\/div><\/figure><\/a><!--end av-masonry entry--><a href=\"https:\/\/www.vfg-bonn.de\/fachklinik\/wp-content\/uploads\/DSC2284-Zimmer-1030x538.jpg\" data-srcset=\"https:\/\/www.vfg-bonn.de\/fachklinik\/wp-content\/uploads\/DSC2284-Zimmer-1030x538.jpg 1030w, https:\/\/www.vfg-bonn.de\/fachklinik\/wp-content\/uploads\/DSC2284-Zimmer-450x235.jpg 450w, https:\/\/www.vfg-bonn.de\/fachklinik\/wp-content\/uploads\/DSC2284-Zimmer-768x401.jpg 768w, https:\/\/www.vfg-bonn.de\/fachklinik\/wp-content\/uploads\/DSC2284-Zimmer-705x368.jpg 705w, https:\/\/www.vfg-bonn.de\/fachklinik\/wp-content\/uploads\/DSC2284-Zimmer.jpg 1500w\" data-sizes=\"(max-width: 1030px) 100vw, 1030px\"  aria-label=\"image _DSC2284-Zimmer\"  id='av-masonry-1-item-2599' data-av-masonry-item='2599' class='av-masonry-entry isotope-item post-2599 attachment type-attachment status-inherit hentry  av-masonry-item-with-image' title=\"_DSC2284-Zimmer\" alt=\"\"    itemprop=\"thumbnailUrl\" ><div class='av-inner-masonry-sizer'><\/div><figure class='av-inner-masonry main_color'><div class=\"av-masonry-outerimage-container\"><div class='av-masonry-image-container' style=\"background-image: url(https:\/\/www.vfg-bonn.de\/fachklinik\/wp-content\/uploads\/DSC2284-Zimmer-705x368.jpg);\"  title=\"_DSC2284-Zimmer\" ><\/div><\/div><\/figure><\/a><!--end av-masonry entry--><a href=\"https:\/\/www.vfg-bonn.de\/fachklinik\/wp-content\/uploads\/DSC2301-1030x686.jpg\" data-srcset=\"https:\/\/www.vfg-bonn.de\/fachklinik\/wp-content\/uploads\/DSC2301-1030x686.jpg 1030w, https:\/\/www.vfg-bonn.de\/fachklinik\/wp-content\/uploads\/DSC2301-450x300.jpg 450w, https:\/\/www.vfg-bonn.de\/fachklinik\/wp-content\/uploads\/DSC2301-768x511.jpg 768w, https:\/\/www.vfg-bonn.de\/fachklinik\/wp-content\/uploads\/DSC2301-705x469.jpg 705w, https:\/\/www.vfg-bonn.de\/fachklinik\/wp-content\/uploads\/DSC2301.jpg 1310w\" data-sizes=\"(max-width: 1030px) 100vw, 1030px\"  aria-label=\"image _DSC2301\"  id='av-masonry-1-item-3154' data-av-masonry-item='3154' class='av-masonry-entry isotope-item post-3154 attachment type-attachment status-inherit hentry  av-masonry-item-with-image' title=\"_DSC2301\" alt=\"\"    itemprop=\"thumbnailUrl\" ><div class='av-inner-masonry-sizer'><\/div><figure class='av-inner-masonry main_color'><div class=\"av-masonry-outerimage-container\"><div class='av-masonry-image-container' style=\"background-image: url(https:\/\/www.vfg-bonn.de\/fachklinik\/wp-content\/uploads\/DSC2301-705x469.jpg);\"  title=\"_DSC2301\" ><\/div><\/div><\/figure><\/a><!--end av-masonry entry--><a href=\"https:\/\/www.vfg-bonn.de\/fachklinik\/wp-content\/uploads\/Fernsehraum.jpg\" data-srcset=\"https:\/\/www.vfg-bonn.de\/fachklinik\/wp-content\/uploads\/Fernsehraum.jpg 800w, https:\/\/www.vfg-bonn.de\/fachklinik\/wp-content\/uploads\/Fernsehraum-450x325.jpg 450w, https:\/\/www.vfg-bonn.de\/fachklinik\/wp-content\/uploads\/Fernsehraum-768x555.jpg 768w, https:\/\/www.vfg-bonn.de\/fachklinik\/wp-content\/uploads\/Fernsehraum-705x509.jpg 705w\" data-sizes=\"(max-width: 800px) 100vw, 800px\"  aria-label=\"image Fernsehraum\"  id='av-masonry-1-item-2003' data-av-masonry-item='2003' class='av-masonry-entry isotope-item post-2003 attachment type-attachment status-inherit hentry  av-masonry-item-with-image' title=\"Fernsehraum\" alt=\"\"    itemprop=\"thumbnailUrl\" ><div class='av-inner-masonry-sizer'><\/div><figure class='av-inner-masonry main_color'><div class=\"av-masonry-outerimage-container\"><div class='av-masonry-image-container' style=\"background-image: url(https:\/\/www.vfg-bonn.de\/fachklinik\/wp-content\/uploads\/Fernsehraum-705x509.jpg);\"  title=\"Fernsehraum\" ><\/div><\/div><\/figure><\/a><!--end av-masonry entry--><a href=\"https:\/\/www.vfg-bonn.de\/fachklinik\/wp-content\/uploads\/Zimmer.jpg\" data-srcset=\"https:\/\/www.vfg-bonn.de\/fachklinik\/wp-content\/uploads\/Zimmer.jpg 578w, https:\/\/www.vfg-bonn.de\/fachklinik\/wp-content\/uploads\/Zimmer-325x450.jpg 325w, https:\/\/www.vfg-bonn.de\/fachklinik\/wp-content\/uploads\/Zimmer-509x705.jpg 509w\" data-sizes=\"(max-width: 578px) 100vw, 578px\"  aria-label=\"image Zimmer\"  id='av-masonry-1-item-2005' data-av-masonry-item='2005' class='av-masonry-entry isotope-item post-2005 attachment type-attachment status-inherit hentry  av-masonry-item-with-image' title=\"Zimmer\" alt=\"\"    itemprop=\"thumbnailUrl\" ><div class='av-inner-masonry-sizer'><\/div><figure class='av-inner-masonry main_color'><div class=\"av-masonry-outerimage-container\"><div class='av-masonry-image-container' style=\"background-image: url(https:\/\/www.vfg-bonn.de\/fachklinik\/wp-content\/uploads\/Zimmer-509x705.jpg);\"  title=\"Zimmer\" ><\/div><\/div><\/figure><\/a><!--end av-masonry entry--><a href=\"https:\/\/www.vfg-bonn.de\/fachklinik\/wp-content\/uploads\/DSC2275-Kreativ-2-1030x538.jpg\" data-srcset=\"https:\/\/www.vfg-bonn.de\/fachklinik\/wp-content\/uploads\/DSC2275-Kreativ-2-1030x538.jpg 1030w, https:\/\/www.vfg-bonn.de\/fachklinik\/wp-content\/uploads\/DSC2275-Kreativ-2-450x235.jpg 450w, https:\/\/www.vfg-bonn.de\/fachklinik\/wp-content\/uploads\/DSC2275-Kreativ-2-768x401.jpg 768w, https:\/\/www.vfg-bonn.de\/fachklinik\/wp-content\/uploads\/DSC2275-Kreativ-2-705x368.jpg 705w, https:\/\/www.vfg-bonn.de\/fachklinik\/wp-content\/uploads\/DSC2275-Kreativ-2.jpg 1500w\" data-sizes=\"(max-width: 1030px) 100vw, 1030px\"  aria-label=\"image _DSC2275-Kreativ-2\"  id='av-masonry-1-item-2112' data-av-masonry-item='2112' class='av-masonry-entry isotope-item post-2112 attachment type-attachment status-inherit hentry  av-masonry-item-with-image' title=\"_DSC2275-Kreativ-2\" alt=\"\"    itemprop=\"thumbnailUrl\" ><div class='av-inner-masonry-sizer'><\/div><figure class='av-inner-masonry main_color'><div class=\"av-masonry-outerimage-container\"><div class='av-masonry-image-container' style=\"background-image: url(https:\/\/www.vfg-bonn.de\/fachklinik\/wp-content\/uploads\/DSC2275-Kreativ-2-705x368.jpg);\"  title=\"_DSC2275-Kreativ-2\" ><\/div><\/div><\/figure><\/a><!--end av-masonry entry--><a href=\"https:\/\/www.vfg-bonn.de\/fachklinik\/wp-content\/uploads\/DSC2318-1030x686.jpg\" data-srcset=\"https:\/\/www.vfg-bonn.de\/fachklinik\/wp-content\/uploads\/DSC2318-1030x686.jpg 1030w, https:\/\/www.vfg-bonn.de\/fachklinik\/wp-content\/uploads\/DSC2318-450x300.jpg 450w, https:\/\/www.vfg-bonn.de\/fachklinik\/wp-content\/uploads\/DSC2318-768x511.jpg 768w, https:\/\/www.vfg-bonn.de\/fachklinik\/wp-content\/uploads\/DSC2318-705x469.jpg 705w, https:\/\/www.vfg-bonn.de\/fachklinik\/wp-content\/uploads\/DSC2318.jpg 1310w\" data-sizes=\"(max-width: 1030px) 100vw, 1030px\"  aria-label=\"image _DSC2318\"  id='av-masonry-1-item-3155' data-av-masonry-item='3155' class='av-masonry-entry isotope-item post-3155 attachment type-attachment status-inherit hentry  av-masonry-item-with-image' title=\"_DSC2318\" alt=\"\"    itemprop=\"thumbnailUrl\" ><div class='av-inner-masonry-sizer'><\/div><figure class='av-inner-masonry main_color'><div class=\"av-masonry-outerimage-container\"><div class='av-masonry-image-container' style=\"background-image: url(https:\/\/www.vfg-bonn.de\/fachklinik\/wp-content\/uploads\/DSC2318-705x469.jpg);\"  title=\"_DSC2318\" ><\/div><\/div><\/figure><\/a><!--end av-masonry entry--><a href=\"https:\/\/www.vfg-bonn.de\/fachklinik\/wp-content\/uploads\/DSC7006-Buerokommunikation-1030x744.jpg\" data-srcset=\"https:\/\/www.vfg-bonn.de\/fachklinik\/wp-content\/uploads\/DSC7006-Buerokommunikation-1030x744.jpg 1030w, https:\/\/www.vfg-bonn.de\/fachklinik\/wp-content\/uploads\/DSC7006-Buerokommunikation-450x325.jpg 450w, https:\/\/www.vfg-bonn.de\/fachklinik\/wp-content\/uploads\/DSC7006-Buerokommunikation-768x555.jpg 768w, https:\/\/www.vfg-bonn.de\/fachklinik\/wp-content\/uploads\/DSC7006-Buerokommunikation-705x509.jpg 705w, https:\/\/www.vfg-bonn.de\/fachklinik\/wp-content\/uploads\/DSC7006-Buerokommunikation.jpg 1181w\" data-sizes=\"(max-width: 1030px) 100vw, 1030px\"  aria-label=\"image _DSC7006 Buerokommunikation\"  id='av-masonry-1-item-2138' data-av-masonry-item='2138' class='av-masonry-entry isotope-item post-2138 attachment type-attachment status-inherit hentry  av-masonry-item-with-image' title=\"_DSC7006 Buerokommunikation\" alt=\"\"    itemprop=\"thumbnailUrl\" ><div class='av-inner-masonry-sizer'><\/div><figure class='av-inner-masonry main_color'><div class=\"av-masonry-outerimage-container\"><div class='av-masonry-image-container' style=\"background-image: url(https:\/\/www.vfg-bonn.de\/fachklinik\/wp-content\/uploads\/DSC7006-Buerokommunikation-705x509.jpg);\"  title=\"_DSC7006 Buerokommunikation\" ><\/div><\/div><\/figure><\/a><!--end av-masonry entry--><a href=\"https:\/\/www.vfg-bonn.de\/fachklinik\/wp-content\/uploads\/DSC6888-1030x685.jpg\" data-srcset=\"https:\/\/www.vfg-bonn.de\/fachklinik\/wp-content\/uploads\/DSC6888-1030x685.jpg 1030w, https:\/\/www.vfg-bonn.de\/fachklinik\/wp-content\/uploads\/DSC6888-450x299.jpg 450w, https:\/\/www.vfg-bonn.de\/fachklinik\/wp-content\/uploads\/DSC6888-768x511.jpg 768w, https:\/\/www.vfg-bonn.de\/fachklinik\/wp-content\/uploads\/DSC6888-705x469.jpg 705w, https:\/\/www.vfg-bonn.de\/fachklinik\/wp-content\/uploads\/DSC6888.jpg 1500w\" data-sizes=\"(max-width: 1030px) 100vw, 1030px\"  aria-label=\"image _DSC6888\"  id='av-masonry-1-item-2125' data-av-masonry-item='2125' class='av-masonry-entry isotope-item post-2125 attachment type-attachment status-inherit hentry  av-masonry-item-with-image' title=\"_DSC6888\" alt=\"\"    itemprop=\"thumbnailUrl\" ><div class='av-inner-masonry-sizer'><\/div><figure class='av-inner-masonry main_color'><div class=\"av-masonry-outerimage-container\"><div class='av-masonry-image-container' style=\"background-image: url(https:\/\/www.vfg-bonn.de\/fachklinik\/wp-content\/uploads\/DSC6888-705x469.jpg);\"  title=\"_DSC6888\" ><\/div><\/div><\/figure><\/a><!--end av-masonry entry--><a href=\"https:\/\/www.vfg-bonn.de\/fachklinik\/wp-content\/uploads\/DSC4977-1030x685.jpg\" data-srcset=\"https:\/\/www.vfg-bonn.de\/fachklinik\/wp-content\/uploads\/DSC4977-1030x685.jpg 1030w, https:\/\/www.vfg-bonn.de\/fachklinik\/wp-content\/uploads\/DSC4977-450x299.jpg 450w, https:\/\/www.vfg-bonn.de\/fachklinik\/wp-content\/uploads\/DSC4977-768x511.jpg 768w, https:\/\/www.vfg-bonn.de\/fachklinik\/wp-content\/uploads\/DSC4977-705x469.jpg 705w, https:\/\/www.vfg-bonn.de\/fachklinik\/wp-content\/uploads\/DSC4977.jpg 1500w\" data-sizes=\"(max-width: 1030px) 100vw, 1030px\"  aria-label=\"image _DSC4977\"  id='av-masonry-1-item-3007' data-av-masonry-item='3007' class='av-masonry-entry isotope-item post-3007 attachment type-attachment status-inherit hentry  av-masonry-item-with-image' title=\"_DSC4977\" alt=\"\"    itemprop=\"thumbnailUrl\" ><div class='av-inner-masonry-sizer'><\/div><figure class='av-inner-masonry main_color'><div class=\"av-masonry-outerimage-container\"><div class='av-masonry-image-container' style=\"background-image: url(https:\/\/www.vfg-bonn.de\/fachklinik\/wp-content\/uploads\/DSC4977-705x469.jpg);\"  title=\"_DSC4977\" ><\/div><\/div><\/figure><\/a><!--end av-masonry entry--><a href=\"https:\/\/www.vfg-bonn.de\/fachklinik\/wp-content\/uploads\/DSC5292-Hauswirtschaft.jpg\" data-srcset=\"https:\/\/www.vfg-bonn.de\/fachklinik\/wp-content\/uploads\/DSC5292-Hauswirtschaft.jpg 800w, https:\/\/www.vfg-bonn.de\/fachklinik\/wp-content\/uploads\/DSC5292-Hauswirtschaft-450x325.jpg 450w, https:\/\/www.vfg-bonn.de\/fachklinik\/wp-content\/uploads\/DSC5292-Hauswirtschaft-768x555.jpg 768w, https:\/\/www.vfg-bonn.de\/fachklinik\/wp-content\/uploads\/DSC5292-Hauswirtschaft-705x509.jpg 705w\" data-sizes=\"(max-width: 800px) 100vw, 800px\"  aria-label=\"image DSC5292-Hauswirtschaft\"  id='av-masonry-1-item-1976' data-av-masonry-item='1976' class='av-masonry-entry isotope-item post-1976 attachment type-attachment status-inherit hentry  av-masonry-item-with-image' title=\"DSC5292-Hauswirtschaft\" alt=\"\"    itemprop=\"thumbnailUrl\" ><div class='av-inner-masonry-sizer'><\/div><figure class='av-inner-masonry main_color'><div class=\"av-masonry-outerimage-container\"><div class='av-masonry-image-container' style=\"background-image: url(https:\/\/www.vfg-bonn.de\/fachklinik\/wp-content\/uploads\/DSC5292-Hauswirtschaft-705x509.jpg);\"  title=\"DSC5292-Hauswirtschaft\" ><\/div><\/div><\/figure><\/a><!--end av-masonry entry--><a href=\"https:\/\/www.vfg-bonn.de\/fachklinik\/wp-content\/uploads\/DSC6828-1030x686.jpg\" data-srcset=\"https:\/\/www.vfg-bonn.de\/fachklinik\/wp-content\/uploads\/DSC6828-1030x686.jpg 1030w, https:\/\/www.vfg-bonn.de\/fachklinik\/wp-content\/uploads\/DSC6828-450x300.jpg 450w, https:\/\/www.vfg-bonn.de\/fachklinik\/wp-content\/uploads\/DSC6828-768x511.jpg 768w, https:\/\/www.vfg-bonn.de\/fachklinik\/wp-content\/uploads\/DSC6828-705x469.jpg 705w, https:\/\/www.vfg-bonn.de\/fachklinik\/wp-content\/uploads\/DSC6828.jpg 1310w\" data-sizes=\"(max-width: 1030px) 100vw, 1030px\"  aria-label=\"image _DSC6828\"  id='av-masonry-1-item-3159' data-av-masonry-item='3159' class='av-masonry-entry isotope-item post-3159 attachment type-attachment status-inherit hentry  av-masonry-item-with-image' title=\"_DSC6828\" alt=\"\"    itemprop=\"thumbnailUrl\" ><div class='av-inner-masonry-sizer'><\/div><figure class='av-inner-masonry main_color'><div class=\"av-masonry-outerimage-container\"><div class='av-masonry-image-container' style=\"background-image: url(https:\/\/www.vfg-bonn.de\/fachklinik\/wp-content\/uploads\/DSC6828-705x469.jpg);\"  title=\"_DSC6828\" ><\/div><\/div><\/figure><\/a><!--end av-masonry entry--><a href=\"https:\/\/www.vfg-bonn.de\/fachklinik\/wp-content\/uploads\/DSC5016-x-1030x538.jpg\" data-srcset=\"https:\/\/www.vfg-bonn.de\/fachklinik\/wp-content\/uploads\/DSC5016-x-1030x538.jpg 1030w, https:\/\/www.vfg-bonn.de\/fachklinik\/wp-content\/uploads\/DSC5016-x-450x235.jpg 450w, https:\/\/www.vfg-bonn.de\/fachklinik\/wp-content\/uploads\/DSC5016-x-768x401.jpg 768w, https:\/\/www.vfg-bonn.de\/fachklinik\/wp-content\/uploads\/DSC5016-x-705x368.jpg 705w, https:\/\/www.vfg-bonn.de\/fachklinik\/wp-content\/uploads\/DSC5016-x.jpg 1500w\" data-sizes=\"(max-width: 1030px) 100vw, 1030px\"  aria-label=\"image _DSC5016-x\"  id='av-masonry-1-item-2117' data-av-masonry-item='2117' class='av-masonry-entry isotope-item post-2117 attachment type-attachment status-inherit hentry  av-masonry-item-with-image' title=\"_DSC5016-x\" alt=\"\"    itemprop=\"thumbnailUrl\" ><div class='av-inner-masonry-sizer'><\/div><figure class='av-inner-masonry main_color'><div class=\"av-masonry-outerimage-container\"><div class='av-masonry-image-container' style=\"background-image: url(https:\/\/www.vfg-bonn.de\/fachklinik\/wp-content\/uploads\/DSC5016-x-705x368.jpg);\"  title=\"_DSC5016-x\" ><\/div><\/div><\/figure><\/a><!--end av-masonry entry--><a href=\"https:\/\/www.vfg-bonn.de\/fachklinik\/wp-content\/uploads\/DSC5013-x-1030x538.jpg\" data-srcset=\"https:\/\/www.vfg-bonn.de\/fachklinik\/wp-content\/uploads\/DSC5013-x-1030x538.jpg 1030w, https:\/\/www.vfg-bonn.de\/fachklinik\/wp-content\/uploads\/DSC5013-x-450x235.jpg 450w, https:\/\/www.vfg-bonn.de\/fachklinik\/wp-content\/uploads\/DSC5013-x-768x401.jpg 768w, https:\/\/www.vfg-bonn.de\/fachklinik\/wp-content\/uploads\/DSC5013-x-705x368.jpg 705w, https:\/\/www.vfg-bonn.de\/fachklinik\/wp-content\/uploads\/DSC5013-x.jpg 1500w\" data-sizes=\"(max-width: 1030px) 100vw, 1030px\"  aria-label=\"image _DSC5013-x\"  id='av-masonry-1-item-2116' data-av-masonry-item='2116' class='av-masonry-entry isotope-item post-2116 attachment type-attachment status-inherit hentry  av-masonry-item-with-image' title=\"_DSC5013-x\" alt=\"\"    itemprop=\"thumbnailUrl\" ><div class='av-inner-masonry-sizer'><\/div><figure class='av-inner-masonry main_color'><div class=\"av-masonry-outerimage-container\"><div class='av-masonry-image-container' style=\"background-image: url(https:\/\/www.vfg-bonn.de\/fachklinik\/wp-content\/uploads\/DSC5013-x-705x368.jpg);\"  title=\"_DSC5013-x\" ><\/div><\/div><\/figure><\/a><!--end av-masonry entry--><a href=\"https:\/\/www.vfg-bonn.de\/fachklinik\/wp-content\/uploads\/DSC2437-Windmuehle-1030x538.jpg\" data-srcset=\"https:\/\/www.vfg-bonn.de\/fachklinik\/wp-content\/uploads\/DSC2437-Windmuehle-1030x538.jpg 1030w, https:\/\/www.vfg-bonn.de\/fachklinik\/wp-content\/uploads\/DSC2437-Windmuehle-450x235.jpg 450w, https:\/\/www.vfg-bonn.de\/fachklinik\/wp-content\/uploads\/DSC2437-Windmuehle-768x401.jpg 768w, https:\/\/www.vfg-bonn.de\/fachklinik\/wp-content\/uploads\/DSC2437-Windmuehle-1536x802.jpg 1536w, https:\/\/www.vfg-bonn.de\/fachklinik\/wp-content\/uploads\/DSC2437-Windmuehle-1500x784.jpg 1500w, https:\/\/www.vfg-bonn.de\/fachklinik\/wp-content\/uploads\/DSC2437-Windmuehle-705x368.jpg 705w, https:\/\/www.vfg-bonn.de\/fachklinik\/wp-content\/uploads\/DSC2437-Windmuehle.jpg 1583w\" data-sizes=\"(max-width: 1030px) 100vw, 1030px\"  aria-label=\"image _DSC2437-Windmuehle\"  id='av-masonry-1-item-2137' data-av-masonry-item='2137' class='av-masonry-entry isotope-item post-2137 attachment type-attachment status-inherit hentry  av-masonry-item-with-image' title=\"_DSC2437-Windmuehle\" alt=\"\"    itemprop=\"thumbnailUrl\" ><div class='av-inner-masonry-sizer'><\/div><figure class='av-inner-masonry main_color'><div class=\"av-masonry-outerimage-container\"><div class='av-masonry-image-container' style=\"background-image: url(https:\/\/www.vfg-bonn.de\/fachklinik\/wp-content\/uploads\/DSC2437-Windmuehle-705x368.jpg);\"  title=\"_DSC2437-Windmuehle\" ><\/div><\/div><\/figure><\/a><!--end av-masonry entry--><a href=\"https:\/\/www.vfg-bonn.de\/fachklinik\/wp-content\/uploads\/DSC6809-1030x685.jpg\" data-srcset=\"https:\/\/www.vfg-bonn.de\/fachklinik\/wp-content\/uploads\/DSC6809-1030x685.jpg 1030w, https:\/\/www.vfg-bonn.de\/fachklinik\/wp-content\/uploads\/DSC6809-450x299.jpg 450w, https:\/\/www.vfg-bonn.de\/fachklinik\/wp-content\/uploads\/DSC6809-768x511.jpg 768w, https:\/\/www.vfg-bonn.de\/fachklinik\/wp-content\/uploads\/DSC6809-705x469.jpg 705w, https:\/\/www.vfg-bonn.de\/fachklinik\/wp-content\/uploads\/DSC6809.jpg 1500w\" data-sizes=\"(max-width: 1030px) 100vw, 1030px\"  aria-label=\"image DSC6809\"  id='av-masonry-1-item-2943' data-av-masonry-item='2943' class='av-masonry-entry isotope-item post-2943 attachment type-attachment status-inherit hentry  av-masonry-item-with-image' title=\"DSC6809\" alt=\"\"    itemprop=\"thumbnailUrl\" ><div class='av-inner-masonry-sizer'><\/div><figure class='av-inner-masonry main_color'><div class=\"av-masonry-outerimage-container\"><div class='av-masonry-image-container' style=\"background-image: url(https:\/\/www.vfg-bonn.de\/fachklinik\/wp-content\/uploads\/DSC6809-705x469.jpg);\"  title=\"DSC6809\" ><\/div><\/div><\/figure><\/a><!--end av-masonry entry--><\/div><\/div><br \/>\n\n<style type=\"text\/css\" data-created_by=\"avia_inline_auto\" id=\"style-css-av-6ccu-b56fd81ac53f0b37700db363cba6cd9f\">\n#top .hr.hr-invisible.av-6ccu-b56fd81ac53f0b37700db363cba6cd9f{\nheight:50px;\n}\n<\/style>\n<div  class='hr av-6ccu-b56fd81ac53f0b37700db363cba6cd9f hr-invisible  avia-builder-el-7  el_after_av_masonry_gallery  el_before_av_button  avia-builder-el-first '><span class='hr-inner '><span class=\"hr-inner-style\"><\/span><\/span><\/div><br \/>\n<div  class='avia-button-wrap av-vizq-4df3d6cd4e89bf59034a49dd86e320c8-wrap avia-button-right  avia-builder-el-8  el_after_av_hr  avia-builder-el-last '><a href='https:\/\/www.vfg-bonn.de\/fachklinik\/ihr-weg-zu-uns\/'  class='avia-button av-vizq-4df3d6cd4e89bf59034a49dd86e320c8 av-link-btn avia-icon_select-yes-right-icon avia-size-medium avia-position-right avia-color-theme-color'   aria-label=\"der Weg zu uns\u2026\"><span class='avia_iconbox_title' >der Weg zu uns\u2026<\/span><span class='avia_button_icon avia_button_icon_right avia-iconfont avia-font-entypo-fontello' data-av_icon='\ue832' data-av_iconfont='entypo-fontello' ><\/span><\/a><\/div><\/p><\/div>\n","protected":false},"excerpt":{"rendered":"","protected":false},"author":1,"featured_media":0,"parent":0,"menu_order":0,"comment_status":"closed","ping_status":"closed","template":"","meta":{"inline_featured_image":false,"footnotes":""},"class_list":["post-950","page","type-page","status-publish","hentry"],"_links":{"self":[{"href":"https:\/\/www.vfg-bonn.de\/fachklinik\/wp-json\/wp\/v2\/pages\/950","targetHints":{"allow":["GET"]}}],"collection":[{"href":"https:\/\/www.vfg-bonn.de\/fachklinik\/wp-json\/wp\/v2\/pages"}],"about":[{"href":"https:\/\/www.vfg-bonn.de\/fachklinik\/wp-json\/wp\/v2\/types\/page"}],"author":[{"embeddable":true,"href":"https:\/\/www.vfg-bonn.de\/fachklinik\/wp-json\/wp\/v2\/users\/1"}],"replies":[{"embeddable":true,"href":"https:\/\/www.vfg-bonn.de\/fachklinik\/wp-json\/wp\/v2\/comments?post=950"}],"version-history":[{"count":6,"href":"https:\/\/www.vfg-bonn.de\/fachklinik\/wp-json\/wp\/v2\/pages\/950\/revisions"}],"predecessor-version":[{"id":4305,"href":"https:\/\/www.vfg-bonn.de\/fachklinik\/wp-json\/wp\/v2\/pages\/950\/revisions\/4305"}],"wp:attachment":[{"href":"https:\/\/www.vfg-bonn.de\/fachklinik\/wp-json\/wp\/v2\/media?parent=950"}],"curies":[{"name":"wp","href":"https:\/\/api.w.org\/{rel}","templated":true}]}}