{"id":912,"date":"2015-07-07T09:53:16","date_gmt":"2015-07-07T07:53:16","guid":{"rendered":"http:\/\/www.vfg-bonn.de\/wp-fkm\/?page_id=912"},"modified":"2021-01-22T11:05:11","modified_gmt":"2021-01-22T10:05:11","slug":"psychotherapie","status":"publish","type":"page","link":"https:\/\/www.vfg-bonn.de\/fachklinik\/psychotherapie\/","title":{"rendered":"Psychotherapie"},"content":{"rendered":"\n<style type=\"text\/css\" data-created_by=\"avia_inline_auto\" id=\"style-css-av-3rudy0-cbef5779e761d3810861274bf6e87666\">\n.avia-section.av-3rudy0-cbef5779e761d3810861274bf6e87666 .av-parallax .av-parallax-inner{\nbackground-repeat:no-repeat;\nbackground-image:url(https:\/\/www.vfg-bonn.de\/fachklinik\/wp-content\/uploads\/DSC7043.jpg);\nbackground-position:50% 100%;\nbackground-attachment:scroll;\n}\n<\/style>\n<div id='av_section_1'  class='avia-section av-3rudy0-cbef5779e761d3810861274bf6e87666 main_color avia-section-large avia-no-shadow  avia-builder-el-0  el_before_av_one_full  avia-builder-el-first  spezialueberschrift avia-full-stretch av-parallax-section avia-bg-style-parallax av-minimum-height av-minimum-height-50 av-height-50  container_wrap fullsize'  data-section-bg-repeat='stretch' data-av_minimum_height_pc='50' data-av_min_height_opt='50'><div class='av-parallax' data-avia-parallax-ratio='0.3' ><div class='av-parallax-inner main_color avia-full-stretch'><\/div><\/div><div class='container av-section-cont-open' ><main  role=\"main\" itemprop=\"mainContentOfPage\"  class='template-page content  av-content-full alpha units'><div class='post-entry post-entry-type-page post-entry-912'><div class='entry-content-wrapper clearfix'>\n\n<style type=\"text\/css\" data-created_by=\"avia_inline_auto\" id=\"style-css-av-3m3xug-35ddf7261997c102bfdcbebd0b2cdc78\">\n#top .av-special-heading.av-3m3xug-35ddf7261997c102bfdcbebd0b2cdc78{\npadding-bottom:0;\ncolor:#e3000b;\nfont-size:40px;\n}\nbody .av-special-heading.av-3m3xug-35ddf7261997c102bfdcbebd0b2cdc78 .av-special-heading-tag .heading-char{\nfont-size:25px;\n}\n#top #wrap_all .av-special-heading.av-3m3xug-35ddf7261997c102bfdcbebd0b2cdc78 .av-special-heading-tag{\nfont-size:40px;\n}\n.av-special-heading.av-3m3xug-35ddf7261997c102bfdcbebd0b2cdc78 .special-heading-inner-border{\nborder-color:#e3000b;\n}\n.av-special-heading.av-3m3xug-35ddf7261997c102bfdcbebd0b2cdc78 .av-subheading{\nfont-size:15px;\n}\n\n@media only screen and (min-width: 480px) and (max-width: 767px){ \n#top #wrap_all .av-special-heading.av-3m3xug-35ddf7261997c102bfdcbebd0b2cdc78 .av-special-heading-tag{\nfont-size:0.8em;\n}\n}\n\n@media only screen and (max-width: 479px){ \n#top #wrap_all .av-special-heading.av-3m3xug-35ddf7261997c102bfdcbebd0b2cdc78 .av-special-heading-tag{\nfont-size:0.8em;\n}\n}\n<\/style>\n<div  class='av-special-heading av-3m3xug-35ddf7261997c102bfdcbebd0b2cdc78 av-special-heading-h3 custom-color-heading blockquote modern-quote  avia-builder-el-1  el_before_av_hr  avia-builder-el-first  av-inherit-size'><h3 class='av-special-heading-tag '  itemprop=\"headline\"  >Psychotherapie<\/h3><div class=\"special-heading-border\"><div class=\"special-heading-inner-border\"><\/div><\/div><\/div>\n\n<style type=\"text\/css\" data-created_by=\"avia_inline_auto\" id=\"style-css-av-3c2saw-0a8aafd1fc26a56333f74b896954edf1\">\n#top .hr.av-3c2saw-0a8aafd1fc26a56333f74b896954edf1{\nmargin-top:30px;\nmargin-bottom:30px;\n}\n.hr.av-3c2saw-0a8aafd1fc26a56333f74b896954edf1 .hr-inner{\nwidth:20%;\nborder-color:#e3000b;\nmax-width:45%;\n}\n.hr.av-3c2saw-0a8aafd1fc26a56333f74b896954edf1 .av-seperator-icon{\ncolor:#e3000b;\n}\n.hr.av-3c2saw-0a8aafd1fc26a56333f74b896954edf1 .av-seperator-icon.avia-svg-icon svg:first-child{\nfill:#e3000b;\nstroke:#e3000b;\n}\n<\/style>\n<div  class='hr av-3c2saw-0a8aafd1fc26a56333f74b896954edf1 hr-custom  avia-builder-el-2  el_after_av_heading  avia-builder-el-last  hr-left hr-icon-yes'><span class='hr-inner inner-border-av-border-thin'><span class=\"hr-inner-style\"><\/span><\/span><span class='av-seperator-icon avia-iconfont avia-font-entypo-fontello' data-av_icon='\ue8bf' data-av_iconfont='entypo-fontello' ><\/span><span class='hr-inner inner-border-av-border-thin'><span class=\"hr-inner-style\"><\/span><\/span><\/div>\n<\/div><\/div><\/main><!-- close content main element --><\/div><\/div><div id='after_section_1'  class='main_color av_default_container_wrap container_wrap fullsize'  ><div class='container av-section-cont-open' ><div class='template-page content  av-content-full alpha units'><div class='post-entry post-entry-type-page post-entry-912'><div class='entry-content-wrapper clearfix'>\n<div class='flex_column_table av-bjdmw-7cd5b1e2640d65261e090d764ad98460 sc-av_one_full av-equal-height-column-flextable'>\n<style type=\"text\/css\" data-created_by=\"avia_inline_auto\" id=\"style-css-av-bjdmw-7cd5b1e2640d65261e090d764ad98460\">\n#top .flex_column_table.av-equal-height-column-flextable.av-bjdmw-7cd5b1e2640d65261e090d764ad98460{\nmargin-top:-90px;\n}\n.flex_column.av-bjdmw-7cd5b1e2640d65261e090d764ad98460{\nborder-radius:0px 0px 0px 0px;\npadding:30px 30px 30px 30px;\nbackground-color:#ffffff;\n}\n<\/style>\n<div  class='flex_column av-bjdmw-7cd5b1e2640d65261e090d764ad98460 av_one_full  avia-builder-el-3  el_after_av_section  avia-builder-el-no-sibling  first flex_column_table_cell av-equal-height-column av-align-top  '     ><p><section  class='av_textblock_section av-34de6w-24d87d46f307b345b595147d376f2ac5 '   itemscope=\"itemscope\" itemtype=\"https:\/\/schema.org\/CreativeWork\" ><div class='avia_textblock'  itemprop=\"text\" ><p>Psychotherapie ist der Schl\u00fcssel auf dem Weg der Ver\u00e4nderung. Unser psychotherapeutisches Angebot umfasst Einzel- und Gruppengespr\u00e4che. Wir bieten neben verhaltenstherapeutischen noch eine Vielzahl anderer bew\u00e4hrter therapeutischer Ans\u00e4tze an, um unseren Rehabilitanden bestm\u00f6glich zu helfen. In der drei Mal w\u00f6chentlich stattfindenden Kleingruppe haben Sie die M\u00f6glichkeit, mehr \u00fcber sich und Ihre Suchterkrankung herauszufinden und sich auf ein suchtmittelfreies Leben vorzubereiten. In Einzelgespr\u00e4chen k\u00f6nnen Sie Ihre Themen in vertraulicher Atmosph\u00e4re vertiefen. Diese finden in der Regel ein Mal pro Woche statt, bei Bedarf jedoch auch h\u00e4ufiger.<\/p>\n<p>Dar\u00fcber hinaus haben wir eine breite Auswahl an edukativen und indikativen Gruppen, in denen spezifische Themen in Erg\u00e4nzung zur Einzel- und Gruppentherapie vertieft werden.<\/p>\n<\/div><\/section><br \/>\n<div  class='hr av-ajb0w-136185c766ee77639e3769e999b86733 hr-short  avia-builder-el-5  el_after_av_textblock  el_before_av_heading  hr-center'><span class='hr-inner '><span class=\"hr-inner-style\"><\/span><\/span><\/div><br \/>\n\n<style type=\"text\/css\" data-created_by=\"avia_inline_auto\" id=\"style-css-av-av_heading-316fe20718b116d65b10ca0e1be14a13\">\n#top .av-special-heading.av-av_heading-316fe20718b116d65b10ca0e1be14a13{\npadding-bottom:10px;\n}\nbody .av-special-heading.av-av_heading-316fe20718b116d65b10ca0e1be14a13 .av-special-heading-tag .heading-char{\nfont-size:25px;\n}\n.av-special-heading.av-av_heading-316fe20718b116d65b10ca0e1be14a13 .av-subheading{\nfont-size:15px;\n}\n<\/style>\n<div  class='av-special-heading av-av_heading-316fe20718b116d65b10ca0e1be14a13 av-special-heading-h3 blockquote modern-quote  avia-builder-el-6  el_after_av_hr  el_before_av_tab_container '><h3 class='av-special-heading-tag '  itemprop=\"headline\"  >Indikative und edukative Gruppen<\/h3><div class=\"special-heading-border\"><div class=\"special-heading-inner-border\"><\/div><\/div><\/div><br \/>\n<div  class='tabcontainer av-2mswwg-b1a5f9d9b0609f373b80f002d536fb2a sidebar_tab sidebar_tab_left  avia-builder-el-7  el_after_av_heading  el_before_av_hr  noborder_tabs'>\n<section class='av_tab_section av_tab_section av-av_tab-0cd0d57bb53c21d2bbbc56b9c4c25b9a'  itemscope=\"itemscope\" itemtype=\"https:\/\/schema.org\/CreativeWork\" ><div id='tab-id-1-tab' class='tab active_tab' role='tab' aria-selected=\"true\" tabindex=\"0\" data-fake-id='#tab-id-1' aria-controls='tab-id-1-content'  itemprop=\"headline\" >Achtsamkeitstraining<\/div><div id='tab-id-1-content' class='tab_content active_tab_content' role='tabpanel' aria-labelledby='tab-id-1-tab' aria-hidden=\"false\"><div class='tab_inner_content invers-color'  itemprop=\"text\" ><p>In der Gruppe Achtsamkeitstraining nehmen vor allem Rehabilitanden mit deutlichen St\u00f6rungen in der Emotionsregulation und impulsiven Verhaltensweisen oder Beeintr\u00e4chtigungen in der Aufmerksamkeit teil. Dies kann in Zusammenhang mit einer emotional instabilen Pers\u00f6nlichkeitsst\u00f6rung, einer ADHS oder anderer psychischer Erkrankungen auftreten.<\/p>\n<\/div><\/div><\/section>\n<section class='av_tab_section av_tab_section av-av_tab-2041821f7f3eac213edcf595bb8faeb4'  itemscope=\"itemscope\" itemtype=\"https:\/\/schema.org\/CreativeWork\" ><div id='tab-id-2-tab' class='tab' role='tab' aria-selected=\"false\" tabindex=\"0\" data-fake-id='#tab-id-2' aria-controls='tab-id-2-content'  itemprop=\"headline\" >ADL-Gruppe<\/div><div id='tab-id-2-content' class='tab_content' role='tabpanel' aria-labelledby='tab-id-2-tab' aria-hidden=\"true\"><div class='tab_inner_content invers-color'  itemprop=\"text\" ><p>In diesem gruppentherapeutischen Programm, das jeder Rehabilitand in der Aufnahmephase durchl\u00e4uft, werden grundlegende Informationen zu Aktivit\u00e4ten des t\u00e4glichen Lebens vermittelt (z. B. r\u00fcckengerechtes Verhalten im Alltag und Beruf, Informationen \u00fcber Wohnungs- und Jobsuche, zu Beh\u00f6rden und \u00c4mtern, zu Gesundheitsf\u00fcrsorge und Risikoverhalten).<\/p>\n<\/div><\/div><\/section>\n<section class='av_tab_section av_tab_section av-av_tab-e26e27b39ca3425f7ffb21a42b3a7b77'  itemscope=\"itemscope\" itemtype=\"https:\/\/schema.org\/CreativeWork\" ><div id='tab-id-3-tab' class='tab' role='tab' aria-selected=\"false\" tabindex=\"0\" data-fake-id='#tab-id-3' aria-controls='tab-id-3-content'  itemprop=\"headline\" >Budotherapie<\/div><div id='tab-id-3-content' class='tab_content' role='tabpanel' aria-labelledby='tab-id-3-tab' aria-hidden=\"true\"><div class='tab_inner_content invers-color'  itemprop=\"text\" ><p>Unter dem Oberbegriff Budo werden alle asiatischen Kampfk\u00fcnste zusammengefasst, die durch die Haltung gegenseitiger Wertsch\u00e4tzung und gegenseitigen Respekts sowie dem Verst\u00e4ndnis des Menschen als ganzheitliches Wesen (K\u00f6rper und Geist) gepr\u00e4gt sind.<\/p>\n<p>Die Budotherapie ist eine spezifische Form der Bewegungstherapie. Sie bietet unseren Rehabilitanden hinsichtlich der Therapieziele F\u00f6rderung Sozialer Kompetenzen, Selbstsicherheit, Impuls- und Selbstkontrolle, Verantwortungsgef\u00fchl und Durchhalteverm\u00f6gen (Selbstdisziplin) ein Behandlungsangebot an der Schnittstelle von therapeutischer Selbsterfahrung, Bewegungstherapie und sinnvoller Erlebnisaktivierung. Sie soll so bereits bestehende Angebote (Psychotherapie, Achtsamkeitstraining, Sporttherapie und Soziales Kompetenztraining) erg\u00e4nzen. Die Vermittlung einzelner Bewegungsformen und Techniken aus dem Bereich der Kampfkunst dient dabei prim\u00e4r als Medium f\u00fcr eine entsprechende Reflexion, Selbstwahrnehmung und einen entsprechenden Austausch.<\/p>\n<\/div><\/div><\/section>\n<section class='av_tab_section av_tab_section av-av_tab-18bf514fce7e55712aef2b93c2b015f1'  itemscope=\"itemscope\" itemtype=\"https:\/\/schema.org\/CreativeWork\" ><div id='tab-id-4-tab' class='tab' role='tab' aria-selected=\"false\" tabindex=\"0\" data-fake-id='#tab-id-4' aria-controls='tab-id-4-content'  itemprop=\"headline\" >Cannabis- und Amphetamingruppe<\/div><div id='tab-id-4-content' class='tab_content' role='tabpanel' aria-labelledby='tab-id-4-tab' aria-hidden=\"true\"><div class='tab_inner_content invers-color'  itemprop=\"text\" ><p>In dieses gruppentherapeutische Angebot werden ausschlie\u00dflich Rehabilitanden mit Cannabis-und\/oder Amphetaminabh\u00e4ngigkeit aufgenommen. Es werden zun\u00e4chst allgemein spezifische Informationen und Hintergr\u00fcnde dieser Abh\u00e4ngigkeiten erarbeitet und folgend mit jedem Rehabilitanden individuell besprochen.<\/p>\n<\/div><\/div><\/section>\n<section class='av_tab_section av_tab_section av-av_tab-5cf64addb998f7c8b94bbe6cb62615a0'  itemscope=\"itemscope\" itemtype=\"https:\/\/schema.org\/CreativeWork\" ><div id='tab-id-5-tab' class='tab' role='tab' aria-selected=\"false\" tabindex=\"0\" data-fake-id='#tab-id-5' aria-controls='tab-id-5-content'  itemprop=\"headline\" >Medienkompetenztraining<\/div><div id='tab-id-5-content' class='tab_content' role='tabpanel' aria-labelledby='tab-id-5-tab' aria-hidden=\"true\"><div class='tab_inner_content invers-color'  itemprop=\"text\" ><p>Elektronische Medien sind aus unserer Gesellschaft nicht mehr wegzudenken: Smartphones, Tablets u. \u00e4. machen es m\u00f6glich Internetangebote von sozialen Netzwerken, Online-Handel, Informations- und Rechercheplattformen nahezu \u00fcberall zu nutzen. Gleichzeitig gibt es immer mehr Menschen, die sich abh\u00e4ngig von Medien (z. B. Computer- oder Onlinespiele) erleben.<\/p>\n<p>In diesem Training wird vermittelt, differenziert Nutzen, aber auch Risiken einer zunehmenden Digitalisierung der Lebenswelt zu betrachten und einen gesunden Umgang zu finden.<\/p>\n<\/div><\/div><\/section>\n<section class='av_tab_section av_tab_section av-av_tab-02c568425d269e96beb28cb3e7b3bcc2'  itemscope=\"itemscope\" itemtype=\"https:\/\/schema.org\/CreativeWork\" ><div id='tab-id-6-tab' class='tab' role='tab' aria-selected=\"false\" tabindex=\"0\" data-fake-id='#tab-id-6' aria-controls='tab-id-6-content'  itemprop=\"headline\" >Medizinische Informationsgruppe<\/div><div id='tab-id-6-content' class='tab_content' role='tabpanel' aria-labelledby='tab-id-6-tab' aria-hidden=\"true\"><div class='tab_inner_content invers-color'  itemprop=\"text\" ><p>In dieser Gruppe erhalten die Rehabilitanden Informationen \u00fcber die psychosozialen und k\u00f6rperlichen Sch\u00e4digungen des Alkohol- und Drogenkonsums, \u00fcber psychische und k\u00f6rperliche Erkrankungen (z. B. Hepatitis\/HIV), \u00fcber Wirkung und Nebenwirkung von Medikamenten.<\/p>\n<\/div><\/div><\/section>\n<section class='av_tab_section av_tab_section av-14qyw0-d8a8e564b5b3ea26754ebf3145f2fe34'  itemscope=\"itemscope\" itemtype=\"https:\/\/schema.org\/CreativeWork\" ><div id='tab-id-7-tab' class='tab' role='tab' aria-selected=\"false\" tabindex=\"0\" data-fake-id='#tab-id-7' aria-controls='tab-id-7-content'  itemprop=\"headline\" >Metakognitives Training<\/div><div id='tab-id-7-content' class='tab_content' role='tabpanel' aria-labelledby='tab-id-7-tab' aria-hidden=\"true\"><div class='tab_inner_content invers-color'  itemprop=\"text\" ><p>Metakognition bedeutet &#8222;\u00fcber das Denken nachzudenken&#8220;. Dazu geh\u00f6ren die F\u00e4higkeit, eigene Entscheidungen und Meinungen kritisch zu \u00fcberdenken sowie der Umgang mit dem Wissen \u00fcber grundlegende eigene kognitive Einschr\u00e4nkungen. Diese Gruppe richtet sich an Rehabilitanden mit Psychosen als Begleiterkrankungen, da diese oft Beeintr\u00e4chtigungen in unterschiedlichen Aspekten der Metakognition aufweisen (z. B. Neigung zu voreiligem Schlussfolgern, Beharrungstendenzen, Schwierigkeiten beim Einf\u00fchlen in andere Menschen).<\/p>\n<\/div><\/div><\/section>\n<section class='av_tab_section av_tab_section av-av_tab-fb821c038fac1b83f644c6b8184092a3'  itemscope=\"itemscope\" itemtype=\"https:\/\/schema.org\/CreativeWork\" ><div id='tab-id-8-tab' class='tab' role='tab' aria-selected=\"false\" tabindex=\"0\" data-fake-id='#tab-id-8' aria-controls='tab-id-8-content'  itemprop=\"headline\" >Raucherentw\u00f6hnung<\/div><div id='tab-id-8-content' class='tab_content' role='tabpanel' aria-labelledby='tab-id-8-tab' aria-hidden=\"true\"><div class='tab_inner_content invers-color'  itemprop=\"text\" ><p>Raucherentw\u00f6hnung wird angelehnt an das Programm Rauchfrei des IFT in M\u00fcnchen in 6 Modulen durchgef\u00fchrt. Rehabilitanden, die ein Interesse daran haben mit dem Rauchen aufzuh\u00f6ren, lernen die Funktionalit\u00e4t ihres Konsums kennen und werden \u00fcber Analysen, Informationen und Motivierungsstrategien auf den Ausstieg vorbereitet. Nach dem Stopptag wird die Nichtraucheridentit\u00e4t gest\u00e4rkt und ggf. R\u00fcckf\u00e4lle aufgearbeitet.<\/p>\n<\/div><\/div><\/section>\n<section class='av_tab_section av_tab_section av-oewd4-9e6407d1866978a3472a5706788b8559'  itemscope=\"itemscope\" itemtype=\"https:\/\/schema.org\/CreativeWork\" ><div id='tab-id-9-tab' class='tab' role='tab' aria-selected=\"false\" tabindex=\"0\" data-fake-id='#tab-id-9' aria-controls='tab-id-9-content'  itemprop=\"headline\" >R\u00fcckfallprophylaxe<\/div><div id='tab-id-9-content' class='tab_content' role='tabpanel' aria-labelledby='tab-id-9-tab' aria-hidden=\"true\"><div class='tab_inner_content invers-color'  itemprop=\"text\" ><p>So sehr wir uns auch nach erfolgreicher Therapie eine lebenslange Abstinenz w\u00fcnschen, m\u00fcssen wir realistisch betrachtet auch auf einen m\u00f6glichen R\u00fcckfall vorbereitet sein. Sie erlernen in dieser Gruppe in erster Linie, was Sie tun k\u00f6nnen, um einen R\u00fcckfall zu verhindern. Dar\u00fcber hinaus setzen wir uns aber auch damit auseinander, was Sie tun k\u00f6nnen, wenn es doch zu einem R\u00fcckfall gekommen ist.<\/p>\n<\/div><\/div><\/section>\n<section class='av_tab_section av_tab_section av-2dky8-8bdd13b14739c59628b663281e93d8b3'  itemscope=\"itemscope\" itemtype=\"https:\/\/schema.org\/CreativeWork\" ><div id='tab-id-10-tab' class='tab' role='tab' aria-selected=\"false\" tabindex=\"0\" data-fake-id='#tab-id-10' aria-controls='tab-id-10-content'  itemprop=\"headline\" >Sicherheit finden<\/div><div id='tab-id-10-content' class='tab_content' role='tabpanel' aria-labelledby='tab-id-10-tab' aria-hidden=\"true\"><div class='tab_inner_content invers-color'  itemprop=\"text\" ><p>Die Gruppe \u201eSicherheit finden\u201d ist ein Angebot f\u00fcr Rehabilitanden, deren Abh\u00e4ngigkeit als Bestandteil einer komplexen Traumafolgest\u00f6rung nach lang anhaltenden Traumatisierungen im Kindheits- und Jugendalter einzuordnen ist. Im Rahmen der Gruppe werden die individuellen Traumatisierungen nicht im Detail besprochen und durchgearbeitet. Ziel der Gruppe ist es, die Folgen dieser Erfahrungen besser zu verstehen und \u201esichere Bew\u00e4ltigungsstrategien\u201d zu erlernen, die es erm\u00f6glichen, auf Substanzkonsum und andere \u201eunsichere\u201d Verhaltensweisen zu verzichten.<\/p>\n<\/div><\/div><\/section>\n<section class='av_tab_section av_tab_section av-av_tab-c76e6be6c7f12ffaf19a9f3aa6467372'  itemscope=\"itemscope\" itemtype=\"https:\/\/schema.org\/CreativeWork\" ><div id='tab-id-11-tab' class='tab' role='tab' aria-selected=\"false\" tabindex=\"0\" data-fake-id='#tab-id-11' aria-controls='tab-id-11-content'  itemprop=\"headline\" >Soziales Kompetenztraining<\/div><div id='tab-id-11-content' class='tab_content' role='tabpanel' aria-labelledby='tab-id-11-tab' aria-hidden=\"true\"><div class='tab_inner_content invers-color'  itemprop=\"text\" ><p>Diese Gruppe richtet sich an Rehabilitanden, die ihre Bed\u00fcrfnisse nicht benennen bzw. durchsetzen k\u00f6nnen, h\u00e4ufig sehr zur\u00fcckhaltend in der sozialen Interaktion sind, die ihre Grenzen nicht halten k\u00f6nnen und teilweise ausgenutzt werden und an Rehabilitanden, die ihre W\u00fcnsche und Bed\u00fcrfnisse nur mit Aggression benennen und durchsetzen k\u00f6nnen und die dadurch Schwierigkeiten erfahren, da sie Grenzen anderer meist deutlich \u00fcberschreiten. Das Training soll ein Zusammenschluss aus Wissensvermittlung, Erfahrungsaustausch und praktischen \u00dcbungen sein, um die M\u00f6glichkeit zu geben, neue \u201esoziale Verhaltensweisen\u201c kennen zu lernen und in ersten Ans\u00e4tzen zu erproben.<\/p>\n<\/div><\/div><\/section>\n<section class='av_tab_section av_tab_section av-av_tab-680b6cda1147a5be74a4edafb51b1da3'  itemscope=\"itemscope\" itemtype=\"https:\/\/schema.org\/CreativeWork\" ><div id='tab-id-12-tab' class='tab' role='tab' aria-selected=\"false\" tabindex=\"0\" data-fake-id='#tab-id-12' aria-controls='tab-id-12-content'  itemprop=\"headline\" >Suchtinformation<\/div><div id='tab-id-12-content' class='tab_content' role='tabpanel' aria-labelledby='tab-id-12-tab' aria-hidden=\"true\"><div class='tab_inner_content invers-color'  itemprop=\"text\" ><p>Inhalt der psychoedukativen Gruppe ist die Vermittlung von Informationen zur Krankheitsentstehung, zur Aufrechterhaltung, zum Verlauf, zu Behandlungsans\u00e4tzen und zu R\u00fcckfallrisiken. Ziel dieser umfassenden Information und Aufkl\u00e4rung ist es, Betroffene in die Lage zu versetzen, selbstverantwortlicher mit ihrer Erkrankung umzugehen. Grunds\u00e4tzlich nehmen unsere Rehabilitanden zu Beginn der Behandlung teil, um ein Basiswissen aufzubauen.<\/p>\n<\/div><\/div><\/section>\n<\/div><br \/>\n\n<style type=\"text\/css\" data-created_by=\"avia_inline_auto\" id=\"style-css-av-ddqiw-398339eb59715fbef96ba64bec252452\">\n#top .hr.hr-invisible.av-ddqiw-398339eb59715fbef96ba64bec252452{\nheight:50px;\n}\n<\/style>\n<div  class='hr av-ddqiw-398339eb59715fbef96ba64bec252452 hr-invisible  avia-builder-el-8  el_after_av_tab_container  el_before_av_button '><span class='hr-inner '><span class=\"hr-inner-style\"><\/span><\/span><\/div><br \/>\n<div  class='avia-button-wrap av-aexm8-8b741f91fdbf86a87ac20eda1fb9b25d-wrap avia-button-right  avia-builder-el-9  el_after_av_hr  avia-builder-el-last '><a href='https:\/\/www.vfg-bonn.de\/fachklinik\/arbeits-ergotherapie\/'  class='avia-button av-aexm8-8b741f91fdbf86a87ac20eda1fb9b25d av-link-btn avia-icon_select-yes-right-icon avia-size-medium avia-position-right avia-color-theme-color'   aria-label=\"Arbeits- und Ergotherapie\u2026\"><span class='avia_iconbox_title' >Arbeits- und Ergotherapie\u2026<\/span><span class='avia_button_icon avia_button_icon_right avia-iconfont avia-font-entypo-fontello' data-av_icon='\ue832' data-av_iconfont='entypo-fontello' ><\/span><\/a><\/div><\/p><\/div><\/div><!--close column table wrapper. Autoclose: 1 -->\n","protected":false},"excerpt":{"rendered":"","protected":false},"author":1,"featured_media":0,"parent":0,"menu_order":0,"comment_status":"closed","ping_status":"closed","template":"","meta":{"inline_featured_image":false,"footnotes":""},"class_list":["post-912","page","type-page","status-publish","hentry"],"_links":{"self":[{"href":"https:\/\/www.vfg-bonn.de\/fachklinik\/wp-json\/wp\/v2\/pages\/912","targetHints":{"allow":["GET"]}}],"collection":[{"href":"https:\/\/www.vfg-bonn.de\/fachklinik\/wp-json\/wp\/v2\/pages"}],"about":[{"href":"https:\/\/www.vfg-bonn.de\/fachklinik\/wp-json\/wp\/v2\/types\/page"}],"author":[{"embeddable":true,"href":"https:\/\/www.vfg-bonn.de\/fachklinik\/wp-json\/wp\/v2\/users\/1"}],"replies":[{"embeddable":true,"href":"https:\/\/www.vfg-bonn.de\/fachklinik\/wp-json\/wp\/v2\/comments?post=912"}],"version-history":[{"count":9,"href":"https:\/\/www.vfg-bonn.de\/fachklinik\/wp-json\/wp\/v2\/pages\/912\/revisions"}],"predecessor-version":[{"id":4065,"href":"https:\/\/www.vfg-bonn.de\/fachklinik\/wp-json\/wp\/v2\/pages\/912\/revisions\/4065"}],"wp:attachment":[{"href":"https:\/\/www.vfg-bonn.de\/fachklinik\/wp-json\/wp\/v2\/media?parent=912"}],"curies":[{"name":"wp","href":"https:\/\/api.w.org\/{rel}","templated":true}]}}