{"id":816,"date":"2015-07-06T12:14:48","date_gmt":"2015-07-06T10:14:48","guid":{"rendered":"http:\/\/www.vfg-bonn.de\/wp-fkm\/?page_id=816"},"modified":"2021-01-22T11:06:30","modified_gmt":"2021-01-22T10:06:30","slug":"arbeits-ergotherapie","status":"publish","type":"page","link":"https:\/\/www.vfg-bonn.de\/fachklinik\/arbeits-ergotherapie\/","title":{"rendered":"Arbeits Ergotherapie"},"content":{"rendered":"\n<style type=\"text\/css\" data-created_by=\"avia_inline_auto\" id=\"style-css-av-46ip5s-b000861a1f8ab2b2a64c0126c68b28fd\">\n.avia-section.av-46ip5s-b000861a1f8ab2b2a64c0126c68b28fd .av-parallax .av-parallax-inner{\nbackground-repeat:no-repeat;\nbackground-image:url(https:\/\/www.vfg-bonn.de\/fachklinik\/wp-content\/uploads\/DSC6427.jpg);\nbackground-position:50% 100%;\nbackground-attachment:scroll;\n}\n<\/style>\n<div id='av_section_1'  class='avia-section av-46ip5s-b000861a1f8ab2b2a64c0126c68b28fd main_color avia-section-large avia-no-shadow  avia-builder-el-0  el_before_av_section  avia-builder-el-first  spezialueberschrift avia-full-stretch av-parallax-section avia-bg-style-parallax av-minimum-height av-minimum-height-50 av-height-50  container_wrap fullsize'  data-section-bg-repeat='stretch' data-av_minimum_height_pc='50' data-av_min_height_opt='50'><div class='av-parallax' data-avia-parallax-ratio='0.3' ><div class='av-parallax-inner main_color avia-full-stretch'><\/div><\/div><div class='container av-section-cont-open' ><main  role=\"main\" itemprop=\"mainContentOfPage\"  class='template-page content  av-content-full alpha units'><div class='post-entry post-entry-type-page post-entry-816'><div class='entry-content-wrapper clearfix'>\n\n<style type=\"text\/css\" data-created_by=\"avia_inline_auto\" id=\"style-css-av-43n9e8-6b83e200b92be8f36bb2e0881232c177\">\n#top .av-special-heading.av-43n9e8-6b83e200b92be8f36bb2e0881232c177{\npadding-bottom:0;\ncolor:#e3000b;\nfont-size:40px;\n}\nbody .av-special-heading.av-43n9e8-6b83e200b92be8f36bb2e0881232c177 .av-special-heading-tag .heading-char{\nfont-size:25px;\n}\n#top #wrap_all .av-special-heading.av-43n9e8-6b83e200b92be8f36bb2e0881232c177 .av-special-heading-tag{\nfont-size:40px;\n}\n.av-special-heading.av-43n9e8-6b83e200b92be8f36bb2e0881232c177 .special-heading-inner-border{\nborder-color:#e3000b;\n}\n.av-special-heading.av-43n9e8-6b83e200b92be8f36bb2e0881232c177 .av-subheading{\nfont-size:15px;\n}\n\n@media only screen and (min-width: 480px) and (max-width: 767px){ \n#top #wrap_all .av-special-heading.av-43n9e8-6b83e200b92be8f36bb2e0881232c177 .av-special-heading-tag{\nfont-size:0.8em;\n}\n}\n\n@media only screen and (max-width: 479px){ \n#top #wrap_all .av-special-heading.av-43n9e8-6b83e200b92be8f36bb2e0881232c177 .av-special-heading-tag{\nfont-size:0.8em;\n}\n}\n<\/style>\n<div  class='av-special-heading av-43n9e8-6b83e200b92be8f36bb2e0881232c177 av-special-heading-h3 custom-color-heading blockquote modern-quote  avia-builder-el-1  el_before_av_hr  avia-builder-el-first  av-inherit-size'><h3 class='av-special-heading-tag '  itemprop=\"headline\"  >Arbeits- \/ Ergotherapie<\/h3><div class=\"special-heading-border\"><div class=\"special-heading-inner-border\"><\/div><\/div><\/div>\n\n<style type=\"text\/css\" data-created_by=\"avia_inline_auto\" id=\"style-css-av-3wbiso-67ae0f5f15660c78285db111527bbee5\">\n#top .hr.av-3wbiso-67ae0f5f15660c78285db111527bbee5{\nmargin-top:30px;\nmargin-bottom:30px;\n}\n.hr.av-3wbiso-67ae0f5f15660c78285db111527bbee5 .hr-inner{\nwidth:20%;\nborder-color:#e3000b;\nmax-width:45%;\n}\n.hr.av-3wbiso-67ae0f5f15660c78285db111527bbee5 .av-seperator-icon{\ncolor:#e3000b;\n}\n.hr.av-3wbiso-67ae0f5f15660c78285db111527bbee5 .av-seperator-icon.avia-svg-icon svg:first-child{\nfill:#e3000b;\nstroke:#e3000b;\n}\n<\/style>\n<div  class='hr av-3wbiso-67ae0f5f15660c78285db111527bbee5 hr-custom  avia-builder-el-2  el_after_av_heading  avia-builder-el-last  hr-left hr-icon-yes'><span class='hr-inner inner-border-av-border-thin'><span class=\"hr-inner-style\"><\/span><\/span><span class='av-seperator-icon avia-iconfont avia-font-entypo-fontello' data-av_icon='\ue8bf' data-av_iconfont='entypo-fontello' ><\/span><span class='hr-inner inner-border-av-border-thin'><span class=\"hr-inner-style\"><\/span><\/span><\/div>\n\n<\/div><\/div><\/main><!-- close content main element --><\/div><\/div><div id='av_section_2'  class='avia-section av-3skyns-2790626461dfbcde40092a399f726d79 main_color avia-section-default avia-no-shadow  avia-builder-el-3  el_after_av_section  el_before_av_one_full  avia-bg-style-scroll container_wrap fullsize'  ><div class='container av-section-cont-open' ><div class='template-page content  av-content-full alpha units'><div class='post-entry post-entry-type-page post-entry-816'><div class='entry-content-wrapper clearfix'>\n\n<style type=\"text\/css\" data-created_by=\"avia_inline_auto\" id=\"style-css-av-co9s8-628f51549161052861ba941e733dbcee\">\n#top .flex_column.av-co9s8-628f51549161052861ba941e733dbcee{\nmargin-top:-90px;\nmargin-bottom:0px;\n}\n.flex_column.av-co9s8-628f51549161052861ba941e733dbcee{\nborder-radius:0px 0px 0px 0px;\npadding:30px 30px 30px 30px;\nbackground-color:#ffffff;\n}\n.responsive #top #wrap_all .flex_column.av-co9s8-628f51549161052861ba941e733dbcee{\nmargin-top:-90px;\nmargin-bottom:0px;\n}\n<\/style>\n<div  class='flex_column av-co9s8-628f51549161052861ba941e733dbcee av_one_full  avia-builder-el-4  el_before_av_two_third  avia-builder-el-first  first flex_column_div  '     ><section  class='av_textblock_section av-3fz8k0-cc1c9034f0d9b6d49587e7a6ef4ff71d '   itemscope=\"itemscope\" itemtype=\"https:\/\/schema.org\/CreativeWork\" ><div class='avia_textblock'  itemprop=\"text\" ><p>Fit f\u00fcr den Arbeitsmarkt &#8211; die berufliche Integration ist ein wesentlicher Bestandteil der Rehabilitation in unserer Fachklinik. Ob es um den Erwerb oder die Auffrischung von Grundarbeitsf\u00e4higkeiten wie Motivation, P\u00fcnktlichkeit oder Teamf\u00e4higkeit, den Erwerb von lebenspraktischen F\u00e4higkeiten oder eine berufliche Orientierung geht, unsere Arbeits- und Ergotherapeuten stehen mit Rat und Tat an der Seite unserer Rehabilitanden.<\/p>\n<p>Die Arbeits-\/Ergotherapie findet in unserer Klinik in folgenden Bereichen statt:<\/p>\n<\/div><\/section><\/div><div class='flex_column_table av-36qpvk-4b5bfc2ce1ccf6cdcffaed5254dcd6a0 sc-av_two_third av-equal-height-column-flextable'>\n<style type=\"text\/css\" data-created_by=\"avia_inline_auto\" id=\"style-css-av-36qpvk-4b5bfc2ce1ccf6cdcffaed5254dcd6a0\">\n.flex_column.av-36qpvk-4b5bfc2ce1ccf6cdcffaed5254dcd6a0{\nborder-radius:0px 0px 0px 0px;\npadding:30px 30px 30px 30px;\nbackground-color:#ffffff;\n}\n<\/style>\n<div  class='flex_column av-36qpvk-4b5bfc2ce1ccf6cdcffaed5254dcd6a0 av_two_third  avia-builder-el-6  el_after_av_one_full  el_before_av_one_third  first no_margin flex_column_table_cell av-equal-height-column av-align-top  column-top-margin'     ><section  class='av_textblock_section av-30umug-94c787441f1db8c0c6ef265443743f15 '   itemscope=\"itemscope\" itemtype=\"https:\/\/schema.org\/CreativeWork\" ><div class='avia_textblock'  itemprop=\"text\" ><div><strong>Schreinerei<\/strong><br \/>\nDie Fachklinik verf\u00fcgt \u00fcber eine professionell ausgestattete Schreinerei mit angeschlossener Fahrradwerkstatt auf dem Klinikgel\u00e4nde. Hier sind alle Voraussetzungen f\u00fcr Arbeiten mit Holz und Metall vorhanden. In diesem Bereich werden grundlegende handwerkliche Fertigkeiten vermittelt und geschult.<\/div>\n<\/div><\/section><\/div>\n<style type=\"text\/css\" data-created_by=\"avia_inline_auto\" id=\"style-css-av-2uy88o-6837d61a916ed26bff555e01c18179fc\">\n.flex_column.av-2uy88o-6837d61a916ed26bff555e01c18179fc{\nborder-radius:0px 0px 0px 0px;\npadding:30px 30px 30px 30px;\nbackground-color:#ffffff;\n}\n<\/style>\n<div  class='flex_column av-2uy88o-6837d61a916ed26bff555e01c18179fc av_one_third  avia-builder-el-8  el_after_av_two_third  el_before_av_one_third  no_margin flex_column_table_cell av-equal-height-column av-align-top  column-top-margin'     ><style type=\"text\/css\" data-created_by=\"avia_inline_auto\" id=\"style-css-av-9ob7k-8b4be788a1399b9850396e737b55afb7\">\n.avia-image-container.av-9ob7k-8b4be788a1399b9850396e737b55afb7 img.avia_image{\nbox-shadow:none;\n}\n.avia-image-container.av-9ob7k-8b4be788a1399b9850396e737b55afb7 .av-image-caption-overlay-center{\ncolor:#ffffff;\n}\n<\/style>\n<div  class='avia-image-container av-9ob7k-8b4be788a1399b9850396e737b55afb7 av-styling- av-img-linked avia_animated_image av-animated-when-visible-95 right-to-left avia-align-center  avia-builder-el-9  avia-builder-el-no-sibling '   itemprop=\"image\" itemscope=\"itemscope\" itemtype=\"https:\/\/schema.org\/ImageObject\" ><div class=\"avia-image-container-inner\"><div class=\"avia-image-overlay-wrap\"><a href=\"https:\/\/www.vfg-bonn.de\/fachklinik\/wp-content\/uploads\/Arbeits-Ergotherapie.jpg\" data-srcset=\"https:\/\/www.vfg-bonn.de\/fachklinik\/wp-content\/uploads\/Arbeits-Ergotherapie.jpg 800w, https:\/\/www.vfg-bonn.de\/fachklinik\/wp-content\/uploads\/Arbeits-Ergotherapie-450x310.jpg 450w, https:\/\/www.vfg-bonn.de\/fachklinik\/wp-content\/uploads\/Arbeits-Ergotherapie-768x529.jpg 768w, https:\/\/www.vfg-bonn.de\/fachklinik\/wp-content\/uploads\/Arbeits-Ergotherapie-705x486.jpg 705w\" data-sizes=\"(max-width: 800px) 100vw, 800px\" class='avia_image '  aria-label='Arbeits-Ergotherapie'><img decoding=\"async\" fetchpriority=\"high\" class='wp-image-2000 avia-img-lazy-loading-not-2000 avia_image ' src=\"https:\/\/www.vfg-bonn.de\/fachklinik\/wp-content\/uploads\/Arbeits-Ergotherapie-450x310.jpg\" alt='' title='Arbeits-Ergotherapie'  height=\"310\" width=\"450\"  itemprop=\"thumbnailUrl\" srcset=\"https:\/\/www.vfg-bonn.de\/fachklinik\/wp-content\/uploads\/Arbeits-Ergotherapie-450x310.jpg 450w, https:\/\/www.vfg-bonn.de\/fachklinik\/wp-content\/uploads\/Arbeits-Ergotherapie-768x529.jpg 768w, https:\/\/www.vfg-bonn.de\/fachklinik\/wp-content\/uploads\/Arbeits-Ergotherapie-705x486.jpg 705w, https:\/\/www.vfg-bonn.de\/fachklinik\/wp-content\/uploads\/Arbeits-Ergotherapie.jpg 800w\" sizes=\"(max-width: 450px) 100vw, 450px\" \/><\/a><\/div><\/div><\/div><\/div><\/div><!--close column table wrapper. Autoclose: 1 --><div class='flex_column_table av-2ltaf4-62f9fe7e9e6c24173442e38e0d73794a sc-av_one_third av-equal-height-column-flextable'>\n<style type=\"text\/css\" data-created_by=\"avia_inline_auto\" id=\"style-css-av-2ltaf4-62f9fe7e9e6c24173442e38e0d73794a\">\n.flex_column.av-2ltaf4-62f9fe7e9e6c24173442e38e0d73794a{\nborder-radius:0px 0px 0px 0px;\npadding:30px 30px 30px 30px;\nbackground-color:#ffffff;\n}\n<\/style>\n<div  class='flex_column av-2ltaf4-62f9fe7e9e6c24173442e38e0d73794a av_one_third  avia-builder-el-10  el_after_av_one_third  el_before_av_two_third  first no_margin flex_column_table_cell av-equal-height-column av-align-top  column-top-margin'     ><style type=\"text\/css\" data-created_by=\"avia_inline_auto\" id=\"style-css-av-2dfhg8-3f85d1ceffee5742532d2ed657ed52fa\">\n.avia-image-container.av-2dfhg8-3f85d1ceffee5742532d2ed657ed52fa img.avia_image{\nbox-shadow:none;\n}\n.avia-image-container.av-2dfhg8-3f85d1ceffee5742532d2ed657ed52fa .av-image-caption-overlay-center{\ncolor:#ffffff;\n}\n<\/style>\n<div  class='avia-image-container av-2dfhg8-3f85d1ceffee5742532d2ed657ed52fa av-styling- av-img-linked avia_animated_image av-animated-when-visible-95 left-to-right avia-align-center  avia-builder-el-11  avia-builder-el-no-sibling '   itemprop=\"image\" itemscope=\"itemscope\" itemtype=\"https:\/\/schema.org\/ImageObject\" ><div class=\"avia-image-container-inner\"><div class=\"avia-image-overlay-wrap\"><a href=\"https:\/\/www.vfg-bonn.de\/fachklinik\/wp-content\/uploads\/DSC6807-Garten.jpg\" data-srcset=\"https:\/\/www.vfg-bonn.de\/fachklinik\/wp-content\/uploads\/DSC6807-Garten.jpg 800w, https:\/\/www.vfg-bonn.de\/fachklinik\/wp-content\/uploads\/DSC6807-Garten-450x325.jpg 450w, https:\/\/www.vfg-bonn.de\/fachklinik\/wp-content\/uploads\/DSC6807-Garten-768x555.jpg 768w, https:\/\/www.vfg-bonn.de\/fachklinik\/wp-content\/uploads\/DSC6807-Garten-705x509.jpg 705w\" data-sizes=\"(max-width: 800px) 100vw, 800px\" class='avia_image '  aria-label='DSC6807-Garten'><img decoding=\"async\" fetchpriority=\"high\" class='wp-image-1975 avia-img-lazy-loading-not-1975 avia_image ' src=\"https:\/\/www.vfg-bonn.de\/fachklinik\/wp-content\/uploads\/DSC6807-Garten.jpg\" alt='' title='DSC6807-Garten'  height=\"578\" width=\"800\"  itemprop=\"thumbnailUrl\" srcset=\"https:\/\/www.vfg-bonn.de\/fachklinik\/wp-content\/uploads\/DSC6807-Garten.jpg 800w, https:\/\/www.vfg-bonn.de\/fachklinik\/wp-content\/uploads\/DSC6807-Garten-450x325.jpg 450w, https:\/\/www.vfg-bonn.de\/fachklinik\/wp-content\/uploads\/DSC6807-Garten-768x555.jpg 768w, https:\/\/www.vfg-bonn.de\/fachklinik\/wp-content\/uploads\/DSC6807-Garten-705x509.jpg 705w\" sizes=\"(max-width: 800px) 100vw, 800px\" \/><\/a><\/div><\/div><\/div><\/div>\n<style type=\"text\/css\" data-created_by=\"avia_inline_auto\" id=\"style-css-av-282ths-1b883903e49fc00efdb05feac3a8670e\">\n.flex_column.av-282ths-1b883903e49fc00efdb05feac3a8670e{\nborder-radius:0px 0px 0px 0px;\npadding:30px 30px 30px 30px;\nbackground-color:#ffffff;\n}\n<\/style>\n<div  class='flex_column av-282ths-1b883903e49fc00efdb05feac3a8670e av_two_third  avia-builder-el-12  el_after_av_one_third  el_before_av_two_third  no_margin flex_column_table_cell av-equal-height-column av-align-top  column-top-margin'     ><section  class='av_textblock_section av-22g2vs-4dfed2d3b850202c39247afa2686f9fb '   itemscope=\"itemscope\" itemtype=\"https:\/\/schema.org\/CreativeWork\" ><div class='avia_textblock'  itemprop=\"text\" ><div>\n<div><strong>Garten- und Landschaftsbau<\/strong><br \/>\nDer Gartenbereich der Fachklinik besteht aus einem Zier- und einem Nutzgarten. Im Ziergarten werden einheimische und Pflanzen aus anderen Vegetationszonen kultiviert. Im Nutzgarten werden sowohl im Au\u00dfenbereich als auch in einem gro\u00dfen Gew\u00e4chshaus Obst und Gem\u00fcse angebaut. Am Gew\u00e4chshaus befindet sich auch der H\u00fchnerstall. In diesem Bereich werden Grundkenntnisse der Pflanzen- und Bodenkunde vermittelt, Wissen \u00fcber den Nahrungskreislauf geschult und praktische F\u00e4higkeiten trainiert.<\/div>\n<\/div>\n<\/div><\/section><\/div><\/div><!--close column table wrapper. Autoclose: 1 --><div class='flex_column_table av-1ww3t4-55c90e7bb18b28c94aeed94c13a65b4c sc-av_two_third av-equal-height-column-flextable'>\n<style type=\"text\/css\" data-created_by=\"avia_inline_auto\" id=\"style-css-av-1ww3t4-55c90e7bb18b28c94aeed94c13a65b4c\">\n.flex_column.av-1ww3t4-55c90e7bb18b28c94aeed94c13a65b4c{\nborder-radius:0px 0px 0px 0px;\npadding:30px 30px 30px 30px;\nbackground-color:#ffffff;\n}\n<\/style>\n<div  class='flex_column av-1ww3t4-55c90e7bb18b28c94aeed94c13a65b4c av_two_third  avia-builder-el-14  el_after_av_two_third  el_before_av_one_third  first no_margin flex_column_table_cell av-equal-height-column av-align-top  column-top-margin'     ><section  class='av_textblock_section av-1ot9wg-b609a23cf2bf6fbd784079e8cf66914a '   itemscope=\"itemscope\" itemtype=\"https:\/\/schema.org\/CreativeWork\" ><div class='avia_textblock'  itemprop=\"text\" ><div>\n<div>\n<div><strong>Hausservice<\/strong><br \/>\nZum Bereich Hausservice geh\u00f6rt eine professionell ausgestattete Lehrk\u00fcche, in der die Rehabilitanden unter Anleitung Mahlzeiten zubereiten. Weiterhin geh\u00f6ren zu diesem Bereich die Hausreinigung und die W\u00e4scherei. In diesem Bereich werden grundlegende Kenntnisse \u00fcber Zusammensetzung und Zubereitung einer vollwertigen Ern\u00e4hrung sowie lebenspraktische F\u00e4higkeiten der Haushaltsf\u00fchrung vermittelt.<\/div>\n<\/div>\n<\/div>\n<\/div><\/section><\/div>\n<style type=\"text\/css\" data-created_by=\"avia_inline_auto\" id=\"style-css-av-1l3vfk-0f236c5d91b74f8d04424e8cb2b86f12\">\n.flex_column.av-1l3vfk-0f236c5d91b74f8d04424e8cb2b86f12{\nborder-radius:0px 0px 0px 0px;\npadding:30px 30px 30px 30px;\nbackground-color:#ffffff;\n}\n<\/style>\n<div  class='flex_column av-1l3vfk-0f236c5d91b74f8d04424e8cb2b86f12 av_one_third  avia-builder-el-16  el_after_av_two_third  el_before_av_one_third  no_margin flex_column_table_cell av-equal-height-column av-align-top  column-top-margin'     ><style type=\"text\/css\" data-created_by=\"avia_inline_auto\" id=\"style-css-av-56vhc-b14687186c42f5c7c6cba5ca5e4970c9\">\n.avia-image-container.av-56vhc-b14687186c42f5c7c6cba5ca5e4970c9 img.avia_image{\nbox-shadow:none;\n}\n.avia-image-container.av-56vhc-b14687186c42f5c7c6cba5ca5e4970c9 .av-image-caption-overlay-center{\ncolor:#ffffff;\n}\n<\/style>\n<div  class='avia-image-container av-56vhc-b14687186c42f5c7c6cba5ca5e4970c9 av-styling- av-img-linked avia_animated_image av-animated-when-visible-95 right-to-left avia-align-center  avia-builder-el-17  avia-builder-el-no-sibling '   itemprop=\"image\" itemscope=\"itemscope\" itemtype=\"https:\/\/schema.org\/ImageObject\" ><div class=\"avia-image-container-inner\"><div class=\"avia-image-overlay-wrap\"><a href=\"https:\/\/www.vfg-bonn.de\/fachklinik\/wp-content\/uploads\/DSC5292-Hauswirtschaft.jpg\" data-srcset=\"https:\/\/www.vfg-bonn.de\/fachklinik\/wp-content\/uploads\/DSC5292-Hauswirtschaft.jpg 800w, https:\/\/www.vfg-bonn.de\/fachklinik\/wp-content\/uploads\/DSC5292-Hauswirtschaft-450x325.jpg 450w, https:\/\/www.vfg-bonn.de\/fachklinik\/wp-content\/uploads\/DSC5292-Hauswirtschaft-768x555.jpg 768w, https:\/\/www.vfg-bonn.de\/fachklinik\/wp-content\/uploads\/DSC5292-Hauswirtschaft-705x509.jpg 705w\" data-sizes=\"(max-width: 800px) 100vw, 800px\" class='avia_image '  aria-label='DSC5292-Hauswirtschaft'><img decoding=\"async\" fetchpriority=\"high\" class='wp-image-1976 avia-img-lazy-loading-not-1976 avia_image ' src=\"https:\/\/www.vfg-bonn.de\/fachklinik\/wp-content\/uploads\/DSC5292-Hauswirtschaft.jpg\" alt='' title='DSC5292-Hauswirtschaft'  height=\"578\" width=\"800\"  itemprop=\"thumbnailUrl\" srcset=\"https:\/\/www.vfg-bonn.de\/fachklinik\/wp-content\/uploads\/DSC5292-Hauswirtschaft.jpg 800w, https:\/\/www.vfg-bonn.de\/fachklinik\/wp-content\/uploads\/DSC5292-Hauswirtschaft-450x325.jpg 450w, https:\/\/www.vfg-bonn.de\/fachklinik\/wp-content\/uploads\/DSC5292-Hauswirtschaft-768x555.jpg 768w, https:\/\/www.vfg-bonn.de\/fachklinik\/wp-content\/uploads\/DSC5292-Hauswirtschaft-705x509.jpg 705w\" sizes=\"(max-width: 800px) 100vw, 800px\" \/><\/a><\/div><\/div><\/div><\/div><\/div><!--close column table wrapper. Autoclose: 1 --><div class='flex_column_table av-19dzxk-cc728163c4d1e025ed9393e8cdb09f7d sc-av_one_third av-equal-height-column-flextable'>\n<style type=\"text\/css\" data-created_by=\"avia_inline_auto\" id=\"style-css-av-19dzxk-cc728163c4d1e025ed9393e8cdb09f7d\">\n.flex_column.av-19dzxk-cc728163c4d1e025ed9393e8cdb09f7d{\nborder-radius:0px 0px 0px 0px;\npadding:30px 30px 30px 30px;\nbackground-color:#ffffff;\n}\n<\/style>\n<div  class='flex_column av-19dzxk-cc728163c4d1e025ed9393e8cdb09f7d av_one_third  avia-builder-el-18  el_after_av_one_third  el_before_av_two_third  first no_margin flex_column_table_cell av-equal-height-column av-align-top  column-top-margin'     ><style type=\"text\/css\" data-created_by=\"avia_inline_auto\" id=\"style-css-av-117zts-5437e2d2b0998707dc7fc7dd017cd097\">\n.avia-image-container.av-117zts-5437e2d2b0998707dc7fc7dd017cd097 img.avia_image{\nbox-shadow:none;\n}\n.avia-image-container.av-117zts-5437e2d2b0998707dc7fc7dd017cd097 .av-image-caption-overlay-center{\ncolor:#ffffff;\n}\n<\/style>\n<div  class='avia-image-container av-117zts-5437e2d2b0998707dc7fc7dd017cd097 av-styling- av-img-linked avia_animated_image av-animated-when-visible-95 left-to-right avia-align-center  avia-builder-el-19  avia-builder-el-no-sibling '   itemprop=\"image\" itemscope=\"itemscope\" itemtype=\"https:\/\/schema.org\/ImageObject\" ><div class=\"avia-image-container-inner\"><div class=\"avia-image-overlay-wrap\"><a href=\"https:\/\/www.vfg-bonn.de\/fachklinik\/wp-content\/uploads\/Buerokommunikation.jpg\" data-srcset=\"https:\/\/www.vfg-bonn.de\/fachklinik\/wp-content\/uploads\/Buerokommunikation.jpg 800w, https:\/\/www.vfg-bonn.de\/fachklinik\/wp-content\/uploads\/Buerokommunikation-450x325.jpg 450w, https:\/\/www.vfg-bonn.de\/fachklinik\/wp-content\/uploads\/Buerokommunikation-768x555.jpg 768w, https:\/\/www.vfg-bonn.de\/fachklinik\/wp-content\/uploads\/Buerokommunikation-705x509.jpg 705w\" data-sizes=\"(max-width: 800px) 100vw, 800px\" class='avia_image '  aria-label='Buerokommunikation'><img decoding=\"async\" fetchpriority=\"high\" class='wp-image-2002 avia-img-lazy-loading-not-2002 avia_image ' src=\"https:\/\/www.vfg-bonn.de\/fachklinik\/wp-content\/uploads\/Buerokommunikation-450x325.jpg\" alt='' title='Buerokommunikation'  height=\"325\" width=\"450\"  itemprop=\"thumbnailUrl\" srcset=\"https:\/\/www.vfg-bonn.de\/fachklinik\/wp-content\/uploads\/Buerokommunikation-450x325.jpg 450w, https:\/\/www.vfg-bonn.de\/fachklinik\/wp-content\/uploads\/Buerokommunikation-768x555.jpg 768w, https:\/\/www.vfg-bonn.de\/fachklinik\/wp-content\/uploads\/Buerokommunikation-705x509.jpg 705w, https:\/\/www.vfg-bonn.de\/fachklinik\/wp-content\/uploads\/Buerokommunikation.jpg 800w\" sizes=\"(max-width: 450px) 100vw, 450px\" \/><\/a><\/div><\/div><\/div><\/div>\n<style type=\"text\/css\" data-created_by=\"avia_inline_auto\" id=\"style-css-av-xufa8-ea963552c1f61708efa10bd51bae8b06\">\n.flex_column.av-xufa8-ea963552c1f61708efa10bd51bae8b06{\nborder-radius:0px 0px 0px 0px;\npadding:30px 30px 30px 30px;\nbackground-color:#ffffff;\n}\n<\/style>\n<div  class='flex_column av-xufa8-ea963552c1f61708efa10bd51bae8b06 av_two_third  avia-builder-el-20  el_after_av_one_third  avia-builder-el-last  no_margin flex_column_table_cell av-equal-height-column av-align-top  column-top-margin'     ><section  class='av_textblock_section av-pi0gw-edd8bc345b8cd25615cfcbb8fe719cad '   itemscope=\"itemscope\" itemtype=\"https:\/\/schema.org\/CreativeWork\" ><div class='avia_textblock'  itemprop=\"text\" ><div>\n<div>\n<div><strong>B\u00fcrokommunikation<\/strong><br \/>\nZum Bereich B\u00fcrokommunikation geh\u00f6rt ein mit u. a. zwei PC-Arbeitspl\u00e4tzen ausgestattetes Rehabilitandenb\u00fcro. Hier werden spezifische arbeitsplatzbezogene Trainings sowie PC-Kurse und Bewerbungstrainings durchgef\u00fchrt. Besonders Rehabilitanden, deren Beeintr\u00e4chtigungen eine k\u00f6rperliche Arbeit nicht mehr oder erschwert erm\u00f6glichen, sollen Einblick in einen alternativen Berufszweig bekommen k\u00f6nnen.<\/div>\n<\/div>\n<\/div>\n<\/div><\/section><\/div><\/div><!--close column table wrapper. Autoclose: 1 --><\/div><\/div><\/div><!-- close content main div --><\/div><\/div><div id='after_section_2'  class='main_color av_default_container_wrap container_wrap fullsize'  ><div class='container av-section-cont-open' ><div class='template-page content  av-content-full alpha units'><div class='post-entry post-entry-type-page post-entry-816'><div class='entry-content-wrapper clearfix'><div class='flex_column_table av-jmyh4-ae9085bad14f5c1fd1382310271f2837 sc-av_one_full av-equal-height-column-flextable'>\n<style type=\"text\/css\" data-created_by=\"avia_inline_auto\" id=\"style-css-av-jmyh4-ae9085bad14f5c1fd1382310271f2837\">\n#top .flex_column_table.av-equal-height-column-flextable.av-jmyh4-ae9085bad14f5c1fd1382310271f2837{\nmargin-top:-110px;\n}\n.flex_column.av-jmyh4-ae9085bad14f5c1fd1382310271f2837{\nborder-radius:0px 0px 0px 0px;\npadding:30px 30px 30px 30px;\nbackground-color:#ffffff;\n}\n<\/style>\n<div  class='flex_column av-jmyh4-ae9085bad14f5c1fd1382310271f2837 av_one_full  avia-builder-el-22  el_after_av_section  avia-builder-el-no-sibling  first flex_column_table_cell av-equal-height-column av-align-top  '     ><p><section  class='av_textblock_section av-g2lc0-5a67e9b2ddf6d695767b7786b7f990e5 '   itemscope=\"itemscope\" itemtype=\"https:\/\/schema.org\/CreativeWork\" ><div class='avia_textblock'  itemprop=\"text\" ><p>Die Arbeits- und Ergotherapie in unserer Fachklinik orientiert sich an den Empfehlungen zur St\u00e4rkung des Erwerbsbezuges in der medizinischen Rehabilitation Abh\u00e4ngigkeitserkrankungen (BORA) der Deutschen Rentenversicherung.<\/p>\n<\/div><\/section><br \/>\n<div  class='avia-button-wrap av-7bevs-aa76c83f657919f11f225261235fbc64-wrap avia-button-right  avia-builder-el-24  el_after_av_textblock  avia-builder-el-last '><a href='https:\/\/www.vfg-bonn.de\/fachklinik\/teilqualifikationen\/'  class='avia-button av-7bevs-aa76c83f657919f11f225261235fbc64 av-link-btn avia-icon_select-yes-right-icon avia-size-medium avia-position-right avia-color-theme-color'   aria-label=\"Teilqualifikationen\u2026\"><span class='avia_iconbox_title' >Teilqualifikationen\u2026<\/span><span class='avia_button_icon avia_button_icon_right avia-iconfont avia-font-entypo-fontello' data-av_icon='\ue832' data-av_iconfont='entypo-fontello' ><\/span><\/a><\/div><\/p><\/div><\/div><!--close column table wrapper. Autoclose: 1 --><\/p>\n","protected":false},"excerpt":{"rendered":"","protected":false},"author":1,"featured_media":0,"parent":0,"menu_order":0,"comment_status":"closed","ping_status":"closed","template":"","meta":{"inline_featured_image":false,"footnotes":""},"class_list":["post-816","page","type-page","status-publish","hentry"],"_links":{"self":[{"href":"https:\/\/www.vfg-bonn.de\/fachklinik\/wp-json\/wp\/v2\/pages\/816","targetHints":{"allow":["GET"]}}],"collection":[{"href":"https:\/\/www.vfg-bonn.de\/fachklinik\/wp-json\/wp\/v2\/pages"}],"about":[{"href":"https:\/\/www.vfg-bonn.de\/fachklinik\/wp-json\/wp\/v2\/types\/page"}],"author":[{"embeddable":true,"href":"https:\/\/www.vfg-bonn.de\/fachklinik\/wp-json\/wp\/v2\/users\/1"}],"replies":[{"embeddable":true,"href":"https:\/\/www.vfg-bonn.de\/fachklinik\/wp-json\/wp\/v2\/comments?post=816"}],"version-history":[{"count":7,"href":"https:\/\/www.vfg-bonn.de\/fachklinik\/wp-json\/wp\/v2\/pages\/816\/revisions"}],"predecessor-version":[{"id":4067,"href":"https:\/\/www.vfg-bonn.de\/fachklinik\/wp-json\/wp\/v2\/pages\/816\/revisions\/4067"}],"wp:attachment":[{"href":"https:\/\/www.vfg-bonn.de\/fachklinik\/wp-json\/wp\/v2\/media?parent=816"}],"curies":[{"name":"wp","href":"https:\/\/api.w.org\/{rel}","templated":true}]}}