{"id":637,"date":"2015-06-19T14:23:56","date_gmt":"2015-06-19T12:23:56","guid":{"rendered":"http:\/\/www.vfg-bonn.de\/wp-fkm\/?page_id=637"},"modified":"2020-03-10T19:12:57","modified_gmt":"2020-03-10T18:12:57","slug":"datenschutzerklaerung","status":"publish","type":"page","link":"https:\/\/www.vfg-bonn.de\/fachklinik\/datenschutzerklaerung\/","title":{"rendered":"Datenschutzerkl\u00e4rung"},"content":{"rendered":"<div id='av_section_1'  class='avia-section av-zasabe-b127682243ecd68ff032292cb88c11eb main_color avia-section-default avia-no-shadow  avia-builder-el-0  el_before_av_section  avia-builder-el-first  avia-bg-style-scroll container_wrap fullsize'  ><div class='container av-section-cont-open' ><main  role=\"main\" itemprop=\"mainContentOfPage\"  class='template-page content  av-content-full alpha units'><div class='post-entry post-entry-type-page post-entry-637'><div class='entry-content-wrapper clearfix'>\n\n<style type=\"text\/css\" data-created_by=\"avia_inline_auto\" id=\"style-css-av-wa3ni7u-0896d0a5e4dc8416ec34f6ed95f451fe\">\n.flex_column.av-wa3ni7u-0896d0a5e4dc8416ec34f6ed95f451fe{\nborder-radius:0px 0px 0px 0px;\npadding:0px 0px 0px 0px;\n}\n<\/style>\n<div  class='flex_column av-wa3ni7u-0896d0a5e4dc8416ec34f6ed95f451fe av_one_full  avia-builder-el-1  avia-builder-el-no-sibling  first flex_column_div av-zero-column-padding  '     ><style type=\"text\/css\" data-created_by=\"avia_inline_auto\" id=\"style-css-av-2m6an9-b8b0aa45fec20710f8b451545e8e3c92\">\n#top .av-special-heading.av-2m6an9-b8b0aa45fec20710f8b451545e8e3c92{\npadding-bottom:10px;\n}\nbody .av-special-heading.av-2m6an9-b8b0aa45fec20710f8b451545e8e3c92 .av-special-heading-tag .heading-char{\nfont-size:25px;\n}\n.av-special-heading.av-2m6an9-b8b0aa45fec20710f8b451545e8e3c92 .av-subheading{\nfont-size:15px;\n}\n<\/style>\n<div  class='av-special-heading av-2m6an9-b8b0aa45fec20710f8b451545e8e3c92 av-special-heading-h2 blockquote modern-quote  avia-builder-el-2  avia-builder-el-no-sibling '><h2 class='av-special-heading-tag '  itemprop=\"headline\"  >Datenschutzerkl\u00e4rung<\/h2><div class=\"special-heading-border\"><div class=\"special-heading-inner-border\"><\/div><\/div><\/div><\/div>\n\n<\/div><\/div><\/main><!-- close content main element --><\/div><\/div><div id='av_section_2'  class='avia-section av-zybjtdm-2b78c848c2f0615003ccd665c832a2d8 main_color avia-section-default avia-no-border-styling  avia-builder-el-3  el_after_av_section  el_before_av_section  avia-bg-style-scroll container_wrap fullsize'  ><div class='container av-section-cont-open' ><div class='template-page content  av-content-full alpha units'><div class='post-entry post-entry-type-page post-entry-637'><div class='entry-content-wrapper clearfix'>\n<div class='flex_column_table av-2fxb3x-e6e5f04c701d298376187566d45d608d sc-av_one_half av-equal-height-column-flextable'>\n<style type=\"text\/css\" data-created_by=\"avia_inline_auto\" id=\"style-css-av-2fxb3x-e6e5f04c701d298376187566d45d608d\">\n@keyframes av_boxShadowEffect_av-2fxb3x-e6e5f04c701d298376187566d45d608d-column {\n0%   { box-shadow:  0 0 0 0 #aaaaaa; opacity: 1; }\n100% { box-shadow:  0 0 5px 0 #aaaaaa; opacity: 1; }\n}\n.flex_column.av-2fxb3x-e6e5f04c701d298376187566d45d608d{\nbox-shadow: 0 0 5px 0 #aaaaaa;\nborder-width:2px;\nborder-color:#aaaaaa;\nborder-style:solid;\nborder-radius:15px 15px 15px 15px;\npadding:30px 30px 30px 30px;\nbackground-color:#ffffff;\n}\n<\/style>\n<div  class='flex_column av-2fxb3x-e6e5f04c701d298376187566d45d608d av_one_half  avia-builder-el-4  el_before_av_one_half  avia-builder-el-first  first flex_column_table_cell av-equal-height-column av-align-top shadow-not-animated  '     ><section  class='av_textblock_section av-z4sg7lm-0ce457cacefc36db7ce3474f2540bbfc '   itemscope=\"itemscope\" itemtype=\"https:\/\/schema.org\/CreativeWork\" ><div class='avia_textblock'  itemprop=\"text\" ><h4>Name und Anschrift des f\u00fcr die Verarbeitung Verantwortlichen<\/h4>\n<p>Verantwortlicher im Sinne der Datenschutz-Grundverordnung, sonstiger in den Mitgliedstaaten der Europ\u00e4ischen Union geltenden Datenschutzgesetze und anderer Bestimmungen mit datenschutzrechtlichem Charakter ist die:<\/p>\n<\/div><\/section><br \/>\n<section  class='av_textblock_section av-29ffct-9a1bc0b592f01ab0ef06e608d437e29f '   itemscope=\"itemscope\" itemtype=\"https:\/\/schema.org\/CreativeWork\" ><div class='avia_textblock'  itemprop=\"text\" ><h4>VFG gemeinn\u00fctzige Betriebs-GmbH<\/h4>\n<p>Am Dickobskreuz 6<br \/>\n53121 Bonn<\/p>\n<p><strong>Vertreten durch:<\/strong><br \/>\nGesch\u00e4ftsf\u00fchrung:<br \/>\nNelly Grunwald, Joachim Krebs<\/p>\n<\/div><\/section><\/p><\/div><div class='av-flex-placeholder'><\/div>\n<style type=\"text\/css\" data-created_by=\"avia_inline_auto\" id=\"style-css-av-2fxb3x-7579d83be6fc0e42302dc5582ea9b167\">\n@keyframes av_boxShadowEffect_av-2fxb3x-7579d83be6fc0e42302dc5582ea9b167-column {\n0%   { box-shadow:  0 0 0 0 #aaaaaa; opacity: 1; }\n100% { box-shadow:  0 0 5px 0 #aaaaaa; opacity: 1; }\n}\n.flex_column.av-2fxb3x-7579d83be6fc0e42302dc5582ea9b167{\nbox-shadow: 0 0 5px 0 #aaaaaa;\nborder-width:2px;\nborder-color:#aaaaaa;\nborder-style:solid;\nborder-radius:15px 15px 15px 15px;\npadding:30px 30px 30px 30px;\nbackground-color:#ffffff;\n}\n<\/style>\n<div  class='flex_column av-2fxb3x-7579d83be6fc0e42302dc5582ea9b167 av_one_half  avia-builder-el-7  el_after_av_one_half  avia-builder-el-last  flex_column_table_cell av-equal-height-column av-align-top shadow-not-animated  '     ><section  class='av_textblock_section av-1wropx-8923fde2636de956f15490c4afaf4387 '   itemscope=\"itemscope\" itemtype=\"https:\/\/schema.org\/CreativeWork\" ><div class='avia_textblock'  itemprop=\"text\" ><h4>Name und Anschrift des Datenschutzbeauftragten<\/h4>\n<p>Jede betroffene Person kann sich jederzeit bei allen Fragen und Anregungen zum Datenschutz direkt an unseren Datenschutzbeauftragten wenden.<\/p>\n<p>Der Datenschutzbeauftragte des f\u00fcr die Verarbeitung Verantwortlichen ist:<\/p>\n<\/div><\/section><br \/>\n<section  class='av_textblock_section av-1sgal1-f345b9007aa762097c4fda71fecadcc4 '   itemscope=\"itemscope\" itemtype=\"https:\/\/schema.org\/CreativeWork\" ><div class='avia_textblock'  itemprop=\"text\" ><h4>Stephan Schmidt<\/h4>\n<h4>DaTIB GmbH<\/h4>\n<p>Alte Heide 8<br \/>\n51147 K\u00f6ln<br \/>\nTel.: <a href=\"tel:+4922036054080\">+49 (0) 2203 6054080<\/a><br \/>\nFax: +49 (0) 2203 6054089<br \/>\nE-Mail: <a href=\"mailto:datenschutz@vfg-bonn.de\">datenschutz@vfg-bonn.de<\/a><\/p>\n<\/div><\/section><\/p><\/div><\/div><!--close column table wrapper. Autoclose: 1 --><\/div><\/div><\/div><!-- close content main div --><\/div><\/div><div id='av_section_3'  class='avia-section av-1k8n2d-50e194cb38bea46faf3a48da454d7938 main_color avia-section-default avia-no-border-styling  avia-builder-el-10  el_after_av_section  el_before_av_section  avia-bg-style-scroll container_wrap fullsize'  ><div class='container av-section-cont-open' ><div class='template-page content  av-content-full alpha units'><div class='post-entry post-entry-type-page post-entry-637'><div class='entry-content-wrapper clearfix'>\n<div class='flex_column_table av-vdsrnga-160ed5faa59ca5246c91192d6c0e8cc0 sc-av_one_full av-equal-height-column-flextable'>\n<style type=\"text\/css\" data-created_by=\"avia_inline_auto\" id=\"style-css-av-vdsrnga-160ed5faa59ca5246c91192d6c0e8cc0\">\n.flex_column.av-vdsrnga-160ed5faa59ca5246c91192d6c0e8cc0{\nborder-radius:0px 0px 0px 0px;\npadding:0px 0px 0px 0px;\n}\n<\/style>\n<div  class='flex_column av-vdsrnga-160ed5faa59ca5246c91192d6c0e8cc0 av_one_full  avia-builder-el-11  el_before_av_one_full  avia-builder-el-first  bottomless first flex_column_table_cell av-equal-height-column av-align-top av-zero-column-padding  '     ><section  class='av_textblock_section av-1fnh2t-bac1ff61a521350add07b7a44f3e1998 '   itemscope=\"itemscope\" itemtype=\"https:\/\/schema.org\/CreativeWork\" ><div class='avia_textblock blocksatz hyphenate'  itemprop=\"text\" ><p>Wir freuen uns sehr \u00fcber Ihr Interesse an uns. Datenschutz hat einen besonders hohen Stellenwert f\u00fcr die Gesch\u00e4ftsleitung der<\/p>\n<p style=\"text-align: center;\"><strong>VFG gemeinn\u00fctzige Betriebs-GmbH<br \/>\n<\/strong>(im Weiteren mit wir oder uns abgek\u00fcrzt)<strong><br \/>\n<\/strong><\/p>\n<p>Eine Nutzung unserer Internetseite ist grunds\u00e4tzlich ohne jede Angabe <em>personenbezogener Daten<\/em> m\u00f6glich. Sofern eine <em>betroffene Person<\/em> besondere Services unseres Unternehmens \u00fcber unsere Internetseite in Anspruch nehmen m\u00f6chte, k\u00f6nnte jedoch eine <em>Verarbeitung<\/em> personenbezogener Daten erforderlich werden. Ist die Verarbeitung personenbezogener Daten erforderlich und besteht f\u00fcr eine solche Verarbeitung keine gesetzliche Grundlage, holen wir generell eine <em>Einwilligung<\/em> der betroffenen Person ein.<\/p>\n<p>Die Verarbeitung personenbezogener Daten, beispielsweise des Namens, der Anschrift, E-Mail-Adresse oder Telefonnummer einer betroffenen Person, erfolgt stets im Einklang mit der Datenschutz-Grundverordnung und in \u00dcbereinstimmung mit den f\u00fcr uns geltenden landesspezifischen Datenschutzbestimmungen. Mittels dieser Datenschutzerkl\u00e4rung m\u00f6chte unser Unternehmen die \u00d6ffentlichkeit \u00fcber Art, Umfang und Zweck der von uns erhobenen, genutzten und verarbeiteten personenbezogenen Daten informieren. Ferner werden betroffene Personen mittels dieser Datenschutzerkl\u00e4rung \u00fcber die ihnen zustehenden Rechte aufgekl\u00e4rt.<\/p>\n<p>Wir haben als f\u00fcr die Verarbeitung <em>Verantwortlicher<\/em> zahlreiche technische und organisatorische Ma\u00dfnahmen umgesetzt, um einen m\u00f6glichst l\u00fcckenlosen Schutz der \u00fcber diese Internetseite verarbeiteten personenbezogenen Daten sicherzustellen. Dennoch k\u00f6nnen Internetbasierte Daten\u00fcbertragungen grunds\u00e4tzlich Sicherheitsl\u00fccken aufweisen, sodass ein absoluter Schutz nicht gew\u00e4hrleistet werden kann. Aus diesem Grund steht es jeder betroffenen Person frei, personenbezogene Daten auch auf alternativen Wegen, beispielsweise telefonisch, an uns zu \u00fcbermitteln.<\/p>\n<\/div><\/section><\/div><\/div><!--close column table wrapper. Autoclose: 1 -->\n<style type=\"text\/css\" data-created_by=\"avia_inline_auto\" id=\"style-css-av-3240qey-d0b50c79621009e1b2231eb406f20e50\">\n.flex_column.av-3240qey-d0b50c79621009e1b2231eb406f20e50{\nborder-radius:0px 0px 0px 0px;\npadding:0px 0px 0px 0px;\n}\n<\/style>\n<div  class='flex_column av-3240qey-d0b50c79621009e1b2231eb406f20e50 av_one_full  avia-builder-el-13  el_after_av_one_full  avia-builder-el-last  bottomline first flex_column_div av-zero-column-padding  column-top-margin'     ><p>\n<style type=\"text\/css\" data-created_by=\"avia_inline_auto\" id=\"style-css-av-tx6l2ca-e52a927d42eb04a7bd6acf317d98392c\">\n#top .hr.hr-invisible.av-tx6l2ca-e52a927d42eb04a7bd6acf317d98392c{\nheight:20px;\n}\n<\/style>\n<div  class='hr av-tx6l2ca-e52a927d42eb04a7bd6acf317d98392c hr-invisible  avia-builder-el-14  el_before_av_textblock  avia-builder-el-first  av-small-hide av-mini-hide'><span class='hr-inner '><span class=\"hr-inner-style\"><\/span><\/span><\/div><br \/>\n<section  class='av_textblock_section av-tq23ixm-1a5d9c2f375483de80715c5ab2d67104 '   itemscope=\"itemscope\" itemtype=\"https:\/\/schema.org\/CreativeWork\" ><div class='avia_textblock'  itemprop=\"text\" ><h3>Begriffsbestimmungen<\/h3>\n<p>Die Datenschutzerkl\u00e4rung unseres Unternehmens beruht auf den Begrifflichkeiten, die durch den Europ\u00e4ischen Richtlinien- und Verordnungsgeber beim Erlass der Datenschutz-Grundverordnung (<strong>DS-GVO<\/strong>) verwendet wurden. Unsere Datenschutzerkl\u00e4rung soll sowohl f\u00fcr die \u00d6ffentlichkeit als auch f\u00fcr unsere Kunden und Gesch\u00e4ftspartner einfach lesbar und verst\u00e4ndlich sein. Um dies zu gew\u00e4hrleisten, m\u00f6chten wir vorab die verwendeten Begrifflichkeiten erl\u00e4utern.<\/p>\n<p>Wir verwenden in dieser Datenschutzerkl\u00e4rung unter anderem die folgenden Begriffe:<\/p>\n<\/div><\/section><br \/>\n<div  class='tabcontainer av-t1zcogq-7e0f1ce94f14a37430a00a5f82629a89 sidebar_tab sidebar_tab_left  avia-builder-el-16  el_after_av_textblock  el_before_av_hr  datenschutzbegriffe blocksatz hyphenate border_tabs'>\n<section class='av_tab_section av_tab_section av-sp8k1p6-4674980c61048630f0dabbe2c125d303'  itemscope=\"itemscope\" itemtype=\"https:\/\/schema.org\/CreativeWork\" ><div id='personenbezogene-daten-tab' class='tab active_tab' role='tab' aria-selected=\"true\" tabindex=\"0\" data-fake-id='#personenbezogene-daten' aria-controls='personenbezogene-daten-content'  itemprop=\"headline\" >Personenbezogene Daten<\/div><div id='personenbezogene-daten-content' class='tab_content active_tab_content' role='tabpanel' aria-labelledby='personenbezogene-daten-tab' aria-hidden=\"false\"><div class='tab_inner_content invers-color'  itemprop=\"text\" ><p>sind alle Informationen, die sich auf eine identifizierte oder identifizierbare nat\u00fcrliche Person (im Folgenden \u201ebetroffene Person\u201c) beziehen. Als identifizierbar wird eine nat\u00fcrliche Person angesehen, die direkt oder indirekt, insbesondere mittels Zuordnung zu einer Kennung wie einem Namen, zu einer Kennnummer, zu Standortdaten, zu einer Online-Kennung oder zu einem oder mehreren besonderen Merkmalen, die Ausdruck der physischen, physiologischen, genetischen, psychischen, wirtschaftlichen, kulturellen oder sozialen Identit\u00e4t dieser nat\u00fcrlichen Person sind, identifiziert werden kann.<\/p>\n<\/div><\/div><\/section>\n<section class='av_tab_section av_tab_section av-s3pft8a-795b7d2d1f6cf79716ffbca6415965ee'  itemscope=\"itemscope\" itemtype=\"https:\/\/schema.org\/CreativeWork\" ><div id='betroffene-person-tab' class='tab' role='tab' aria-selected=\"false\" tabindex=\"0\" data-fake-id='#betroffene-person' aria-controls='betroffene-person-content'  itemprop=\"headline\" >Betroffene Person<\/div><div id='betroffene-person-content' class='tab_content' role='tabpanel' aria-labelledby='betroffene-person-tab' aria-hidden=\"true\"><div class='tab_inner_content invers-color'  itemprop=\"text\" ><p>ist jede identifizierte oder identifizierbare nat\u00fcrliche Person, deren personenbezogene Daten von dem f\u00fcr die Verarbeitung Verantwortlichen verarbeitet werden.<\/p>\n<\/div><\/div><\/section>\n<section class='av_tab_section av_tab_section av-rzs5ndm-c29a2f9c85c36d4ba3a463ede1673184'  itemscope=\"itemscope\" itemtype=\"https:\/\/schema.org\/CreativeWork\" ><div id='verarbeitung-tab' class='tab' role='tab' aria-selected=\"false\" tabindex=\"0\" data-fake-id='#verarbeitung' aria-controls='verarbeitung-content'  itemprop=\"headline\" >Verarbeitung<\/div><div id='verarbeitung-content' class='tab_content' role='tabpanel' aria-labelledby='verarbeitung-tab' aria-hidden=\"true\"><div class='tab_inner_content invers-color'  itemprop=\"text\" ><p>ist jeder mit oder ohne Hilfe automatisierter Verfahren ausgef\u00fchrte Vorgang oder jede solche Vorgangsreihe im Zusammenhang mit personenbezogenen Daten wie das Erheben, das Erfassen, die Organisation, das Ordnen, die Speicherung, die Anpassung oder Ver\u00e4nderung, das Auslesen, das Abfragen, die Verwendung, die Offenlegung durch \u00dcbermittlung, Verbreitung oder eine andere Form der Bereitstellung, den Abgleich oder die Verkn\u00fcpfung, die Einschr\u00e4nkung, das L\u00f6schen oder die Vernichtung.<\/p>\n<\/div><\/div><\/section>\n<section class='av_tab_section av_tab_section av-rc2e1wa-315b3cb24d402be490d95f6c4ab191d3'  itemscope=\"itemscope\" itemtype=\"https:\/\/schema.org\/CreativeWork\" ><div id='einschraenkung-der-verarbeitung-tab' class='tab' role='tab' aria-selected=\"false\" tabindex=\"0\" data-fake-id='#einschraenkung-der-verarbeitung' aria-controls='einschraenkung-der-verarbeitung-content'  itemprop=\"headline\" >Einschr\u00e4nkung der Verarbeitung<\/div><div id='einschraenkung-der-verarbeitung-content' class='tab_content' role='tabpanel' aria-labelledby='einschraenkung-der-verarbeitung-tab' aria-hidden=\"true\"><div class='tab_inner_content invers-color'  itemprop=\"text\" ><p>ist die Markierung gespeicherter personenbezogener Daten mit dem Ziel, ihre k\u00fcnftige Verarbeitung einzuschr\u00e4nken.<\/p>\n<\/div><\/div><\/section>\n<section class='av_tab_section av_tab_section av-qv7emnu-51c1418a148ef1539136e3068a764691'  itemscope=\"itemscope\" itemtype=\"https:\/\/schema.org\/CreativeWork\" ><div id='profiling-tab' class='tab' role='tab' aria-selected=\"false\" tabindex=\"0\" data-fake-id='#profiling' aria-controls='profiling-content'  itemprop=\"headline\" >Profiling<\/div><div id='profiling-content' class='tab_content' role='tabpanel' aria-labelledby='profiling-tab' aria-hidden=\"true\"><div class='tab_inner_content invers-color'  itemprop=\"text\" ><p>ist jede Art der automatisierten Verarbeitung personenbezogener Daten, die darin besteht, dass diese personenbezogenen Daten verwendet werden, um bestimmte pers\u00f6nliche Aspekte, die sich auf eine nat\u00fcrliche Person beziehen, zu bewerten, insbesondere, um Aspekte bez\u00fcglich Arbeitsleistung, wirtschaftlicher Lage, Gesundheit, pers\u00f6nlicher Vorlieben, Interessen, Zuverl\u00e4ssigkeit, Verhalten, Aufenthaltsort oder Ortswechsel dieser nat\u00fcrlichen Person zu analysieren oder vorherzusagen.<\/p>\n<\/div><\/div><\/section>\n<section class='av_tab_section av_tab_section av-qbji8e2-140d56d6ab004867da34d897dee627d0'  itemscope=\"itemscope\" itemtype=\"https:\/\/schema.org\/CreativeWork\" ><div id='pseudonymisierung-tab' class='tab' role='tab' aria-selected=\"false\" tabindex=\"0\" data-fake-id='#pseudonymisierung' aria-controls='pseudonymisierung-content'  itemprop=\"headline\" >Pseudonymisierung<\/div><div id='pseudonymisierung-content' class='tab_content' role='tabpanel' aria-labelledby='pseudonymisierung-tab' aria-hidden=\"true\"><div class='tab_inner_content invers-color'  itemprop=\"text\" ><p>ist die Verarbeitung personenbezogener Daten in einer Weise, auf welche die personenbezogenen Daten ohne Hinzuziehung zus\u00e4tzlicher Informationen nicht mehr einer spezifischen betroffenen Person zugeordnet werden k\u00f6nnen, sofern diese zus\u00e4tzlichen Informationen gesondert aufbewahrt werden und technischen und organisatorischen Ma\u00dfnahmen unterliegen, die gew\u00e4hrleisten, dass die personenbezogenen Daten nicht einer identifizierten oder identifizierbaren nat\u00fcrlichen Person zugewiesen werden.<\/p>\n<\/div><\/div><\/section>\n<section class='av_tab_section av_tab_section av-puyabh6-b1e01116d5ecd35b3caf238613461bad'  itemscope=\"itemscope\" itemtype=\"https:\/\/schema.org\/CreativeWork\" ><div id='verantwortlicher-tab' class='tab' role='tab' aria-selected=\"false\" tabindex=\"0\" data-fake-id='#verantwortlicher' aria-controls='verantwortlicher-content'  itemprop=\"headline\" >Verantwortlicher<\/div><div id='verantwortlicher-content' class='tab_content' role='tabpanel' aria-labelledby='verantwortlicher-tab' aria-hidden=\"true\"><div class='tab_inner_content invers-color'  itemprop=\"text\" ><p>oder f\u00fcr die Verarbeitung Verantwortlicher ist die nat\u00fcrliche oder juristische Person, Beh\u00f6rde, Einrichtung oder andere Stelle, die allein oder gemeinsam mit anderen \u00fcber die Zwecke und Mittel der Verarbeitung von personenbezogenen Daten entscheidet. Sind die Zwecke und Mittel dieser Verarbeitung durch das Unionsrecht oder das Recht der Mitgliedstaaten vorgegeben, so kann der Verantwortliche beziehungsweise k\u00f6nnen die bestimmten Kriterien seiner Benennung nach dem Unionsrecht oder dem Recht der Mitgliedstaaten vorgesehen werden.<\/p>\n<\/div><\/div><\/section>\n<section class='av_tab_section av_tab_section av-pblrauy-51585737cc044318da1bec44b6c4c1c4'  itemscope=\"itemscope\" itemtype=\"https:\/\/schema.org\/CreativeWork\" ><div id='auftragsverarbeiter-tab' class='tab' role='tab' aria-selected=\"false\" tabindex=\"0\" data-fake-id='#auftragsverarbeiter' aria-controls='auftragsverarbeiter-content'  itemprop=\"headline\" >Auftragsverarbeiter<\/div><div id='auftragsverarbeiter-content' class='tab_content' role='tabpanel' aria-labelledby='auftragsverarbeiter-tab' aria-hidden=\"true\"><div class='tab_inner_content invers-color'  itemprop=\"text\" ><p>ist eine nat\u00fcrliche oder juristische Person, Beh\u00f6rde, Einrichtung oder andere Stelle, die personenbezogene Daten im Auftrag des Verantwortlichen verarbeitet.<\/p>\n<\/div><\/div><\/section>\n<section class='av_tab_section av_tab_section av-p3y3lru-0eed0709cfc1ef22379c06dedba3b468'  itemscope=\"itemscope\" itemtype=\"https:\/\/schema.org\/CreativeWork\" ><div id='empfaenger-tab' class='tab' role='tab' aria-selected=\"false\" tabindex=\"0\" data-fake-id='#empfaenger' aria-controls='empfaenger-content'  itemprop=\"headline\" >Empf\u00e4nger<\/div><div id='empfaenger-content' class='tab_content' role='tabpanel' aria-labelledby='empfaenger-tab' aria-hidden=\"true\"><div class='tab_inner_content invers-color'  itemprop=\"text\" ><p>ist eine nat\u00fcrliche oder juristische Person, Beh\u00f6rde, Einrichtung oder andere Stelle, der personenbezogene Daten offengelegt werden, unabh\u00e4ngig davon, ob es sich bei ihr um einen Dritten handelt oder nicht. Beh\u00f6rden, die im Rahmen eines bestimmten Untersuchungsauftrags nach dem Unionsrecht oder dem Recht der Mitgliedstaaten m\u00f6glicherweise personenbezogene Daten erhalten, gelten jedoch nicht als Empf\u00e4nger.<\/p>\n<\/div><\/div><\/section>\n<section class='av_tab_section av_tab_section av-oho4px6-234b6de1ec21ddc99a6ce5acbe21cf70'  itemscope=\"itemscope\" itemtype=\"https:\/\/schema.org\/CreativeWork\" ><div id='dritter-tab' class='tab' role='tab' aria-selected=\"false\" tabindex=\"0\" data-fake-id='#dritter' aria-controls='dritter-content'  itemprop=\"headline\" >Dritter<\/div><div id='dritter-content' class='tab_content' role='tabpanel' aria-labelledby='dritter-tab' aria-hidden=\"true\"><div class='tab_inner_content invers-color'  itemprop=\"text\" ><p>ist eine nat\u00fcrliche oder juristische Person, Beh\u00f6rde, Einrichtung oder andere Stelle au\u00dfer der betroffenen Person, dem Verantwortlichen, dem Auftragsverarbeiter und den Personen, die unter der unmittelbaren Verantwortung des Verantwortlichen oder des Auftragsverarbeiters befugt sind, die personenbezogenen Daten zu verarbeiten.<\/p>\n<\/div><\/div><\/section>\n<section class='av_tab_section av_tab_section av-nz6bo4a-19dc1456a48429738b55dc1077bc446d'  itemscope=\"itemscope\" itemtype=\"https:\/\/schema.org\/CreativeWork\" ><div id='einwilligung-tab' class='tab' role='tab' aria-selected=\"false\" tabindex=\"0\" data-fake-id='#einwilligung' aria-controls='einwilligung-content'  itemprop=\"headline\" >Einwilligung<\/div><div id='einwilligung-content' class='tab_content' role='tabpanel' aria-labelledby='einwilligung-tab' aria-hidden=\"true\"><div class='tab_inner_content invers-color'  itemprop=\"text\" ><p>ist jede von der betroffenen Person freiwillig f\u00fcr den bestimmten Fall in informierter Weise und unmissverst\u00e4ndlich abgegebene Willensbekundung in Form einer Erkl\u00e4rung oder einer sonstigen eindeutigen best\u00e4tigenden Handlung, mit der die betroffene Person zu verstehen gibt, dass sie mit der Verarbeitung der sie betreffenden personenbezogenen Daten einverstanden ist.<\/p>\n<\/div><\/div><\/section>\n<\/div><br \/>\n\n<style type=\"text\/css\" data-created_by=\"avia_inline_auto\" id=\"style-css-av-tx6l2ca-e52a927d42eb04a7bd6acf317d98392c\">\n#top .hr.hr-invisible.av-tx6l2ca-e52a927d42eb04a7bd6acf317d98392c{\nheight:20px;\n}\n<\/style>\n<div  class='hr av-tx6l2ca-e52a927d42eb04a7bd6acf317d98392c hr-invisible  avia-builder-el-17  el_after_av_tab_container  el_before_av_tab_container  av-small-hide av-mini-hide'><span class='hr-inner '><span class=\"hr-inner-style\"><\/span><\/span><\/div><br \/>\n<div  class='tabcontainer av-17qa3p-02e635a340acf1161f820e47e12f831b sidebar_tab sidebar_tab_left  avia-builder-el-18  el_after_av_hr  avia-builder-el-last  blocksatz hyphenate border_tabs'>\n<section class='av_tab_section av_tab_section av-8yo8d-80bda157ede6c99a1f2094e9fe3bf931'  itemscope=\"itemscope\" itemtype=\"https:\/\/schema.org\/CreativeWork\" ><div id='cookies-tab' class='tab active_tab' role='tab' aria-selected=\"true\" tabindex=\"0\" data-fake-id='#cookies' aria-controls='cookies-content'  itemprop=\"headline\" >Cookies<\/div><div id='cookies-content' class='tab_content active_tab_content' role='tabpanel' aria-labelledby='cookies-tab' aria-hidden=\"false\"><div class='tab_inner_content invers-color'  itemprop=\"text\" ><p><span class=\"code-example\"><span class=\"borlabs-cookie-open-dialog-preferences brlbs-cmpnt-container\" data-borlabs-cookie-title=\"Datenschutz-Einstellungen\" data-borlabs-cookie-type=\"button\" ><\/span><\/span><\/p>\n<p>Unsere Internetseiten verwenden Cookies. Cookies sind Textdateien, welche \u00fcber einen Internetbrowser auf einem Computersystem abgelegt und gespeichert werden.<\/p>\n<p>Zahlreiche Internetseiten und Server verwenden Cookies. Viele Cookies enthalten eine sogenannte Cookie-ID. Eine Cookie-ID ist eine eindeutige Kennung des Cookies. Sie besteht aus einer Zeichenfolge, durch welche Internetseiten und Server dem konkreten Internetbrowser zugeordnet werden k\u00f6nnen, in dem das Cookie gespeichert wurde. Dies erm\u00f6glicht es den besuchten Internetseiten und Servern, den individuellen Browser der betroffenen Person von anderen Internetbrowsern, die andere Cookies enthalten, zu unterscheiden. Ein bestimmter Internetbrowser kann \u00fcber die eindeutige Cookie-ID wiedererkannt und identifiziert werden.<\/p>\n<p>Durch den Einsatz von Cookies k\u00f6nnen wir den Nutzern dieser Internetseite nutzerfreundlichere Services bereitstellen, die ohne die Cookie-Setzung nicht m\u00f6glich w\u00e4ren.<\/p>\n<p>Mittels eines Cookies k\u00f6nnen die Informationen und Angebote auf unserer Internetseite im Sinne des Benutzers optimiert werden. Cookies erm\u00f6glichen uns, wie bereits erw\u00e4hnt, die Benutzer unserer Internetseite wiederzuerkennen. Zweck dieser Wiedererkennung ist es, den Nutzern die Verwendung unserer Internetseite zu erleichtern. Der Benutzer einer Internetseite, die Cookies verwendet, muss beispielsweise nicht bei jedem Besuch der Internetseite erneut seine Zugangsdaten eingeben, weil dies von der Internetseite und dem auf dem Computersystem des Benutzers abgelegten Cookie \u00fcbernommen wird. Ein weiteres Beispiel ist das Cookie eines Warenkorbes im Online-Shop. Der Online-Shop merkt sich die Artikel, die ein Kunde in den virtuellen Warenkorb gelegt hat, \u00fcber ein Cookie.<\/p>\n<p>Die betroffene Person kann die Setzung von Cookies durch unsere Internetseite jederzeit mittels einer entsprechenden Einstellung des genutzten Internetbrowsers verhindern und damit der Setzung von Cookies dauerhaft widersprechen. Ferner k\u00f6nnen bereits gesetzte Cookies jederzeit \u00fcber einen Internetbrowser oder andere Softwareprogramme gel\u00f6scht werden. Dies ist in allen g\u00e4ngigen Internetbrowsern m\u00f6glich. Deaktiviert die betroffene Person die Setzung von Cookies in dem genutzten Internetbrowser, sind unter Umst\u00e4nden nicht alle Funktionen unserer Internetseite vollumf\u00e4nglich nutzbar.<\/p>\n<\/div><\/div><\/section>\n<section class='av_tab_section av_tab_section av-150fq5-d189d43356e0149b5fd38549f8d71c81'  itemscope=\"itemscope\" itemtype=\"https:\/\/schema.org\/CreativeWork\" ><div id='datenerfassung-tab' class='tab' role='tab' aria-selected=\"false\" tabindex=\"0\" data-fake-id='#datenerfassung' aria-controls='datenerfassung-content'  itemprop=\"headline\" >Erfassung von allgemeinen Daten und Informationen<\/div><div id='datenerfassung-content' class='tab_content' role='tabpanel' aria-labelledby='datenerfassung-tab' aria-hidden=\"true\"><div class='tab_inner_content invers-color'  itemprop=\"text\" ><p>Wir erfassen mit jedem Aufruf der Internetseite durch eine betroffene Person oder ein automatisiertes System eine Reihe von allgemeinen Daten und Informationen. Diese allgemeinen Daten und Informationen werden in den Logfiles des Servers gespeichert. Erfasst werden k\u00f6nnen die<\/p>\n<ul>\n<li>verwendeten Browsertypen und Versionen<\/li>\n<li>das vom zugreifenden System verwendete Betriebssystem<\/li>\n<li>die Internetseite, von welcher ein zugreifendes System auf unsere Internetseite gelangt (sogenannte Referrer)<\/li>\n<li>die Unterwebseiten, welche \u00fcber ein zugreifendes System auf unserer Internetseite angesteuert werden<\/li>\n<li>das Datum und die Uhrzeit eines Zugriffs auf die Internetseite<\/li>\n<li>eine Internet-Protokoll-Adresse (IP-Adresse)<\/li>\n<li>der Internet-Service-Provider des zugreifenden Systems und<\/li>\n<li>sonstige \u00e4hnliche Daten und Informationen, die der Gefahrenabwehr im Falle von Angriffen auf unsere informationstechnologischen Systeme dienen.<\/li>\n<\/ul>\n<p>Bei der Nutzung dieser allgemeinen Daten und Informationen ziehen Wir keine R\u00fcckschl\u00fcsse auf die betroffene Person. Diese Informationen werden vielmehr ben\u00f6tigt, um<\/p>\n<ul>\n<li>die Inhalte unserer Internetseite korrekt auszuliefern<\/li>\n<li>die Inhalte unserer Internetseite sowie die Werbung f\u00fcr diese zu optimieren<\/li>\n<li>die dauerhafte Funktionsf\u00e4higkeit unserer informationstechnologischen Systeme und der Technik unserer Internetseite zu gew\u00e4hrleisten sowie<\/li>\n<li>um Strafverfolgungsbeh\u00f6rden im Falle eines Cyberangriffes die zur Strafverfolgung notwendigen Informationen bereitzustellen.<\/li>\n<\/ul>\n<p>Diese anonym erhobenen Daten und Informationen werden durch uns daher einerseits statistisch und ferner mit dem Ziel ausgewertet, den Datenschutz und die Datensicherheit in unserem Unternehmen zu erh\u00f6hen, um letztlich ein optimales Schutzniveau f\u00fcr die von uns verarbeiteten personenbezogenen Daten sicherzustellen. Die anonymen Daten der Server-Logfiles werden getrennt von allen durch eine betroffene Person angegebenen personenbezogenen Daten gespeichert.<\/p>\n<\/div><\/div><\/section>\n<section class='av_tab_section av_tab_section av-krmzauy-f8b69a11507531eba6e8f3e8dbcde295'  itemscope=\"itemscope\" itemtype=\"https:\/\/schema.org\/CreativeWork\" ><div id='kontaktformulare-tab' class='tab' role='tab' aria-selected=\"false\" tabindex=\"0\" data-fake-id='#kontaktformulare' aria-controls='kontaktformulare-content'  itemprop=\"headline\" >Kontaktm\u00f6glichkeit \u00fcber die Internetseite<\/div><div id='kontaktformulare-content' class='tab_content' role='tabpanel' aria-labelledby='kontaktformulare-tab' aria-hidden=\"true\"><div class='tab_inner_content invers-color'  itemprop=\"text\" ><p>Unsere Internetseite enth\u00e4lt aufgrund von gesetzlichen Vorschriften Angaben, die eine schnelle elektronische Kontaktaufnahme zu unserem Unternehmen sowie eine unmittelbare Kommunikation mit uns erm\u00f6glichen, was ebenfalls eine allgemeine Adresse der sogenannten elektronischen Post (E-Mail-Adresse) umfasst. Sofern eine betroffene Person per E-Mail oder \u00fcber ein Kontaktformular den Kontakt mit dem f\u00fcr die Verarbeitung Verantwortlichen aufnimmt, werden die von der betroffenen Person \u00fcbermittelten personenbezogenen Daten automatisch gespeichert. Solche auf freiwilliger Basis von einer betroffenen Person an den f\u00fcr die Verarbeitung Verantwortlichen \u00fcbermittelten personenbezogenen Daten werden f\u00fcr Zwecke der Bearbeitung oder der Kontaktaufnahme zur betroffenen Person gespeichert. Es erfolgt keine Weitergabe dieser personenbezogenen Daten an Dritte.<\/p>\n<\/div><\/div><\/section>\n<section class='av_tab_section av_tab_section av-jwkzj3u-be2eb25c350fe9da9fa108d794331bbb'  itemscope=\"itemscope\" itemtype=\"https:\/\/schema.org\/CreativeWork\" ><div id='loeschungen-tab' class='tab' role='tab' aria-selected=\"false\" tabindex=\"0\" data-fake-id='#loeschungen' aria-controls='loeschungen-content'  itemprop=\"headline\" >Routinem\u00e4\u00dfige L\u00f6schung und Sperrung von personenbezogenen Daten<\/div><div id='loeschungen-content' class='tab_content' role='tabpanel' aria-labelledby='loeschungen-tab' aria-hidden=\"true\"><div class='tab_inner_content invers-color'  itemprop=\"text\" ><p>Der f\u00fcr die Verarbeitung Verantwortliche verarbeitet und speichert personenbezogene Daten der betroffenen Person nur f\u00fcr den Zeitraum, der zur Erreichung des Speicherungszwecks erforderlich ist oder sofern dies durch den Europ\u00e4ischen Richtlinien- und Verordnungsgeber oder einen anderen Gesetzgeber in Gesetzen oder Vorschriften, welchen der f\u00fcr die Verarbeitung Verantwortliche unterliegt, vorgesehen wurde.<\/p>\n<p>Entf\u00e4llt der Speicherungszweck oder l\u00e4uft eine vom Europ\u00e4ischen Richtlinien- und Verordnungsgeber oder einem anderen zust\u00e4ndigen Gesetzgeber vorgeschriebene Speicherfrist ab, werden die personenbezogenen Daten routinem\u00e4\u00dfig und entsprechend den gesetzlichen Vorschriften gesperrt oder gel\u00f6scht.<\/p>\n<\/div><\/div><\/section>\n<\/div><\/p><\/div>\n<\/p>\n<\/div><\/div><\/div><!-- close content main div --><\/div><\/div><div id='av_section_4'  class='avia-section av-ye3h9-f38f7ccd672c043d107c97edbda92daa main_color avia-section-default avia-no-border-styling  avia-builder-el-19  el_after_av_section  el_before_av_section  avia-bg-style-scroll container_wrap fullsize'  ><div class='container av-section-cont-open' ><div class='template-page content  av-content-full alpha units'><div class='post-entry post-entry-type-page post-entry-637'><div class='entry-content-wrapper clearfix'>\n\n<style type=\"text\/css\" data-created_by=\"avia_inline_auto\" id=\"style-css-av-1x9g27u-991a62c733f987993850fcdc14a4a149\">\n#top .av-special-heading.av-1x9g27u-991a62c733f987993850fcdc14a4a149{\npadding-bottom:10px;\n}\nbody .av-special-heading.av-1x9g27u-991a62c733f987993850fcdc14a4a149 .av-special-heading-tag .heading-char{\nfont-size:25px;\n}\n.av-special-heading.av-1x9g27u-991a62c733f987993850fcdc14a4a149 .av-subheading{\nfont-size:15px;\n}\n<\/style>\n<div  class='av-special-heading av-1x9g27u-991a62c733f987993850fcdc14a4a149 av-special-heading-h3  avia-builder-el-20  el_before_av_tab_container  avia-builder-el-first '><h3 class='av-special-heading-tag '  itemprop=\"headline\"  >Rechte der betroffenen Person<\/h3><div class=\"special-heading-border\"><div class=\"special-heading-inner-border\"><\/div><\/div><\/div>\n<div  class='tabcontainer av-1uup7dm-3db36846a9b0d5ecdac1e52006ee69db sidebar_tab sidebar_tab_left  avia-builder-el-21  el_after_av_heading  avia-builder-el-last  blocksatz hyphenate border_tabs'>\n<section class='av_tab_section av_tab_section av-ibed0pm-656dd64f238046617e9c3da097e8d9d6'  itemscope=\"itemscope\" itemtype=\"https:\/\/schema.org\/CreativeWork\" ><div id='bestaetigungsrecht-tab' class='tab active_tab' role='tab' aria-selected=\"true\" tabindex=\"0\" data-fake-id='#bestaetigungsrecht' aria-controls='bestaetigungsrecht-content'  itemprop=\"headline\" >Recht auf Best\u00e4tigung<\/div><div id='bestaetigungsrecht-content' class='tab_content active_tab_content' role='tabpanel' aria-labelledby='bestaetigungsrecht-tab' aria-hidden=\"false\"><div class='tab_inner_content invers-color'  itemprop=\"text\" ><p>Jede betroffene Person hat das vom Europ\u00e4ischen Richtlinien- und Verordnungsgeber einger\u00e4umte Recht, von dem f\u00fcr die Verarbeitung Verantwortlichen eine Best\u00e4tigung dar\u00fcber zu verlangen, ob sie betreffende personenbezogene Daten verarbeitet werden. M\u00f6chte eine betroffene Person dieses Best\u00e4tigungsrecht in Anspruch nehmen, kann sie sich hierzu jederzeit an einen Mitarbeiter des f\u00fcr die Verarbeitung Verantwortlichen wenden.<\/p>\n<\/div><\/div><\/section>\n<section class='av_tab_section av_tab_section av-hqv580q-d0d516f8f13aafce06f9066b2f09b9d4'  itemscope=\"itemscope\" itemtype=\"https:\/\/schema.org\/CreativeWork\" ><div id='auskunftsrecht-tab' class='tab' role='tab' aria-selected=\"false\" tabindex=\"0\" data-fake-id='#auskunftsrecht' aria-controls='auskunftsrecht-content'  itemprop=\"headline\" >Recht auf Auskunft<\/div><div id='auskunftsrecht-content' class='tab_content' role='tabpanel' aria-labelledby='auskunftsrecht-tab' aria-hidden=\"true\"><div class='tab_inner_content invers-color'  itemprop=\"text\" ><p>Jede von der Verarbeitung personenbezogener Daten betroffene Person hat das vom Europ\u00e4ischen Richtlinien- und Verordnungsgeber gew\u00e4hrte Recht, jederzeit von dem f\u00fcr die Verarbeitung Verantwortlichen unentgeltliche Auskunft \u00fcber die zu seiner Person gespeicherten personenbezogenen Daten und eine Kopie dieser Auskunft zu erhalten. Ferner hat der Europ\u00e4ische Richtlinien- und Verordnungsgeber der betroffenen Person Auskunft \u00fcber folgende Informationen zugestanden:<\/p>\n<ul>\n<li>die Verarbeitungszwecke<\/li>\n<li>die Kategorien personenbezogener Daten, die verarbeitet werden<\/li>\n<li>die Empf\u00e4nger oder Kategorien von Empf\u00e4ngern, gegen\u00fcber denen die personenbezogenen Daten offengelegt worden sind oder noch offengelegt werden, insbesondere bei Empf\u00e4ngern in Drittl\u00e4ndern oder bei internationalen Organisationen<\/li>\n<li>falls m\u00f6glich die geplante Dauer, f\u00fcr die die personenbezogenen Daten gespeichert werden, oder, falls dies nicht m\u00f6glich ist, die Kriterien f\u00fcr die Festlegung dieser Dauer<\/li>\n<li>das Bestehen eines Rechts auf Berichtigung oder L\u00f6schung der sie betreffenden personenbezogenen Daten oder auf Einschr\u00e4nkung der Verarbeitung durch den Verantwortlichen oder eines Widerspruchsrechts gegen diese Verarbeitung<\/li>\n<li>das Bestehen eines Beschwerderechts bei einer Aufsichtsbeh\u00f6rde<\/li>\n<li>wenn die personenbezogenen Daten nicht bei der betroffenen Person erhoben werden: Alle verf\u00fcgbaren Informationen \u00fcber die Herkunft der Daten<\/li>\n<li>das Bestehen einer automatisierten Entscheidungsfindung einschlie\u00dflich Profiling gem\u00e4\u00df Artikel 22 Abs.1 und 4 DS-GVO und \u2014 zumindest in diesen F\u00e4llen \u2014 aussagekr\u00e4ftige Informationen \u00fcber die involvierte Logik sowie die Tragweite und die angestrebten Auswirkungen einer derartigen Verarbeitung f\u00fcr die betroffene Person<\/li>\n<\/ul>\n<p>Ferner steht der betroffenen Person ein Auskunftsrecht dar\u00fcber zu, ob personenbezogene Daten an ein Drittland oder an eine internationale Organisation \u00fcbermittelt wurden. Sofern dies der Fall ist, so steht der betroffenen Person im \u00dcbrigen das Recht zu, Auskunft \u00fcber die geeigneten Garantien im Zusammenhang mit der \u00dcbermittlung zu erhalten.<\/p>\n<p>M\u00f6chte eine betroffene Person dieses Auskunftsrecht in Anspruch nehmen, kann sie sich hierzu jederzeit an einen Mitarbeiter des f\u00fcr die Verarbeitung Verantwortlichen wenden.<\/p>\n<\/div><\/div><\/section>\n<section class='av_tab_section av_tab_section av-hfqxn6i-67c6c6861568425522ba0d9bd076a64a'  itemscope=\"itemscope\" itemtype=\"https:\/\/schema.org\/CreativeWork\" ><div id='berichtigungsrecht-tab' class='tab' role='tab' aria-selected=\"false\" tabindex=\"0\" data-fake-id='#berichtigungsrecht' aria-controls='berichtigungsrecht-content'  itemprop=\"headline\" >Recht auf Berichtigung<\/div><div id='berichtigungsrecht-content' class='tab_content' role='tabpanel' aria-labelledby='berichtigungsrecht-tab' aria-hidden=\"true\"><div class='tab_inner_content invers-color'  itemprop=\"text\" ><p>Jede von der Verarbeitung personenbezogener Daten betroffene Person hat das vom Europ\u00e4ischen Richtlinien- und Verordnungsgeber gew\u00e4hrte Recht, die unverz\u00fcgliche Berichtigung sie betreffender unrichtiger personenbezogener Daten zu verlangen. Ferner steht der betroffenen Person das Recht zu, unter Ber\u00fccksichtigung der Zwecke der Verarbeitung, die Vervollst\u00e4ndigung unvollst\u00e4ndiger personenbezogener Daten \u2014 auch mittels einer erg\u00e4nzenden Erkl\u00e4rung \u2014 zu verlangen.<\/p>\n<p>M\u00f6chte eine betroffene Person dieses Berichtigungsrecht in Anspruch nehmen, kann sie sich hierzu jederzeit an einen Mitarbeiter des f\u00fcr die Verarbeitung Verantwortlichen wenden.<\/p>\n<\/div><\/div><\/section>\n<section class='av_tab_section av_tab_section av-gvx9cca-0006ac1f3ce976160d99cafd33a6bd54'  itemscope=\"itemscope\" itemtype=\"https:\/\/schema.org\/CreativeWork\" ><div id='loeschungsrecht-tab' class='tab' role='tab' aria-selected=\"false\" tabindex=\"0\" data-fake-id='#loeschungsrecht' aria-controls='loeschungsrecht-content'  itemprop=\"headline\" >Recht auf L\u00f6schung (Recht auf Vergessen werden)<\/div><div id='loeschungsrecht-content' class='tab_content' role='tabpanel' aria-labelledby='loeschungsrecht-tab' aria-hidden=\"true\"><div class='tab_inner_content invers-color'  itemprop=\"text\" ><p>Jede von der Verarbeitung personenbezogener Daten betroffene Person hat das vom Europ\u00e4ischen Richtlinien- und Verordnungsgeber gew\u00e4hrte Recht, von dem Verantwortlichen zu verlangen, dass die sie betreffenden personenbezogenen Daten unverz\u00fcglich gel\u00f6scht werden, sofern einer der folgenden Gr\u00fcnde zutrifft und soweit die Verarbeitung nicht erforderlich ist:<\/p>\n<ul>\n<li>Die personenbezogenen Daten wurden f\u00fcr solche Zwecke erhoben oder auf sonstige Weise verarbeitet, f\u00fcr welche sie nicht mehr notwendig sind.<\/li>\n<li>Die betroffene Person widerruft ihre Einwilligung, auf die sich die Verarbeitung gem\u00e4\u00df Art. 6 Abs. 1 Buchstabe a DS-GVO oder Art. 9 Abs. 2 Buchstabe a DS-GVO st\u00fctzte, und es fehlt an einer anderweitigen Rechtsgrundlage f\u00fcr die Verarbeitung.<\/li>\n<li>Die betroffene Person legt gem\u00e4\u00df Art. 21 Abs. 1 DS-GVO Widerspruch gegen die Verarbeitung ein, und es liegen keine vorrangigen berechtigten Gr\u00fcnde f\u00fcr die Verarbeitung vor, oder die betroffene Person legt gem\u00e4\u00df Art. 21 Abs. 2 DS-GVO Widerspruch gegen die Verarbeitung ein.<\/li>\n<li>Die personenbezogenen Daten wurden unrechtm\u00e4\u00dfig verarbeitet.<\/li>\n<li>Die L\u00f6schung der personenbezogenen Daten ist zur Erf\u00fcllung einer rechtlichen Verpflichtung nach dem Unionsrecht oder dem Recht der Mitgliedstaaten erforderlich, dem der Verantwortliche unterliegt.<\/li>\n<li>Die personenbezogenen Daten wurden in Bezug auf angebotene Dienste der Informationsgesellschaft gem\u00e4\u00df Art. 8 Abs. 1 DS-GVO erhoben.<\/li>\n<\/ul>\n<p>Sofern einer der oben genannten Gr\u00fcnde zutrifft und eine betroffene Person die L\u00f6schung von personenbezogenen Daten, die bei uns gespeichert sind, veranlassen m\u00f6chte, kann sie sich hierzu jederzeit an einen Mitarbeiter des f\u00fcr die Verarbeitung Verantwortlichen wenden. Unser Mitarbeiter wird veranlassen, dass dem L\u00f6schverlangen unverz\u00fcglich nachgekommen wird.<\/p>\n<p>Wurden die personenbezogenen Daten von uns \u00f6ffentlich gemacht und ist unser Unternehmen als Verantwortlicher gem\u00e4\u00df Art. 17 Abs. 1 DS-GVO zur L\u00f6schung der personenbezogenen Daten verpflichtet, so treffen wir unter Ber\u00fccksichtigung der verf\u00fcgbaren Technologie und der Implementierungskosten angemessene Ma\u00dfnahmen, auch technischer Art, um andere f\u00fcr die Datenverarbeitung Verantwortliche, welche die ver\u00f6ffentlichten personenbezogenen Daten verarbeiten, dar\u00fcber in Kenntnis zu setzen, dass die betroffene Person von diesen anderen f\u00fcr die Datenverarbeitung Verantwortlichen die L\u00f6schung s\u00e4mtlicher Links zu diesen personenbezogenen Daten oder von Kopien oder Replikationen dieser personenbezogenen Daten verlangt hat, soweit die Verarbeitung nicht erforderlich ist. Unser Mitarbeiter wird im Einzelfall das Notwendige veranlassen.<\/p>\n<\/div><\/div><\/section>\n<section class='av_tab_section av_tab_section av-1mjtlp6-231cf8870b4fd0d56cd145ed1fdad2f9'  itemscope=\"itemscope\" itemtype=\"https:\/\/schema.org\/CreativeWork\" ><div id='verarbeitungs-einschraenkung-tab' class='tab' role='tab' aria-selected=\"false\" tabindex=\"0\" data-fake-id='#verarbeitungs-einschraenkung' aria-controls='verarbeitungs-einschraenkung-content'  itemprop=\"headline\" >Recht auf Einschr\u00e4nkung der Verarbeitung<\/div><div id='verarbeitungs-einschraenkung-content' class='tab_content' role='tabpanel' aria-labelledby='verarbeitungs-einschraenkung-tab' aria-hidden=\"true\"><div class='tab_inner_content invers-color'  itemprop=\"text\" ><p>Jede von der Verarbeitung personenbezogener Daten betroffene Person hat das vom Europ\u00e4ischen Richtlinien- und Verordnungsgeber gew\u00e4hrte Recht, von dem Verantwortlichen die Einschr\u00e4nkung der Verarbeitung zu verlangen, wenn eine der folgenden Voraussetzungen gegeben ist:<\/p>\n<ul>\n<li>Die Richtigkeit der personenbezogenen Daten wird von der betroffenen Person bestritten, und zwar f\u00fcr eine Dauer, die es dem Verantwortlichen erm\u00f6glicht, die Richtigkeit der personenbezogenen Daten zu \u00fcberpr\u00fcfen.<\/li>\n<li>Die Verarbeitung ist unrechtm\u00e4\u00dfig, die betroffene Person lehnt die L\u00f6schung der personenbezogenen Daten ab und verlangt stattdessen die Einschr\u00e4nkung der Nutzung der personenbezogenen Daten.<\/li>\n<li>Der Verantwortliche ben\u00f6tigt die personenbezogenen Daten f\u00fcr die Zwecke der Verarbeitung nicht l\u00e4nger, die betroffene Person ben\u00f6tigt sie jedoch zur Geltendmachung, Aus\u00fcbung oder Verteidigung von Rechtsanspr\u00fcchen.<\/li>\n<li>Die betroffene Person hat Widerspruch gegen die Verarbeitung gem. Art. 21 Abs. 1 DS-GVO eingelegt und es steht noch nicht fest, ob die berechtigten Gr\u00fcnde des Verantwortlichen gegen\u00fcber denen der betroffenen Person \u00fcberwiegen.<\/li>\n<\/ul>\n<p>Sofern eine der oben genannten Voraussetzungen gegeben ist und eine betroffene Person die Einschr\u00e4nkung von personenbezogenen Daten, die bei uns gespeichert sind, verlangen m\u00f6chte, kann sie sich hierzu jederzeit an einen Mitarbeiter des f\u00fcr die Verarbeitung Verantwortlichen wenden. Unser Mitarbeiter wird die Einschr\u00e4nkung der Verarbeitung veranlassen.<\/p>\n<\/div><\/div><\/section>\n<section class='av_tab_section av_tab_section av-g04j7iy-b0efaeed3a162f53ab93e0e2f7363475'  itemscope=\"itemscope\" itemtype=\"https:\/\/schema.org\/CreativeWork\" ><div id='datenuebertragbarkeit-tab' class='tab' role='tab' aria-selected=\"false\" tabindex=\"0\" data-fake-id='#datenuebertragbarkeit' aria-controls='datenuebertragbarkeit-content'  itemprop=\"headline\" >Recht auf Daten\u00fcbertragbarkeit<\/div><div id='datenuebertragbarkeit-content' class='tab_content' role='tabpanel' aria-labelledby='datenuebertragbarkeit-tab' aria-hidden=\"true\"><div class='tab_inner_content invers-color'  itemprop=\"text\" ><p>Jede von der Verarbeitung personenbezogener Daten betroffene Person hat das vom Europ\u00e4ischen Richtlinien- und Verordnungsgeber gew\u00e4hrte Recht, die sie betreffenden personenbezogenen Daten, welche durch die betroffene Person einem Verantwortlichen bereitgestellt wurden, in einem strukturierten, g\u00e4ngigen und maschinenlesbaren Format zu erhalten. Sie hat au\u00dferdem das Recht, diese Daten einem anderen Verantwortlichen ohne Behinderung durch den Verantwortlichen, dem die personenbezogenen Daten bereitgestellt wurden, zu \u00fcbermitteln, sofern die Verarbeitung auf der Einwilligung gem\u00e4\u00df Art. 6 Abs. 1 Buchstabe a DS-GVO oder Art. 9 Abs. 2 Buchstabe a DS-GVO oder auf einem Vertrag gem\u00e4\u00df Art. 6 Abs. 1 Buchstabe b DS-GVO beruht und die Verarbeitung mithilfe automatisierter Verfahren erfolgt, sofern die Verarbeitung nicht f\u00fcr die Wahrnehmung einer Aufgabe erforderlich ist, die im \u00f6ffentlichen Interesse liegt oder in Aus\u00fcbung \u00f6ffentlicher Gewalt erfolgt, welche dem Verantwortlichen \u00fcbertragen wurde.<\/p>\n<p>Ferner hat die betroffene Person bei der Aus\u00fcbung ihres Rechts auf Daten\u00fcbertragbarkeit gem\u00e4\u00df Art. 20 Abs. 1 DS-GVO das Recht, zu erwirken, dass die personenbezogenen Daten direkt von einem Verantwortlichen an einen anderen Verantwortlichen \u00fcbermittelt werden, soweit dies technisch machbar ist und sofern hiervon nicht die Rechte und Freiheiten anderer Personen beeintr\u00e4chtigt werden.<\/p>\n<p>Zur Geltendmachung des Rechts auf Daten\u00fcbertragbarkeit kann sich die betroffene Person jederzeit an einen Mitarbeiter unseres Unternehmens wenden.<\/p>\n<\/div><\/div><\/section>\n<section class='av_tab_section av_tab_section av-f8kxri2-32ec84a17c5f2451edc9ccf8b3352aec'  itemscope=\"itemscope\" itemtype=\"https:\/\/schema.org\/CreativeWork\" ><div id='widerspruchsrecht-tab' class='tab' role='tab' aria-selected=\"false\" tabindex=\"0\" data-fake-id='#widerspruchsrecht' aria-controls='widerspruchsrecht-content'  itemprop=\"headline\" >Recht auf Widerspruch<\/div><div id='widerspruchsrecht-content' class='tab_content' role='tabpanel' aria-labelledby='widerspruchsrecht-tab' aria-hidden=\"true\"><div class='tab_inner_content invers-color'  itemprop=\"text\" ><p>Jede von der Verarbeitung personenbezogener Daten betroffene Person hat das vom Europ\u00e4ischen Richtlinien- und Verordnungsgeber gew\u00e4hrte Recht, aus Gr\u00fcnden, die sich aus ihrer besonderen Situation ergeben, jederzeit gegen die Verarbeitung sie betreffender personenbezogener Daten, die aufgrund von Art. 6 Abs. 1 Buchstaben e oder f DS-GVO erfolgt, Widerspruch einzulegen. Dies gilt auch f\u00fcr ein auf diese Bestimmungen gest\u00fctztes Profiling.<\/p>\n<p>Wir verarbeiten die personenbezogenen Daten im Falle des Widerspruchs nicht mehr, es sei denn, wir k\u00f6nnen zwingende schutzw\u00fcrdige Gr\u00fcnde f\u00fcr die Verarbeitung nachweisen, die den Interessen, Rechten und Freiheiten der betroffenen Person \u00fcberwiegen, oder die Verarbeitung dient der Geltendmachung, Aus\u00fcbung oder Verteidigung von Rechtsanspr\u00fcchen.<\/p>\n<p>Verarbeiten wir personenbezogene Daten, um Direktwerbung zu betreiben, so hat die betroffene Person das Recht, jederzeit Widerspruch gegen die Verarbeitung der personenbezogenen Daten zum Zwecke derartiger Werbung einzulegen. Dies gilt auch f\u00fcr das Profiling, soweit es mit solcher Direktwerbung in Verbindung steht. Widerspricht die betroffene Person gegen\u00fcber uns die Verarbeitung f\u00fcr Zwecke der Direktwerbung, so werden wir die personenbezogenen Daten nicht mehr f\u00fcr diese Zwecke verarbeiten.<\/p>\n<p>Zudem hat die betroffene Person das Recht, aus Gr\u00fcnden, die sich aus ihrer besonderen Situation ergeben, gegen die sie betreffende Verarbeitung personenbezogener Daten, die bei uns zu wissenschaftlichen oder historischen Forschungszwecken oder zu statistischen Zwecken gem\u00e4\u00df Art. 89 Abs. 1 DS-GVO erfolgen, Widerspruch einzulegen, es sei denn, eine solche Verarbeitung ist zur Erf\u00fcllung einer im \u00f6ffentlichen Interesse liegenden Aufgabe erforderlich.<\/p>\n<p>Zur Aus\u00fcbung des Rechts auf Widerspruch kann sich die betroffene Person direkt an jeden Mitarbeiter unseres Unternehmens wenden. Der betroffenen Person steht es ferner frei, im Zusammenhang mit der Nutzung von Diensten der Informationsgesellschaft, ungeachtet der Richtlinie 2002\/58\/EG, ihr Widerspruchsrecht mittels automatisierter Verfahren auszu\u00fcben, bei denen technische Spezifikationen verwendet werden.<\/p>\n<\/div><\/div><\/section>\n<section class='av_tab_section av_tab_section av-f4rtmvu-c06f6fe7fd300d6c03d6f929d0f23b91'  itemscope=\"itemscope\" itemtype=\"https:\/\/schema.org\/CreativeWork\" ><div id='automatisierte-entscheidung-tab' class='tab' role='tab' aria-selected=\"false\" tabindex=\"0\" data-fake-id='#automatisierte-entscheidung' aria-controls='automatisierte-entscheidung-content'  itemprop=\"headline\" >Automatisierte Entscheidungen im Einzelfall einschlie\u00dflich Profiling<\/div><div id='automatisierte-entscheidung-content' class='tab_content' role='tabpanel' aria-labelledby='automatisierte-entscheidung-tab' aria-hidden=\"true\"><div class='tab_inner_content invers-color'  itemprop=\"text\" ><p>Jede von der Verarbeitung personenbezogener Daten betroffene Person hat das vom Europ\u00e4ischen Richtlinien- und Verordnungsgeber gew\u00e4hrte Recht, nicht einer ausschlie\u00dflich auf einer automatisierten Verarbeitung \u2014 einschlie\u00dflich Profiling \u2014 beruhenden Entscheidung unterworfen zu werden, die ihr gegen\u00fcber rechtliche Wirkung entfaltet oder sie in \u00e4hnlicher Weise erheblich beeintr\u00e4chtigt, sofern die Entscheidung (1) nicht f\u00fcr den Abschluss oder die Erf\u00fcllung eines Vertrags zwischen der betroffenen Person und dem Verantwortlichen erforderlich ist, oder (2) aufgrund von Rechtsvorschriften der Union oder der Mitgliedstaaten, denen der Verantwortliche unterliegt, zul\u00e4ssig ist und diese Rechtsvorschriften angemessene Ma\u00dfnahmen zur Wahrung der Rechte und Freiheiten sowie der berechtigten Interessen der betroffenen Person enthalten oder (3) mit ausdr\u00fccklicher Einwilligung der betroffenen Person erfolgt.<\/p>\n<p>Ist die Entscheidung (1) f\u00fcr den Abschluss oder die Erf\u00fcllung eines Vertrags zwischen der betroffenen Person und dem Verantwortlichen erforderlich oder (2) erfolgt sie mit ausdr\u00fccklicher Einwilligung der betroffenen Person, treffen wir angemessene Ma\u00dfnahmen, um die Rechte und Freiheiten sowie die berechtigten Interessen der betroffenen Person zu wahren, wozu mindestens das Recht auf Erwirkung des Eingreifens einer Person seitens des Verantwortlichen, auf Darlegung des eigenen Standpunkts und auf Anfechtung der Entscheidung geh\u00f6rt.<\/p>\n<p>M\u00f6chte die betroffene Person Rechte mit Bezug auf automatisierte Entscheidungen geltend machen, kann sie sich hierzu jederzeit an einen Mitarbeiter des f\u00fcr die Verarbeitung Verantwortlichen wenden.<\/p>\n<\/div><\/div><\/section>\n<section class='av_tab_section av_tab_section av-1gmuum2-96d97574217af12098c2e7b71529d066'  itemscope=\"itemscope\" itemtype=\"https:\/\/schema.org\/CreativeWork\" ><div id='widerruf-der-einwilligung-tab' class='tab' role='tab' aria-selected=\"false\" tabindex=\"0\" data-fake-id='#widerruf-der-einwilligung' aria-controls='widerruf-der-einwilligung-content'  itemprop=\"headline\" >Recht auf Widerruf einer datenschutzrechtlichen Einwilligung<\/div><div id='widerruf-der-einwilligung-content' class='tab_content' role='tabpanel' aria-labelledby='widerruf-der-einwilligung-tab' aria-hidden=\"true\"><div class='tab_inner_content invers-color'  itemprop=\"text\" ><p>Jede von der Verarbeitung personenbezogener Daten betroffene Person hat das vom Europ\u00e4ischen Richtlinien- und Verordnungsgeber gew\u00e4hrte Recht, eine Einwilligung zur Verarbeitung personenbezogener Daten jederzeit zu widerrufen.<\/p>\n<p>M\u00f6chte die betroffene Person ihr Recht auf Widerruf einer Einwilligung geltend machen, kann sie sich hierzu jederzeit an einen Mitarbeiter des f\u00fcr die Verarbeitung Verantwortlichen wenden.<\/p>\n<\/div><\/div><\/section>\n<\/div>\n\n<\/div><\/div><\/div><!-- close content main div --><\/div><\/div><div id='av_section_5'  class='avia-section av-oew5h-c842753e44ac62d28e7b8514e5100590 main_color avia-section-default avia-no-border-styling  avia-builder-el-22  el_after_av_section  el_before_av_section  avia-bg-style-scroll container_wrap fullsize'  ><div class='container av-section-cont-open' ><div class='template-page content  av-content-full alpha units'><div class='post-entry post-entry-type-page post-entry-637'><div class='entry-content-wrapper clearfix'>\n\n<style type=\"text\/css\" data-created_by=\"avia_inline_auto\" id=\"style-css-av-myg19-ace37aaaf19ca0aae2ec7cb0e24a9e18\">\n#top .av-special-heading.av-myg19-ace37aaaf19ca0aae2ec7cb0e24a9e18{\npadding-bottom:10px;\n}\nbody .av-special-heading.av-myg19-ace37aaaf19ca0aae2ec7cb0e24a9e18 .av-special-heading-tag .heading-char{\nfont-size:25px;\n}\n.av-special-heading.av-myg19-ace37aaaf19ca0aae2ec7cb0e24a9e18 .av-subheading{\nfont-size:15px;\n}\n<\/style>\n<div  class='av-special-heading av-myg19-ace37aaaf19ca0aae2ec7cb0e24a9e18 av-special-heading-h3  avia-builder-el-23  el_before_av_tab_container  avia-builder-el-first '><h3 class='av-special-heading-tag '  itemprop=\"headline\"  >spezielle Datenschutzhinweise<\/h3><div class=\"special-heading-border\"><div class=\"special-heading-inner-border\"><\/div><\/div><\/div>\n<div  class='tabcontainer av-gs4y5-e1dcafd938e73bc277c47f9283537202 sidebar_tab sidebar_tab_left  avia-builder-el-24  el_after_av_heading  avia-builder-el-last  blocksatz hyphenate border_tabs'>\n<section class='av_tab_section av_tab_section av-193fbx6-49ff64be2066fe7d07d10bcb14d29b6c'  itemscope=\"itemscope\" itemtype=\"https:\/\/schema.org\/CreativeWork\" ><div id='bewerbungen-tab' class='tab active_tab' role='tab' aria-selected=\"true\" tabindex=\"0\" data-fake-id='#bewerbungen' aria-controls='bewerbungen-content'  itemprop=\"headline\" >Datenschutz bei Bewerbungen und im Bewerbungsverfahren<\/div><div id='bewerbungen-content' class='tab_content active_tab_content' role='tabpanel' aria-labelledby='bewerbungen-tab' aria-hidden=\"false\"><div class='tab_inner_content invers-color'  itemprop=\"text\" ><p>Der f\u00fcr die Verarbeitung Verantwortliche erhebt und verarbeitet die personenbezogenen Daten von Bewerbern zum Zwecke der Abwicklung des Bewerbungsverfahrens. Die Verarbeitung kann auch auf elektronischem Wege erfolgen. Dies ist insbesondere dann der Fall, wenn ein Bewerber entsprechende Bewerbungsunterlagen auf dem elektronischen Wege, beispielsweise per E-Mail oder \u00fcber ein auf der Internetseite befindliches Webformular, an den f\u00fcr die Verarbeitung Verantwortlichen \u00fcbermittelt. Schlie\u00dft der f\u00fcr die Verarbeitung Verantwortliche einen Anstellungsvertrag mit einem Bewerber, werden die \u00fcbermittelten Daten zum Zwecke der Abwicklung des Besch\u00e4ftigungsverh\u00e4ltnisses unter Beachtung der gesetzlichen Vorschriften gespeichert. Wird von dem f\u00fcr die Verarbeitung Verantwortlichen kein Anstellungsvertrag mit dem Bewerber geschlossen, so werden die Bewerbungsunterlagen zwei Monate nach Bekanntgabe der Absageentscheidung automatisch gel\u00f6scht, sofern einer L\u00f6schung keine sonstigen berechtigten Interessen des f\u00fcr die Verarbeitung Verantwortlichen entgegenstehen. Sonstiges berechtigtes Interesse in diesem Sinne ist beispielsweise eine Beweispflicht in einem Verfahren nach dem Allgemeinen Gleichbehandlungsgesetz (AGG).<\/p>\n<\/div><\/div><\/section>\n<section class='av_tab_section av_tab_section av-c7gu5lm-03714586df6fd339d551e8c6db5965c0'  itemscope=\"itemscope\" itemtype=\"https:\/\/schema.org\/CreativeWork\" ><div id='facebook-tab' class='tab' role='tab' aria-selected=\"false\" tabindex=\"0\" data-fake-id='#facebook' aria-controls='facebook-content'  itemprop=\"headline\" >Einsatz und Verwendung von Facebook<\/div><div id='facebook-content' class='tab_content' role='tabpanel' aria-labelledby='facebook-tab' aria-hidden=\"true\"><div class='tab_inner_content invers-color'  itemprop=\"text\" ><p>Der f\u00fcr die Verarbeitung Verantwortliche hat auf dieser Internetseite Komponenten des Unternehmens Facebook integriert. Facebook ist ein soziales Netzwerk.<\/p>\n<p>Ein soziales Netzwerk ist ein im Internet betriebener sozialer Treffpunkt, eine Online-Gemeinschaft, die es den Nutzern in der Regel erm\u00f6glicht, untereinander zu kommunizieren und im virtuellen Raum zu interagieren. Ein soziales Netzwerk kann als Plattform zum Austausch von Meinungen und Erfahrungen dienen oder erm\u00f6glicht es der Internetgemeinschaft, pers\u00f6nliche oder unternehmensbezogene Informationen bereitzustellen. Facebook erm\u00f6glicht den Nutzern des sozialen Netzwerkes unter anderem die Erstellung von privaten Profilen, den Upload von Fotos und eine Vernetzung \u00fcber Freundschaftsanfragen.<\/p>\n<p>Betreibergesellschaft von Facebook ist die Facebook, Inc., 1 Hacker Way, Menlo Park, CA 94025, USA. F\u00fcr die Verarbeitung personenbezogener Daten Verantwortlicher ist, wenn eine betroffene Person au\u00dferhalb der USA oder Kanada lebt, die Facebook Ireland Ltd., 4 Grand Canal Square, Grand Canal Harbour, Dublin 2, Ireland.<\/p>\n<p>Durch jeden Aufruf einer der Einzelseiten dieser Internetseite, die durch den f\u00fcr die Verarbeitung Verantwortlichen betrieben wird und auf welcher eine Facebook-Komponente (Facebook-Plug-In) integriert wurde, wird der Internetbrowser auf dem informationstechnologischen System der betroffenen Person automatisch durch die jeweilige Facebook-Komponente veranlasst, eine Darstellung der entsprechenden Facebook-Komponente von Facebook herunterzuladen. Eine Gesamt\u00fcbersicht \u00fcber alle Facebook-Plug-Ins kann unter https:\/\/developers.facebook.com\/docs\/plugins\/?locale=de_DE abgerufen werden. Im Rahmen dieses technischen Verfahrens erh\u00e4lt Facebook Kenntnis dar\u00fcber, welche konkrete Unterseite unserer Internetseite durch die betroffene Person besucht wird.<\/p>\n<p>Sofern die betroffene Person gleichzeitig bei Facebook eingeloggt ist, erkennt Facebook mit jedem Aufruf unserer Internetseite durch die betroffene Person und w\u00e4hrend der gesamten Dauer des jeweiligen Aufenthaltes auf unserer Internetseite, welche konkrete Unterseite unserer Internetseite die betroffene Person besucht. Diese Informationen werden durch die Facebook-Komponente gesammelt und durch Facebook dem jeweiligen Facebook-Account der betroffenen Person zugeordnet. Bet\u00e4tigt die betroffene Person einen der auf unserer Internetseite integrierten Facebook-Buttons, beispielsweise den \u201eGef\u00e4llt mir\u201c-Button, oder gibt die betroffene Person einen Kommentar ab, ordnet Facebook diese Information dem pers\u00f6nlichen Facebook-Benutzerkonto der betroffenen Person zu und speichert diese personenbezogenen Daten.<\/p>\n<p>Facebook erh\u00e4lt \u00fcber die Facebook-Komponente immer dann eine Information dar\u00fcber, dass die betroffene Person unsere Internetseite besucht hat, wenn die betroffene Person zum Zeitpunkt des Aufrufs unserer Internetseite gleichzeitig bei Facebook eingeloggt ist; dies findet unabh\u00e4ngig davon statt, ob die betroffene Person die Facebook-Komponente anklickt oder nicht. Ist eine derartige \u00dcbermittlung dieser Informationen an Facebook von der betroffenen Person nicht gewollt, kann diese die \u00dcbermittlung dadurch verhindern, dass sie sich vor einem Aufruf unserer Internetseite aus ihrem Facebook-Account ausloggt.<\/p>\n<p>Die von Facebook ver\u00f6ffentlichte Datenrichtlinie, die unter <a href=\"https:\/\/de-de.facebook.com\/about\/privacy\/\">https:\/\/de-de.facebook.com\/about\/privacy\/<\/a> abrufbar ist, gibt Aufschluss \u00fcber die Erhebung, Verarbeitung und Nutzung personenbezogener Daten durch Facebook. Ferner wird dort erl\u00e4utert, welche Einstellungsm\u00f6glichkeiten Facebook zum Schutz der Privatsph\u00e4re der betroffenen Person bietet. Zudem sind unterschiedliche Applikationen erh\u00e4ltlich, die es erm\u00f6glichen, eine Daten\u00fcbermittlung an Facebook zu unterdr\u00fccken. Solche Applikationen k\u00f6nnen durch die betroffene Person genutzt werden, um eine Daten\u00fcbermittlung an Facebook zu unterdr\u00fccken.<\/p>\n<\/div><\/div><\/section>\n<section class='av_tab_section av_tab_section av-9v9b7kq-10c722c7175717b7656ac4d31e060c69'  itemscope=\"itemscope\" itemtype=\"https:\/\/schema.org\/CreativeWork\" ><div id='google-webfonts-tab' class='tab' role='tab' aria-selected=\"false\" tabindex=\"0\" data-fake-id='#google-webfonts' aria-controls='google-webfonts-content'  itemprop=\"headline\" >Google Web Fonts<\/div><div id='google-webfonts-content' class='tab_content' role='tabpanel' aria-labelledby='google-webfonts-tab' aria-hidden=\"true\"><div class='tab_inner_content invers-color'  itemprop=\"text\" ><p>Google Web Fonts<br \/>\nDiese Seite nutzt zur einheitlichen Darstellung von Schriftarten so genannte Web Fonts, die von Google bereitgestellt werden. Beim Aufruf einer Seite l\u00e4dt Ihr Browser die ben\u00f6tigten Web Fonts in ihren Browsercache, um Texte und Schriftarten korrekt anzuzeigen.<\/p>\n<p>Zu diesem Zweck muss der von Ihnen verwendete Browser Verbindung zu den Servern von Google aufnehmen. Hierdurch erlangt Google Kenntnis dar\u00fcber, dass \u00fcber Ihre IP-Adresse unsere Website aufgerufen wurde. Die Nutzung von Google Web Fonts erfolgt im Interesse einer einheitlichen und ansprechenden Darstellung unserer Online-Angebote. Dies stellt ein berechtigtes Interesse im Sinne von Art. 6 Abs. 1 lit. f DSGVO dar.<\/p>\n<p>Sollte Ihr Browser Web Fonts nicht unterst\u00fctzen, wird eine Standardschrift von Ihrem Computer verwendet.<\/p>\n<\/div><\/div><\/section>\n<section class='av_tab_section av_tab_section av-9chx2xm-af6519f8a0a6297ca308053d45a1c429'  itemscope=\"itemscope\" itemtype=\"https:\/\/schema.org\/CreativeWork\" ><div id='google-maps-tab' class='tab' role='tab' aria-selected=\"false\" tabindex=\"0\" data-fake-id='#google-maps' aria-controls='google-maps-content'  itemprop=\"headline\" >Google Maps<\/div><div id='google-maps-content' class='tab_content' role='tabpanel' aria-labelledby='google-maps-tab' aria-hidden=\"true\"><div class='tab_inner_content invers-color'  itemprop=\"text\" ><p>Diese Website verwendet die \u201eGoogle Maps und Routenplaner\u201c- Funktion der Google Inc., 1600 Amphitheatre Parkway, Mountain View, CA 94043, United States (\u201eGoogle\u201c), um geographische Informationen und Anfahrtrouten darzustellen bzw. zu berechnen. Durch Google Maps k\u00f6nnen Daten \u00fcber Ihre Nutzung dieser Webseite an Google \u00fcbertragen, erhoben und von Google genutzt werden. Sie k\u00f6nnen eine solche Daten\u00fcbertragung verhindern, wenn Sie in Ihrem Browser \u201eJavascript\u201c deaktivieren. In dem Falle k\u00f6nnen aber keine Karten angezeigt werden. Durch die Nutzung dieser Webseite und die Nichtdeaktivierung von \u201eJavascript\u201c erkl\u00e4ren Sie Ihr Einverst\u00e4ndnis, dass Sie mit der Bearbeitung Ihrer Daten durch Google zum obigen Zwecke einverstanden sind. Weitere Informationen dar\u00fcber wie \u201eGoogle Maps\u201c und der Routenplaner Ihre Daten verwenden sowie die Datenschutzerkl\u00e4rung von Google finden Sie unter: <a href=\"https:\/\/www.google.com\/intl\/de_de\/help\/terms_maps.html\">https:\/\/www.google.com\/intl\/de_de\/help\/terms_maps.html<\/a><\/p>\n<\/div><\/div><\/section>\n<section class='av_tab_section av_tab_section av-89j7tp6-ee6ff3a5eefd1a949ad23cc8a5d02614'  itemscope=\"itemscope\" itemtype=\"https:\/\/schema.org\/CreativeWork\" ><div id='twitter-tab' class='tab' role='tab' aria-selected=\"false\" tabindex=\"0\" data-fake-id='#twitter' aria-controls='twitter-content'  itemprop=\"headline\" >Einsatz und Verwendung von Twitter<\/div><div id='twitter-content' class='tab_content' role='tabpanel' aria-labelledby='twitter-tab' aria-hidden=\"true\"><div class='tab_inner_content invers-color'  itemprop=\"text\" ><p>Der f\u00fcr die Verarbeitung Verantwortliche hat auf dieser Internetseite Komponenten von Twitter integriert. Twitter ist ein multilingualer \u00f6ffentlich zug\u00e4nglicher Mikroblogging-Dienst, auf welchem die Nutzer sogenannte Tweets, also Kurznachrichten, die auf 140 Zeichen begrenzt sind, ver\u00f6ffentlichen und verbreiten k\u00f6nnen. Diese Kurznachrichten sind f\u00fcr jedermann, also auch f\u00fcr nicht bei Twitter angemeldete Personen abrufbar. Die Tweets werden aber auch den sogenannten Followern des jeweiligen Nutzers angezeigt. Follower sind andere Twitter-Nutzer, die den Tweets eines Nutzers folgen. Ferner erm\u00f6glicht Twitter \u00fcber Hashtags, Verlinkungen oder Retweets die Ansprache eines breiten Publikums.<\/p>\n<p>Betreibergesellschaft von Twitter ist die Twitter, Inc., 1355 Market Street, Suite 900, San Francisco, CA 94103, USA.<\/p>\n<p>Durch jeden Aufruf einer der Einzelseiten dieser Internetseite, die durch den f\u00fcr die Verarbeitung Verantwortlichen betrieben wird und auf welcher eine Twitter-Komponente (Twitter-Button) integriert wurde, wird der Internetbrowser auf dem informationstechnologischen System der betroffenen Person automatisch durch die jeweilige Twitter-Komponente veranlasst, eine Darstellung der entsprechenden Twitter-Komponente von Twitter herunterzuladen. Weitere Informationen zu den Twitter-Buttons sind unter https:\/\/about.twitter.com\/de\/resources\/buttons abrufbar. Im Rahmen dieses technischen Verfahrens erh\u00e4lt Twitter Kenntnis dar\u00fcber, welche konkrete Unterseite unserer Internetseite durch die betroffene Person besucht wird. Zweck der Integration der Twitter-Komponente ist es, unseren Nutzern eine Weiterverbreitung der Inhalte diese Internetseite zu erm\u00f6glichen, diese Internetseite in der digitalen Welt bekannt zu machen und unsere Besucherzahlen zu erh\u00f6hen.<\/p>\n<p>Sofern die betroffene Person gleichzeitig bei Twitter eingeloggt ist, erkennt Twitter mit jedem Aufruf unserer Internetseite durch die betroffene Person und w\u00e4hrend der gesamten Dauer des jeweiligen Aufenthaltes auf unserer Internetseite, welche konkrete Unterseite unserer Internetseite die betroffene Person besucht. Diese Informationen werden durch die Twitter-Komponente gesammelt und durch Twitter dem jeweiligen Twitter-Account der betroffenen Person zugeordnet. Bet\u00e4tigt die betroffene Person einen der auf unserer Internetseite integrierten Twitter-Buttons, werden die damit \u00fcbertragenen Daten und Informationen dem pers\u00f6nlichen Twitter-Benutzerkonto der betroffenen Person zugeordnet und von Twitter gespeichert und verarbeitet.<\/p>\n<p>Twitter erh\u00e4lt \u00fcber die Twitter-Komponente immer dann eine Information dar\u00fcber, dass die betroffene Person unsere Internetseite besucht hat, wenn die betroffene Person zum Zeitpunkt des Aufrufs unserer Internetseite gleichzeitig bei Twitter eingeloggt ist; dies findet unabh\u00e4ngig davon statt, ob die betroffene Person die Twitter-Komponente anklickt oder nicht. Ist eine derartige \u00dcbermittlung dieser Informationen an Twitter von der betroffenen Person nicht gewollt, kann diese die \u00dcbermittlung dadurch verhindern, dass sie sich vor einem Aufruf unserer Internetseite aus ihrem Twitter-Account ausloggt.<\/p>\n<p>Die geltenden Datenschutzbestimmungen von Twitter sind unter <a href=\"https:\/\/twitter.com\/privacy?lang=de\">https:\/\/twitter.com\/privacy?lang=de<\/a> abrufbar.<\/p>\n<\/div><\/div><\/section>\n<section class='av_tab_section av_tab_section av-pzro7u-8f3186c35ec4aa906f8957af41b4c4c2'  itemscope=\"itemscope\" itemtype=\"https:\/\/schema.org\/CreativeWork\" ><div id='youtube-tab' class='tab' role='tab' aria-selected=\"false\" tabindex=\"0\" data-fake-id='#youtube' aria-controls='youtube-content'  itemprop=\"headline\" >Einsatz und Verwendung von YouTube<\/div><div id='youtube-content' class='tab_content' role='tabpanel' aria-labelledby='youtube-tab' aria-hidden=\"true\"><div class='tab_inner_content invers-color'  itemprop=\"text\" ><p>Der f\u00fcr die Verarbeitung Verantwortliche hat auf dieser Internetseite Komponenten von YouTube integriert. YouTube ist ein Internet-Videoportal, dass Video-Publishern das kostenlose Einstellen von Videoclips und anderen Nutzern die ebenfalls kostenfreie Betrachtung, Bewertung und Kommentierung dieser erm\u00f6glicht. YouTube gestattet die Publikation aller Arten von Videos, weshalb sowohl komplette Film- und Fernsehsendungen, aber auch Musikvideos, Trailer oder von Nutzern selbst angefertigte Videos \u00fcber das Internetportal abrufbar sind.<\/p>\n<p>Betreibergesellschaft von YouTube ist die YouTube, LLC, 901 Cherry Ave., San Bruno, CA 94066, USA. Die YouTube, LLC ist einer Tochtergesellschaft der Google Inc., 1600 Amphitheatre Pkwy, Mountain View, CA 94043-1351, USA.<\/p>\n<p>Durch jeden Aufruf einer der Einzelseiten dieser Internetseite, die durch den f\u00fcr die Verarbeitung Verantwortlichen betrieben wird und auf welcher eine YouTube-Komponente (YouTube-Video) integriert wurde, wird der Internetbrowser auf dem informationstechnologischen System der betroffenen Person automatisch durch die jeweilige YouTube-Komponente veranlasst, eine Darstellung der entsprechenden YouTube-Komponente von YouTube herunterzuladen. Weitere Informationen zu YouTube k\u00f6nnen unter <a href=\"https:\/\/www.youtube.com\/yt\/about\/de\/\">https:\/\/www.youtube.com\/yt\/about\/de\/<\/a> abgerufen werden. Im Rahmen dieses technischen Verfahrens erhalten YouTube und Google Kenntnis dar\u00fcber, welche konkrete Unterseite unserer Internetseite durch die betroffene Person besucht wird.<\/p>\n<p>Sofern die betroffene Person gleichzeitig bei YouTube eingeloggt ist, erkennt YouTube mit dem Aufruf einer Unterseite, die ein YouTube-Video enth\u00e4lt, welche konkrete Unterseite unserer Internetseite die betroffene Person besucht. Diese Informationen werden durch YouTube und Google gesammelt und dem jeweiligen YouTube-Account der betroffenen Person zugeordnet.<\/p>\n<p>YouTube und Google erhalten \u00fcber die YouTube-Komponente immer dann eine Information dar\u00fcber, dass die betroffene Person unsere Internetseite besucht hat, wenn die betroffene Person zum Zeitpunkt des Aufrufs unserer Internetseite gleichzeitig bei YouTube eingeloggt ist; dies findet unabh\u00e4ngig davon statt, ob die betroffene Person ein YouTube-Video anklickt oder nicht. Ist eine derartige \u00dcbermittlung dieser Informationen an YouTube und Google von der betroffenen Person nicht gewollt, kann diese die \u00dcbermittlung dadurch verhindern, dass sie sich vor einem Aufruf unserer Internetseite aus ihrem YouTube-Account ausloggt.<\/p>\n<p>Die von YouTube ver\u00f6ffentlichten Datenschutzbestimmungen, die unter <a href=\"https:\/\/www.google.de\/intl\/de\/policies\/privacy\/\">https:\/\/www.google.de\/intl\/de\/policies\/privacy\/<\/a> abrufbar sind, geben Aufschluss \u00fcber die Erhebung, Verarbeitung und Nutzung personenbezogener Daten durch YouTube und Google.<\/p>\n<\/div><\/div><\/section>\n<\/div>\n\n<\/div><\/div><\/div><!-- close content main div --><\/div><\/div><div id='av_section_6'  class='avia-section av-4nsmja2-7c597a55dd0b646e2cafb4442252b59e main_color avia-section-default avia-no-border-styling  avia-builder-el-25  el_after_av_section  el_before_av_section  avia-bg-style-scroll container_wrap fullsize'  ><div class='container av-section-cont-open' ><div class='template-page content  av-content-full alpha units'><div class='post-entry post-entry-type-page post-entry-637'><div class='entry-content-wrapper clearfix'>\n\n<style type=\"text\/css\" data-created_by=\"avia_inline_auto\" id=\"style-css-av-4l5b1bu-e175291f9316f4369594d41489a08738\">\n#top .av-special-heading.av-4l5b1bu-e175291f9316f4369594d41489a08738{\npadding-bottom:10px;\n}\nbody .av-special-heading.av-4l5b1bu-e175291f9316f4369594d41489a08738 .av-special-heading-tag .heading-char{\nfont-size:25px;\n}\n.av-special-heading.av-4l5b1bu-e175291f9316f4369594d41489a08738 .av-subheading{\nfont-size:15px;\n}\n<\/style>\n<div  class='av-special-heading av-4l5b1bu-e175291f9316f4369594d41489a08738 av-special-heading-h3  avia-builder-el-26  el_before_av_tab_container  avia-builder-el-first '><h3 class='av-special-heading-tag '  itemprop=\"headline\"  >Rechtsgrundlage<\/h3><div class=\"special-heading-border\"><div class=\"special-heading-inner-border\"><\/div><\/div><\/div>\n<div  class='tabcontainer av-3qozfzu-116e40f5ac105b9899e93b29c06cfc10 sidebar_tab sidebar_tab_left  avia-builder-el-27  el_after_av_heading  avia-builder-el-last  blocksatz hyphenate border_tabs'>\n<section class='av_tab_section av_tab_section av-3a00hyy-a7949c6eac2cd36f65a5bbba7c79990e'  itemscope=\"itemscope\" itemtype=\"https:\/\/schema.org\/CreativeWork\" ><div id='verarbeitungs-grundlage-tab' class='tab active_tab' role='tab' aria-selected=\"true\" tabindex=\"0\" data-fake-id='#verarbeitungs-grundlage' aria-controls='verarbeitungs-grundlage-content'  itemprop=\"headline\" >Rechtsgrundlage der Verarbeitung<\/div><div id='verarbeitungs-grundlage-content' class='tab_content active_tab_content' role='tabpanel' aria-labelledby='verarbeitungs-grundlage-tab' aria-hidden=\"false\"><div class='tab_inner_content invers-color'  itemprop=\"text\" ><p>Art. 6 I lit. a DS-GVO dient unserem Unternehmen als Rechtsgrundlage f\u00fcr Verarbeitungsvorg\u00e4nge, bei denen wir eine Einwilligung f\u00fcr einen bestimmten Verarbeitungszweck einholen. Ist die Verarbeitung personenbezogener Daten zur Erf\u00fcllung eines Vertrags, dessen Vertragspartei die betroffene Person ist, erforderlich, wie dies beispielsweise bei Verarbeitungsvorg\u00e4ngen der Fall ist, die f\u00fcr eine Lieferung von Waren oder die Erbringung einer sonstigen Leistung oder Gegenleistung notwendig sind, so beruht die Verarbeitung auf Art. 6 I lit. b DS-GVO. Gleiches gilt f\u00fcr solche Verarbeitungsvorg\u00e4nge die zur Durchf\u00fchrung vorvertraglicher Ma\u00dfnahmen erforderlich sind, etwa in F\u00e4llen von Anfragen zur unseren Produkten oder Leistungen. Unterliegt unser Unternehmen einer rechtlichen Verpflichtung durch welche eine Verarbeitung von personenbezogenen Daten erforderlich wird, wie beispielsweise zur Erf\u00fcllung steuerlicher Pflichten, so basiert die Verarbeitung auf Art. 6 I lit. c DS-GVO. In seltenen F\u00e4llen k\u00f6nnte die Verarbeitung von personenbezogenen Daten erforderlich werden, um lebenswichtige Interessen der betroffenen Person oder einer anderen nat\u00fcrlichen Person zu sch\u00fctzen. Dies w\u00e4re beispielsweise der Fall, wenn ein Besucher in unserem Betrieb verletzt werden w\u00fcrde und daraufhin sein Name, sein Alter, seine Krankenkassendaten oder sonstige lebenswichtige Informationen an einen Arzt, ein Krankenhaus oder sonstige Dritte weitergegeben werden m\u00fcssten. Dann w\u00fcrde die Verarbeitung auf Art. 6 I lit. d DS-GVO beruhen.<br \/>\nLetztlich k\u00f6nnten Verarbeitungsvorg\u00e4nge auf Art. 6 I lit. f DS-GVO beruhen. Auf dieser Rechtsgrundlage basieren Verarbeitungsvorg\u00e4nge, die von keiner der vorgenannten Rechtsgrundlagen erfasst werden, wenn die Verarbeitung zur Wahrung eines berechtigten Interesses unseres Unternehmens oder eines Dritten erforderlich ist, sofern die Interessen, Grundrechte und Grundfreiheiten des Betroffenen nicht \u00fcberwiegen. Solche Verarbeitungsvorg\u00e4nge sind uns insbesondere deshalb gestattet, weil sie durch den Europ\u00e4ischen Gesetzgeber besonders erw\u00e4hnt wurden. Er vertrat insoweit die Auffassung, dass ein berechtigtes Interesse anzunehmen sein k\u00f6nnte, wenn die betroffene Person ein Kunde des Verantwortlichen ist (Erw\u00e4gungsgrund 47 Satz 2 DS-GVO).<\/p>\n<\/div><\/div><\/section>\n<section class='av_tab_section av_tab_section av-32uxiyi-bd94023b2b021dc976c5f7c740aa30ac'  itemscope=\"itemscope\" itemtype=\"https:\/\/schema.org\/CreativeWork\" ><div id='berechtigtes-interesse-tab' class='tab' role='tab' aria-selected=\"false\" tabindex=\"0\" data-fake-id='#berechtigtes-interesse' aria-controls='berechtigtes-interesse-content'  itemprop=\"headline\" >Berechtigte Interessen an der Verarbeitung<\/div><div id='berechtigtes-interesse-content' class='tab_content' role='tabpanel' aria-labelledby='berechtigtes-interesse-tab' aria-hidden=\"true\"><div class='tab_inner_content invers-color'  itemprop=\"text\" ><h4>die von dem Verantwortlichen oder einem Dritten verfolgt werden<\/h4>\n<p>Basiert die Verarbeitung personenbezogener Daten auf Artikel 6 I lit. f DS-GVO ist unser berechtigtes Interesse die Durchf\u00fchrung unserer Gesch\u00e4ftst\u00e4tigkeit zugunsten des Wohlergehens all unserer Mitarbeiter und unserer Anteilseigner.<\/p>\n<\/div><\/div><\/section>\n<section class='av_tab_section av_tab_section av-2n3aut6-553e924f4a5611f0ed69fa3654a74bf3'  itemscope=\"itemscope\" itemtype=\"https:\/\/schema.org\/CreativeWork\" ><div id='speicherdauer-tab' class='tab' role='tab' aria-selected=\"false\" tabindex=\"0\" data-fake-id='#speicherdauer' aria-controls='speicherdauer-content'  itemprop=\"headline\" >Dauer, f\u00fcr die die personenbezogenen Daten gespeichert werden<\/div><div id='speicherdauer-content' class='tab_content' role='tabpanel' aria-labelledby='speicherdauer-tab' aria-hidden=\"true\"><div class='tab_inner_content invers-color'  itemprop=\"text\" ><p>Das Kriterium f\u00fcr die Dauer der Speicherung von personenbezogenen Daten ist die jeweilige gesetzliche Aufbewahrungsfrist. Nach Ablauf der Frist werden die entsprechenden Daten routinem\u00e4\u00dfig gel\u00f6scht, sofern sie nicht mehr zur Vertragserf\u00fcllung oder Vertragsanbahnung erforderlich sind.<\/p>\n<\/div><\/div><\/section>\n<section class='av_tab_section av_tab_section av-23k3s7u-4cf9d01c0343310b709976cce9a72cf1'  itemscope=\"itemscope\" itemtype=\"https:\/\/schema.org\/CreativeWork\" ><div id='vorschriften-tab' class='tab' role='tab' aria-selected=\"false\" tabindex=\"0\" data-fake-id='#vorschriften' aria-controls='vorschriften-content'  itemprop=\"headline\" >Gesetzliche oder vertragliche Vorschriften <\/div><div id='vorschriften-content' class='tab_content' role='tabpanel' aria-labelledby='vorschriften-tab' aria-hidden=\"true\"><div class='tab_inner_content invers-color'  itemprop=\"text\" ><p><strong>zur Bereitstellung der personenbezogenen Daten; Erforderlichkeit f\u00fcr den Vertragsabschluss; Verpflichtung der betroffenen Person, die personenbezogenen Daten bereitzustellen; m\u00f6gliche Folgen der Nichtbereitstellung<\/strong><\/p>\n<p>Wir kl\u00e4ren Sie dar\u00fcber auf, dass die Bereitstellung personenbezogener Daten zum Teil gesetzlich vorgeschrieben ist (z.B. Steuervorschriften) oder sich auch aus vertraglichen Regelungen (z.B. Angaben zum Vertragspartner) ergeben kann.<br \/>\nMitunter kann es zu einem Vertragsschluss erforderlich sein, dass eine betroffene Person uns personenbezogene Daten zur Verf\u00fcgung stellt, die in der Folge durch uns verarbeitet werden m\u00fcssen. Die betroffene Person ist beispielsweise verpflichtet uns personenbezogene Daten bereitzustellen, wenn unser Unternehmen mit ihr einen Vertrag abschlie\u00dft. Eine Nichtbereitstellung der personenbezogenen Daten h\u00e4tte zur Folge, dass der Vertrag mit dem Betroffenen nicht geschlossen werden k\u00f6nnte.<br \/>\nVor einer Bereitstellung personenbezogener Daten durch den Betroffenen muss sich der Betroffene an einen unserer Mitarbeiter wenden. Unser Mitarbeiter kl\u00e4rt den Betroffenen einzelfallbezogen dar\u00fcber auf, ob die Bereitstellung der personenbezogenen Daten gesetzlich oder vertraglich vorgeschrieben oder f\u00fcr den Vertragsabschluss erforderlich ist, ob eine Verpflichtung besteht, die personenbezogenen Daten bereitzustellen, und welche Folgen die Nichtbereitstellung der personenbezogenen Daten h\u00e4tte.<\/p>\n<\/div><\/div><\/section>\n<\/div>\n\n<\/div><\/div><\/div><!-- close content main div --><\/div><\/div><div id='av_section_7'  class='avia-section av-9ku2l-e35e8fb447cba9513c0e49fc2e1ab6d5 main_color avia-section-default avia-no-border-styling  avia-builder-el-28  el_after_av_section  avia-builder-el-last  avia-bg-style-scroll container_wrap fullsize'  ><div class='container av-section-cont-open' ><div class='template-page content  av-content-full alpha units'><div class='post-entry post-entry-type-page post-entry-637'><div class='entry-content-wrapper clearfix'>\n\n<style type=\"text\/css\" data-created_by=\"avia_inline_auto\" id=\"style-css-av-1bfjvp6-58e8c641dba142940e648ffe60cf437d\">\n#top .av-special-heading.av-1bfjvp6-58e8c641dba142940e648ffe60cf437d{\npadding-bottom:10px;\n}\nbody .av-special-heading.av-1bfjvp6-58e8c641dba142940e648ffe60cf437d .av-special-heading-tag .heading-char{\nfont-size:25px;\n}\n.av-special-heading.av-1bfjvp6-58e8c641dba142940e648ffe60cf437d .av-subheading{\nfont-size:15px;\n}\n<\/style>\n<div  class='av-special-heading av-1bfjvp6-58e8c641dba142940e648ffe60cf437d av-special-heading-h3  avia-builder-el-29  el_before_av_textblock  avia-builder-el-first '><h3 class='av-special-heading-tag '  itemprop=\"headline\"  >Bestehen einer automatisierten Entscheidungsfindung<\/h3><div class=\"special-heading-border\"><div class=\"special-heading-inner-border\"><\/div><\/div><\/div>\n<section  class='av_textblock_section av-l4yt0a-b3afe8892fc42ce4b86346a9d538899b '   itemscope=\"itemscope\" itemtype=\"https:\/\/schema.org\/CreativeWork\" ><div class='avia_textblock'  itemprop=\"text\" ><p>Als verantwortungsbewusstes Unternehmen verzichten wir auf eine automatische Entscheidungsfindung oder ein Profiling.<\/p>\n<p>Diese Datenschutzerkl\u00e4rung wurde durch den <a href=\"https:\/\/dsgvo-muster-datenschutzerklaerung.dg-datenschutz.de\/\">Datenschutzerkl\u00e4rungs-Generator<\/a> von den <a href=\"https:\/\/dg-datenschutz.de\/\">Datenschutzbeauftragter Duisburg<\/a> und den <a href=\"https:\/\/www.wbs-law.de\/abmahnung-filesharing\/\">Filesharing Rechtsanw\u00e4lten<\/a> von WBS-LAW erstellt.<\/p>\n<\/div><\/section>\n\n","protected":false},"excerpt":{"rendered":"","protected":false},"author":1,"featured_media":0,"parent":0,"menu_order":0,"comment_status":"closed","ping_status":"closed","template":"","meta":{"inline_featured_image":false,"footnotes":""},"class_list":["post-637","page","type-page","status-publish","hentry"],"_links":{"self":[{"href":"https:\/\/www.vfg-bonn.de\/fachklinik\/wp-json\/wp\/v2\/pages\/637","targetHints":{"allow":["GET"]}}],"collection":[{"href":"https:\/\/www.vfg-bonn.de\/fachklinik\/wp-json\/wp\/v2\/pages"}],"about":[{"href":"https:\/\/www.vfg-bonn.de\/fachklinik\/wp-json\/wp\/v2\/types\/page"}],"author":[{"embeddable":true,"href":"https:\/\/www.vfg-bonn.de\/fachklinik\/wp-json\/wp\/v2\/users\/1"}],"replies":[{"embeddable":true,"href":"https:\/\/www.vfg-bonn.de\/fachklinik\/wp-json\/wp\/v2\/comments?post=637"}],"version-history":[{"count":5,"href":"https:\/\/www.vfg-bonn.de\/fachklinik\/wp-json\/wp\/v2\/pages\/637\/revisions"}],"predecessor-version":[{"id":3837,"href":"https:\/\/www.vfg-bonn.de\/fachklinik\/wp-json\/wp\/v2\/pages\/637\/revisions\/3837"}],"wp:attachment":[{"href":"https:\/\/www.vfg-bonn.de\/fachklinik\/wp-json\/wp\/v2\/media?parent=637"}],"curies":[{"name":"wp","href":"https:\/\/api.w.org\/{rel}","templated":true}]}}