{"id":635,"date":"2015-06-19T14:22:58","date_gmt":"2015-06-19T12:22:58","guid":{"rendered":"http:\/\/www.vfg-bonn.de\/wp-fkm\/?page_id=635"},"modified":"2020-03-10T19:11:58","modified_gmt":"2020-03-10T18:11:58","slug":"impressum","status":"publish","type":"page","link":"https:\/\/www.vfg-bonn.de\/fachklinik\/impressum\/","title":{"rendered":"Impressum"},"content":{"rendered":"<div id='av_section_1'  class='avia-section av-2rkm0j-85b05ee5520780b381d7dbb843f36f29 main_color avia-section-default avia-no-shadow  avia-builder-el-0  avia-builder-el-no-sibling  impressumcolor avia-bg-style-scroll container_wrap fullsize'  ><div class='container av-section-cont-open' ><main  role=\"main\" itemprop=\"mainContentOfPage\"  class='template-page content  av-content-full alpha units'><div class='post-entry post-entry-type-page post-entry-635'><div class='entry-content-wrapper clearfix'>\n\n<style type=\"text\/css\" data-created_by=\"avia_inline_auto\" id=\"style-css-av-2i4fvf-5ecb7294c6ed9ce70f45c5f4fed60ced\">\n.flex_column.av-2i4fvf-5ecb7294c6ed9ce70f45c5f4fed60ced{\nborder-radius:0px 0px 0px 0px;\npadding:0px 0px 0px 0px;\n}\n<\/style>\n<div  class='flex_column av-2i4fvf-5ecb7294c6ed9ce70f45c5f4fed60ced av_one_full  avia-builder-el-1  el_before_av_hr  avia-builder-el-first  first flex_column_div av-zero-column-padding  '     ><style type=\"text\/css\" data-created_by=\"avia_inline_auto\" id=\"style-css-av-av_heading-f7e0c6f7e4e62be7522afc66ad38baf9\">\n#top .av-special-heading.av-av_heading-f7e0c6f7e4e62be7522afc66ad38baf9{\npadding-bottom:10px;\nfont-size:32px;\n}\nbody .av-special-heading.av-av_heading-f7e0c6f7e4e62be7522afc66ad38baf9 .av-special-heading-tag .heading-char{\nfont-size:25px;\n}\n#top #wrap_all .av-special-heading.av-av_heading-f7e0c6f7e4e62be7522afc66ad38baf9 .av-special-heading-tag{\nfont-size:32px;\n}\n.av-special-heading.av-av_heading-f7e0c6f7e4e62be7522afc66ad38baf9 .av-subheading{\nfont-size:15px;\n}\n\n@media only screen and (min-width: 480px) and (max-width: 767px){ \n#top #wrap_all .av-special-heading.av-av_heading-f7e0c6f7e4e62be7522afc66ad38baf9 .av-special-heading-tag{\nfont-size:0.8em;\n}\n}\n\n@media only screen and (max-width: 479px){ \n#top #wrap_all .av-special-heading.av-av_heading-f7e0c6f7e4e62be7522afc66ad38baf9 .av-special-heading-tag{\nfont-size:0.8em;\n}\n}\n<\/style>\n<div  class='av-special-heading av-av_heading-f7e0c6f7e4e62be7522afc66ad38baf9 av-special-heading-h2 blockquote modern-quote  avia-builder-el-2  avia-builder-el-no-sibling  av-inherit-size'><h2 class='av-special-heading-tag '  itemprop=\"headline\"  >Impressum<\/h2><div class=\"special-heading-border\"><div class=\"special-heading-inner-border\"><\/div><\/div><\/div><\/div>\n<style type=\"text\/css\" data-created_by=\"avia_inline_auto\" id=\"style-css-av-1lszm3-8c4ab546231af1914622a978cf570d5a\">\n#top .hr.hr-invisible.av-1lszm3-8c4ab546231af1914622a978cf570d5a{\nheight:50px;\n}\n<\/style>\n<div  class='hr av-1lszm3-8c4ab546231af1914622a978cf570d5a hr-invisible  avia-builder-el-3  el_after_av_one_full  el_before_av_one_half '><span class='hr-inner '><span class=\"hr-inner-style\"><\/span><\/span><\/div>\n<div class='flex_column_table av-14nw7h-6473d7c47a710169f6bb0dfcc5e9a9d1 sc-av_one_half av-equal-height-column-flextable'>\n<style type=\"text\/css\" data-created_by=\"avia_inline_auto\" id=\"style-css-av-14nw7h-6473d7c47a710169f6bb0dfcc5e9a9d1\">\n@keyframes av_boxShadowEffect_av-14nw7h-6473d7c47a710169f6bb0dfcc5e9a9d1-column {\n0%   { box-shadow:  0 0 0 0 #aaaaaa; opacity: 1; }\n100% { box-shadow:  0 0 5px 0 #aaaaaa; opacity: 1; }\n}\n.flex_column.av-14nw7h-6473d7c47a710169f6bb0dfcc5e9a9d1{\nbox-shadow: 0 0 5px 0 #aaaaaa;\nborder-width:2px;\nborder-color:#aaaaaa;\nborder-style:solid;\nborder-radius:15px 15px 15px 15px;\npadding:20px 20px 20px 20px;\nbackground-color:#ffffff;\n}\n<\/style>\n<div  class='flex_column av-14nw7h-6473d7c47a710169f6bb0dfcc5e9a9d1 av_one_half  avia-builder-el-4  el_after_av_hr  el_before_av_one_half  Reihe1 first flex_column_table_cell av-equal-height-column av-align-top shadow-not-animated  '     ><section  class='av_textblock_section av-7hvrn-89726c2827d7193b9e5472780a4d0c0e '   itemscope=\"itemscope\" itemtype=\"https:\/\/schema.org\/CreativeWork\" ><div class='avia_textblock'  itemprop=\"text\" ><p><strong>VFG gemeinn\u00fctzige Betriebs-GmbH<\/strong><br \/>\nAm Dickobskreuz 6<br \/>\n53121 Bonn<\/p>\n<p>Gesch\u00e4ftsf\u00fchrung: Nelly Grunwald, Joachim Krebs<\/p>\n<p>Steuer-Nr.: 205\/5783\/1328<br \/>\nUst.ld.-Nr. DE224966119<\/p>\n<p>Handelsregister Bonn: HRB Nr. 12129<\/p>\n<p>Verantwortlich f\u00fcr den Inhalt dieses Angebots:<br \/>\nSusanne Fredebeul<br \/>\nAbteilung \u00d6ffentlichkeitsarbeit<br \/>\nAm Dickobskreuz 6<br \/>\n53121 Bonn<br \/>\nTelefon: +49 228 98 576-28 oder -38<br \/>\nTelefax: +49 228 98 576-40<br \/>\nE-Mail: <a href=\"mailto:fredebeul@vfg-bonn.de\" target=\"_blank\" rel=\"noopener noreferrer\">fredebeul@vfg-bonn.de<\/a><\/p>\n<p>So finden Sie uns: <a href=\"https:\/\/vfg-bonn.de\/fachklinik\/kontakt\/#anfahrt\">zur Wegbeschreibung<\/a><\/p>\n<\/div><\/section><\/div><div class='av-flex-placeholder'><\/div>\n<style type=\"text\/css\" data-created_by=\"avia_inline_auto\" id=\"style-css-av-14nw7h-903aadb55a450efe4f7b979f12ed34d6\">\n@keyframes av_boxShadowEffect_av-14nw7h-903aadb55a450efe4f7b979f12ed34d6-column {\n0%   { box-shadow:  0 0 0 0 #aaaaaa; opacity: 1; }\n100% { box-shadow:  0 0 5px 0 #aaaaaa; opacity: 1; }\n}\n.flex_column.av-14nw7h-903aadb55a450efe4f7b979f12ed34d6{\nbox-shadow: 0 0 5px 0 #aaaaaa;\nborder-width:2px;\nborder-color:#aaaaaa;\nborder-style:solid;\nborder-radius:15px 15px 15px 15px;\npadding:20px 20px 20px 20px;\nbackground-color:#ffffff;\n}\n<\/style>\n<div  class='flex_column av-14nw7h-903aadb55a450efe4f7b979f12ed34d6 av_one_half  avia-builder-el-6  el_after_av_one_half  el_before_av_heading  Reihe1 flex_column_table_cell av-equal-height-column av-align-top shadow-not-animated  '     ><section  class='av_textblock_section av-1qhjij-520d3073ca8e29d4fb46f2c8c6a044d8 '   itemscope=\"itemscope\" itemtype=\"https:\/\/schema.org\/CreativeWork\" ><div class='avia_textblock'  itemprop=\"text\" ><p>Fotos: Cynthia R\u00fchmekorf, Bonn<br \/>\nSusanne Fredebeul, VFG<br \/>\nRalf Schuhmann (Meckenheim Aufnahme)<br \/>\nTechnik und Administration: Victor G\u00f6rtzen, EDV Service<\/p>\n<p>Dieses Impressum bezeichnet ausschlie\u00dflich die f\u00fcr diese Seite im Sinne der einschl\u00e4gigen gesetzlichen Bestimmungen verantwortlichen Personen. Dies gilt, soweit im einzelnen nicht ausdr\u00fccklich andere Verantwortlichkeiten ausgewiesen sind. Es nicht gestattet, \u201cLinks\u201d auf dieses Impressum zu legen, damit der falsche Eindruck, hier genannte Personen seien auch f\u00fcr Ver\u00f6ffentlichungen Dritter verantwortlich, nicht entstehen kann.<\/p>\n<p><strong>Kontakt:<\/strong><br \/>\nFachklinik Meckenheim<br \/>\nAn der Alten Eiche 1<br \/>\n53340 Meckenheim<\/p>\n<p>Tel: 02225\/ 92 22-12<br \/>\nE-Mail: <a href=\"mailto:fachklinik@vfg-bonn.de\" target=\"_blank\" rel=\"noopener noreferrer\">fachklinik@vfg-bonn.de<\/a><\/p>\n<\/div><\/section><\/div><\/div><!--close column table wrapper. Autoclose: 1 -->\n<style type=\"text\/css\" data-created_by=\"avia_inline_auto\" id=\"style-css-av-av_heading-d2f972b6ba5cf1ec456b56dd52ea2ea3\">\n#top .av-special-heading.av-av_heading-d2f972b6ba5cf1ec456b56dd52ea2ea3{\npadding-bottom:10px;\n}\nbody .av-special-heading.av-av_heading-d2f972b6ba5cf1ec456b56dd52ea2ea3 .av-special-heading-tag .heading-char{\nfont-size:25px;\n}\n.av-special-heading.av-av_heading-d2f972b6ba5cf1ec456b56dd52ea2ea3 .av-subheading{\nfont-size:15px;\n}\n<\/style>\n<div  class='av-special-heading av-av_heading-d2f972b6ba5cf1ec456b56dd52ea2ea3 av-special-heading-h3  avia-builder-el-8  el_after_av_one_half  el_before_av_tab_container '><h3 class='av-special-heading-tag '  itemprop=\"headline\"  >Disclaimer<\/h3><div class=\"special-heading-border\"><div class=\"special-heading-inner-border\"><\/div><\/div><\/div>\n<div  class='tabcontainer av-1bdpkz-9612994bf2f310719eb24169acef0058 sidebar_tab sidebar_tab_left  avia-builder-el-9  el_after_av_heading  el_before_av_textblock  disclaimer-reiter border_tabs'>\n<section class='av_tab_section av_tab_section av-14svcj-aaf7feaebefeaedea2aaa776e8e3c0a9'  itemscope=\"itemscope\" itemtype=\"https:\/\/schema.org\/CreativeWork\" ><div id='inhaltshaftung-tab' class='tab active_tab' role='tab' aria-selected=\"true\" tabindex=\"0\" data-fake-id='#inhaltshaftung' aria-controls='inhaltshaftung-content'  itemprop=\"headline\" >Haftung f\u00fcr Inhalte<\/div><div id='inhaltshaftung-content' class='tab_content active_tab_content' role='tabpanel' aria-labelledby='inhaltshaftung-tab' aria-hidden=\"false\"><div class='tab_inner_content invers-color'  itemprop=\"text\" ><p>Diese Website enth\u00e4lt Verkn\u00fcpfungen zu Websites Dritter (&#8222;externe Links&#8220;). Diese Websites unterliegen der Haftung der jeweiligen Betreiber. Der Anbieter hat bei der erstmaligen Verkn\u00fcpfung der externen Links die fremden Inhalte daraufhin \u00fcberpr\u00fcft, ob etwaige Rechtsverst\u00f6\u00dfe bestehen. Zu dem Zeitpunkt waren keine Rechtsverst\u00f6\u00dfe ersichtlich. Der Anbieter hat keinerlei Einfluss auf die aktuelle und zuk\u00fcnftige Gestaltung und auf die Inhalte der verkn\u00fcpften Seiten. Das Setzen von externen Links bedeutet nicht, dass sich der Anbieter die hinter dem Verweis oder Link liegenden Inhalte zu Eigen macht. Eine st\u00e4ndige Kontrolle der externen Links ist f\u00fcr den Anbieter ohne konkrete Hinweise auf Rechtsverst\u00f6\u00dfe nicht zumutbar. Bei Kenntnis von Rechtsverst\u00f6\u00dfen werden jedoch derartige externe Links unverz\u00fcglich gel\u00f6scht.<\/p>\n<\/div><\/div><\/section>\n<section class='av_tab_section av_tab_section av-ujia3-b221a7d116d5b39666008dd9aa575a09'  itemscope=\"itemscope\" itemtype=\"https:\/\/schema.org\/CreativeWork\" ><div id='linkhaftung-tab' class='tab' role='tab' aria-selected=\"false\" tabindex=\"0\" data-fake-id='#linkhaftung' aria-controls='linkhaftung-content'  itemprop=\"headline\" >Haftung f\u00fcr Links<\/div><div id='linkhaftung-content' class='tab_content' role='tabpanel' aria-labelledby='linkhaftung-tab' aria-hidden=\"true\"><div class='tab_inner_content invers-color'  itemprop=\"text\" ><p>Unser Angebot enth\u00e4lt Links zu externen Webseiten Dritter, auf deren Inhalte wir keinen Einfluss haben. Deshalb k\u00f6nnen wir f\u00fcr diese fremden Inhalte auch keine Gew\u00e4hr \u00fcbernehmen. F\u00fcr die Inhalte der verlinkten Seiten ist stets der jeweilige Anbieter oder Betreiber der Seiten verantwortlich. Die verlinkten Seiten wurden zum Zeitpunkt der Verlinkung auf m\u00f6gliche Rechtsverst\u00f6\u00dfe \u00fcberpr\u00fcft. Rechtswidrige Inhalte waren zum Zeitpunkt der Verlinkung nicht erkennbar. Eine permanente inhaltliche Kontrolle der verlinkten Seiten ist jedoch ohne konkrete Anhaltspunkte einer Rechtsverletzung nicht zumutbar. Bei Bekanntwerden von Rechtsverletzungen werden wir derartige Links umgehend entfernen.<b><\/b><\/p>\n<\/div><\/div><\/section>\n<section class='av_tab_section av_tab_section av-sh74j-cf91cd4541425406e8c6ae1cb7ff2d85'  itemscope=\"itemscope\" itemtype=\"https:\/\/schema.org\/CreativeWork\" ><div id='copyright-tab' class='tab' role='tab' aria-selected=\"false\" tabindex=\"0\" data-fake-id='#copyright' aria-controls='copyright-content'  itemprop=\"headline\" >Urheberrecht<\/div><div id='copyright-content' class='tab_content' role='tabpanel' aria-labelledby='copyright-tab' aria-hidden=\"true\"><div class='tab_inner_content invers-color'  itemprop=\"text\" ><p>Die auf dieser Website ver\u00f6ffentlichten Inhalte unterliegen dem deutschen Urheber- und Leistungsschutzrecht. Jede vom deutschen Urheber- und Leistungsschutzrecht nicht zugelassene Verwertung bedarf der vorherigen schriftlichen Zustimmung des Anbieters oder jeweiligen Rechteinhabers. Dies gilt insbesondere f\u00fcr Vervielf\u00e4ltigung, Bearbeitung, \u00dcbersetzung, Einspeicherung, Verarbeitung bzw. Wiedergabe von Inhalten in Datenbanken oder anderen elektronischen Medien und Systemen. Inhalte und Rechte Dritter sind dabei als solche gekennzeichnet. Die unerlaubte Vervielf\u00e4ltigung oder Weitergabe einzelner Inhalte oder kompletter Seiten ist nicht gestattet und strafbar. Lediglich die Herstellung von Kopien und Downloads f\u00fcr den pers\u00f6nlichen, privaten und nicht kommerziellen Gebrauch ist erlaubt.<\/p>\n<p>Die Darstellung dieser Website in fremden Frames ist nur mit schriftlicher Erlaubnis zul\u00e4ssig.<\/p>\n<p>Die Bilder dieser Seite sind eigene Fotografien.<br \/>\nAusnahmen: <a href=\"https:\/\/vfg-bonn.de\/fachklinik\/unser-haus\/\">Aufnahme Meckenheim<\/a> : Ralf Schuhmann<\/p>\n<\/div><\/div><\/section>\n<section class='av_tab_section av_tab_section av-jcx83-ab235e09910a1428fbcee3db06b0d606'  itemscope=\"itemscope\" itemtype=\"https:\/\/schema.org\/CreativeWork\" ><div id='datenschutz-tab' class='tab' role='tab' aria-selected=\"false\" tabindex=\"0\" data-fake-id='#datenschutz' aria-controls='datenschutz-content'  itemprop=\"headline\" >Datenschutz<\/div><div id='datenschutz-content' class='tab_content' role='tabpanel' aria-labelledby='datenschutz-tab' aria-hidden=\"true\"><div class='tab_inner_content invers-color'  itemprop=\"text\" ><div  class='avia-button-wrap av-5e5v-002407a44828dd7bb88e569fbad95aeb-wrap avia-button-left  avia-builder-el-10  avia-builder-el-no-sibling '><a href='https:\/\/www.vfg-bonn.de\/fachklinik\/datenschutzerklaerung\/'  class='avia-button av-5e5v-002407a44828dd7bb88e569fbad95aeb av-link-btn avia-icon_select-yes-right-icon avia-size-x-large avia-position-left av-icon-on-hover avia-color-theme-color'   aria-label=\"Datenschutzerkl\u00e4rung \u2026\"><span class='avia_iconbox_title' >Datenschutzerkl\u00e4rung \u2026<\/span><span class='avia_button_icon avia_button_icon_right avia-iconfont avia-font-entypo-fontello' data-av_icon='\ue832' data-av_iconfont='entypo-fontello' ><\/span><\/a><\/div>\n<\/div><\/div><\/section>\n<\/div>\n\n<style type=\"text\/css\" data-created_by=\"avia_inline_auto\" id=\"style-css-av-amfgr-89c495dbe2e6f88b1b758eec6303be33\">\n#top .av_textblock_section.av-amfgr-89c495dbe2e6f88b1b758eec6303be33 .avia_textblock{\nfont-size:14px;\n}\n<\/style>\n<section  class='av_textblock_section av-amfgr-89c495dbe2e6f88b1b758eec6303be33 '   itemscope=\"itemscope\" itemtype=\"https:\/\/schema.org\/CreativeWork\" ><div class='avia_textblock'  itemprop=\"text\" ><p style=\"text-align: right;\">Quelle: <a href=\"https:\/\/www.juraforum.de\/disclaimer_muster\/\">Disclaimer Muster von JuraForum.de<\/a>.<\/p>\n<\/div><\/section>\n\n","protected":false},"excerpt":{"rendered":"","protected":false},"author":1,"featured_media":0,"parent":0,"menu_order":0,"comment_status":"closed","ping_status":"closed","template":"","meta":{"inline_featured_image":false,"footnotes":""},"class_list":["post-635","page","type-page","status-publish","hentry"],"_links":{"self":[{"href":"https:\/\/www.vfg-bonn.de\/fachklinik\/wp-json\/wp\/v2\/pages\/635","targetHints":{"allow":["GET"]}}],"collection":[{"href":"https:\/\/www.vfg-bonn.de\/fachklinik\/wp-json\/wp\/v2\/pages"}],"about":[{"href":"https:\/\/www.vfg-bonn.de\/fachklinik\/wp-json\/wp\/v2\/types\/page"}],"author":[{"embeddable":true,"href":"https:\/\/www.vfg-bonn.de\/fachklinik\/wp-json\/wp\/v2\/users\/1"}],"replies":[{"embeddable":true,"href":"https:\/\/www.vfg-bonn.de\/fachklinik\/wp-json\/wp\/v2\/comments?post=635"}],"version-history":[{"count":6,"href":"https:\/\/www.vfg-bonn.de\/fachklinik\/wp-json\/wp\/v2\/pages\/635\/revisions"}],"predecessor-version":[{"id":3836,"href":"https:\/\/www.vfg-bonn.de\/fachklinik\/wp-json\/wp\/v2\/pages\/635\/revisions\/3836"}],"wp:attachment":[{"href":"https:\/\/www.vfg-bonn.de\/fachklinik\/wp-json\/wp\/v2\/media?parent=635"}],"curies":[{"name":"wp","href":"https:\/\/api.w.org\/{rel}","templated":true}]}}