{"id":568,"date":"2015-06-18T21:24:12","date_gmt":"2015-06-18T19:24:12","guid":{"rendered":"http:\/\/www.vfg-bonn.de\/wp-fkm\/?page_id=568"},"modified":"2021-01-22T11:08:38","modified_gmt":"2021-01-22T10:08:38","slug":"adhs-im-erwachsenenalter","status":"publish","type":"page","link":"https:\/\/www.vfg-bonn.de\/fachklinik\/adhs-im-erwachsenenalter\/","title":{"rendered":"ADHS im Erwachsenenalter"},"content":{"rendered":"\n<style type=\"text\/css\" data-created_by=\"avia_inline_auto\" id=\"style-css-av-2iytyg-f37d5dc6c2bd0a5d334759180aa13c55\">\n.avia-section.av-2iytyg-f37d5dc6c2bd0a5d334759180aa13c55 .av-parallax .av-parallax-inner{\nbackground-repeat:no-repeat;\nbackground-image:url(https:\/\/www.vfg-bonn.de\/fachklinik\/wp-content\/uploads\/DSC1377.jpg);\nbackground-position:50% 50%;\nbackground-attachment:scroll;\n}\n<\/style>\n<div id='av_section_1'  class='avia-section av-2iytyg-f37d5dc6c2bd0a5d334759180aa13c55 main_color avia-section-large avia-no-shadow  avia-builder-el-0  el_before_av_one_full  avia-builder-el-first  spezialueberschrift avia-full-stretch av-parallax-section avia-bg-style-parallax av-minimum-height av-minimum-height-50 av-height-50  container_wrap fullsize'  data-section-bg-repeat='stretch' data-av_minimum_height_pc='50' data-av_min_height_opt='50'><div class='av-parallax' data-avia-parallax-ratio='0.3' ><div class='av-parallax-inner main_color avia-full-stretch'><\/div><\/div><div class='container av-section-cont-open' ><main  role=\"main\" itemprop=\"mainContentOfPage\"  class='template-page content  av-content-full alpha units'><div class='post-entry post-entry-type-page post-entry-568'><div class='entry-content-wrapper clearfix'>\n\n<style type=\"text\/css\" data-created_by=\"avia_inline_auto\" id=\"style-css-av-2cy5sw-9af1faa624a02f5c4ed2431e4bed79a9\">\n#top .av-special-heading.av-2cy5sw-9af1faa624a02f5c4ed2431e4bed79a9{\npadding-bottom:0;\ncolor:#e3000b;\nfont-size:40px;\n}\nbody .av-special-heading.av-2cy5sw-9af1faa624a02f5c4ed2431e4bed79a9 .av-special-heading-tag .heading-char{\nfont-size:25px;\n}\n#top #wrap_all .av-special-heading.av-2cy5sw-9af1faa624a02f5c4ed2431e4bed79a9 .av-special-heading-tag{\nfont-size:40px;\n}\n.av-special-heading.av-2cy5sw-9af1faa624a02f5c4ed2431e4bed79a9 .special-heading-inner-border{\nborder-color:#e3000b;\n}\n.av-special-heading.av-2cy5sw-9af1faa624a02f5c4ed2431e4bed79a9 .av-subheading{\nfont-size:15px;\n}\n\n@media only screen and (min-width: 480px) and (max-width: 767px){ \n#top #wrap_all .av-special-heading.av-2cy5sw-9af1faa624a02f5c4ed2431e4bed79a9 .av-special-heading-tag{\nfont-size:0.8em;\n}\n}\n\n@media only screen and (max-width: 479px){ \n#top #wrap_all .av-special-heading.av-2cy5sw-9af1faa624a02f5c4ed2431e4bed79a9 .av-special-heading-tag{\nfont-size:0.8em;\n}\n}\n<\/style>\n<div  class='av-special-heading av-2cy5sw-9af1faa624a02f5c4ed2431e4bed79a9 av-special-heading-h3 custom-color-heading blockquote modern-quote  avia-builder-el-1  el_before_av_hr  avia-builder-el-first  av-inherit-size'><h3 class='av-special-heading-tag '  itemprop=\"headline\"  >ADHS im Erwachsenenalter<\/h3><div class=\"special-heading-border\"><div class=\"special-heading-inner-border\"><\/div><\/div><\/div>\n\n<style type=\"text\/css\" data-created_by=\"avia_inline_auto\" id=\"style-css-av-85o74-422cac70bccbfb7eaed2cc53f05cf80f\">\n#top .hr.av-85o74-422cac70bccbfb7eaed2cc53f05cf80f{\nmargin-top:30px;\nmargin-bottom:30px;\n}\n.hr.av-85o74-422cac70bccbfb7eaed2cc53f05cf80f .hr-inner{\nwidth:20%;\nborder-color:#e3000b;\nmax-width:45%;\n}\n.hr.av-85o74-422cac70bccbfb7eaed2cc53f05cf80f .av-seperator-icon{\ncolor:#e3000b;\n}\n.hr.av-85o74-422cac70bccbfb7eaed2cc53f05cf80f .av-seperator-icon.avia-svg-icon svg:first-child{\nfill:#e3000b;\nstroke:#e3000b;\n}\n<\/style>\n<div  class='hr av-85o74-422cac70bccbfb7eaed2cc53f05cf80f hr-custom  avia-builder-el-2  el_after_av_heading  avia-builder-el-last  hr-left hr-icon-yes'><span class='hr-inner inner-border-av-border-thin'><span class=\"hr-inner-style\"><\/span><\/span><span class='av-seperator-icon avia-iconfont avia-font-entypo-fontello' data-av_icon='\ue8bf' data-av_iconfont='entypo-fontello' ><\/span><span class='hr-inner inner-border-av-border-thin'><span class=\"hr-inner-style\"><\/span><\/span><\/div>\n<\/div><\/div><\/main><!-- close content main element --><\/div><\/div><div id='after_section_1'  class='main_color av_default_container_wrap container_wrap fullsize'  ><div class='container av-section-cont-open' ><div class='template-page content  av-content-full alpha units'><div class='post-entry post-entry-type-page post-entry-568'><div class='entry-content-wrapper clearfix'>\n<div class='flex_column_table av-21im7s-12a82f004ef5bf4a10923f8939ae71f6 sc-av_one_full av-equal-height-column-flextable'>\n<style type=\"text\/css\" data-created_by=\"avia_inline_auto\" id=\"style-css-av-21im7s-12a82f004ef5bf4a10923f8939ae71f6\">\n#top .flex_column_table.av-equal-height-column-flextable.av-21im7s-12a82f004ef5bf4a10923f8939ae71f6{\nmargin-top:-90px;\n}\n.flex_column.av-21im7s-12a82f004ef5bf4a10923f8939ae71f6{\nborder-radius:0px 0px 0px 0px;\npadding:30px 30px 30px 30px;\nbackground-color:#ffffff;\n}\n<\/style>\n<div  class='flex_column av-21im7s-12a82f004ef5bf4a10923f8939ae71f6 av_one_full  avia-builder-el-3  el_after_av_section  avia-builder-el-no-sibling  first flex_column_table_cell av-equal-height-column av-align-top  '     ><p><section  class='av_textblock_section av-1uykj4-0e3e6d4b61f03f6a6b8453ecfc7e73b0 '   itemscope=\"itemscope\" itemtype=\"https:\/\/schema.org\/CreativeWork\" ><div class='avia_textblock'  itemprop=\"text\" ><p>Das Thema ADHS im Erwachsenenalter wird bekanntlich kontrovers diskutiert. Manche sehen ADHS als eine neuroanatomisch und genetisch bedingte Erkrankung an, manche als Ausdruck einer gesellschaftlichen Entwicklung, in der der Raum f\u00fcr eine kindgerechte Entwicklung mit ausreichend Zeit f\u00fcr Bewegung, Spiel und Kreativit\u00e4t einem zunehmenden Leistungsdruck weichen muss. Manche bezweifeln, dass ADHS eine eigenst\u00e4ndige Erkrankung ist, manche sehen ADHS als eine Folge von erlebter Gewalt und\/oder Vernachl\u00e4ssigung im Kindes- und Jugendalter.<\/p>\n<p>Aus unserer langj\u00e4hrigen Erfahrung aus der Behandlung von Rehabilitanden mit einer Abh\u00e4ngigkeitserkrankung und ADHS k\u00f6nnen wir sagen, dass ADHS wie auch andere psychische Erkrankungen verschiedene Gesichter haben kann:<\/p>\n<ul>\n<li>Unaufmerksamkeit und Ablenkbarkeit<\/li>\n<li>Hyperaktivit\u00e4t und\/oder Vertr\u00e4umtheit<\/li>\n<li>Impulsivit\u00e4t<\/li>\n<li>Vergesslichkeit<\/li>\n<li>Zerstreutheit und &#8222;chaotisch&#8220; sein<\/li>\n<li>Schwierigkeiten in der Kommunikation und in den sozialen Kontakten<\/li>\n<li>Geringes Selbstwertgef\u00fchl<\/li>\n<li>Mangelnde Leistung in Relation zu den M\u00f6glichkeiten und F\u00e4higkeiten<\/li>\n<\/ul>\n<p>So unterschiedlich die individuelle Auspr\u00e4gung von ADHS sein kann, so unterschiedlich sind unserer Erfahrung nach die oft komplexen Ursachen. Daraus haben wir abgeleitet, dass wir f\u00fcr jeden Rehabilitanden ein individuelles Behandlungskonzept erstellen, um den jeweiligen Hintergr\u00fcnden, der jeweiligen Symptomatik und den jeweiligen Bed\u00fcrfnissen gerecht zu werden.<\/p>\n<\/div><\/section><br \/>\n<div  class='hr av-1o9ldk-c3d09709748e0b1d514b689f379602b2 hr-short  avia-builder-el-5  el_after_av_textblock  el_before_av_heading  hr-center'><span class='hr-inner '><span class=\"hr-inner-style\"><\/span><\/span><\/div><br \/>\n\n<style type=\"text\/css\" data-created_by=\"avia_inline_auto\" id=\"style-css-av-av_heading-c96879a3a14fedfe6e3f5c4bf946806e\">\n#top .av-special-heading.av-av_heading-c96879a3a14fedfe6e3f5c4bf946806e{\npadding-bottom:10px;\n}\nbody .av-special-heading.av-av_heading-c96879a3a14fedfe6e3f5c4bf946806e .av-special-heading-tag .heading-char{\nfont-size:25px;\n}\n.av-special-heading.av-av_heading-c96879a3a14fedfe6e3f5c4bf946806e .av-subheading{\nfont-size:15px;\n}\n<\/style>\n<div  class='av-special-heading av-av_heading-c96879a3a14fedfe6e3f5c4bf946806e av-special-heading-h3 blockquote modern-quote  avia-builder-el-6  el_after_av_hr  el_before_av_tab_container '><h3 class='av-special-heading-tag '  itemprop=\"headline\"  >Hierzu gibt es verschiedene Behandlungsangebote in unserer Klinik:<\/h3><div class=\"special-heading-border\"><div class=\"special-heading-inner-border\"><\/div><\/div><\/div><br \/>\n<div  class='tabcontainer av-1d9834-bcd51c855856842e1eb97f91b2005992 sidebar_tab sidebar_tab_left  avia-builder-el-7  el_after_av_heading  el_before_av_hr  noborder_tabs'>\n<section class='av_tab_section av_tab_section av-av_tab-a2ebb82b8f1d69f98b3a7c5031dc524f'  itemscope=\"itemscope\" itemtype=\"https:\/\/schema.org\/CreativeWork\" ><div id='tab-id-1-tab' class='tab active_tab' role='tab' aria-selected=\"true\" tabindex=\"0\" data-fake-id='#tab-id-1' aria-controls='tab-id-1-content'  itemprop=\"headline\" >Achtsamkeitsgruppe <\/div><div id='tab-id-1-content' class='tab_content active_tab_content' role='tabpanel' aria-labelledby='tab-id-1-tab' aria-hidden=\"false\"><div class='tab_inner_content invers-color'  itemprop=\"text\" ><p>Erg\u00e4nzend zur Einzeltherapie werden in der Achtsamkeitsgruppe Informationen zu Achtsamkeit vermittelt und entsprechende F\u00e4higkeiten ge\u00fcbt. Dieses psychoedukative Behandlungsangebot orientiert sich dabei an dem Freiburger Programm \u201ePsychotherapie der ADHS im Erwachsenenalter\u201c von Hesslinger, Philipsen und Richter (2004) und wurde f\u00fcr Rehabilitanden mit Abh\u00e4ngigkeiten angepasst. Das Ziel dieses Behandlungsmoduls ist die Vermittlung und das Training von Fertigkeiten zur Kontrolle des ADHS und basiert auf der Idee einer Hilfe zur Selbsthilfe.<\/p>\n<\/div><\/div><\/section>\n<section class='av_tab_section av_tab_section av-142z74-0651b21f2cd541176716acaac2cf61a5'  itemscope=\"itemscope\" itemtype=\"https:\/\/schema.org\/CreativeWork\" ><div id='tab-id-2-tab' class='tab' role='tab' aria-selected=\"false\" tabindex=\"0\" data-fake-id='#tab-id-2' aria-controls='tab-id-2-content'  itemprop=\"headline\" >Arbeitstherapie \/ Ergotherapie<\/div><div id='tab-id-2-content' class='tab_content' role='tabpanel' aria-labelledby='tab-id-2-tab' aria-hidden=\"true\"><div class='tab_inner_content invers-color'  itemprop=\"text\" ><p>Der ADHS Symptomatik wird durch die Erstellung einer transparenten und verbindlichen Arbeitsstruktur, klaren und kleinschrittigen Arbeitsabsprachen, dem Erstellen von schriftlichen Pl\u00e4nen mit festgelegten Handlungsschritten und Priorit\u00e4tenverteilung durch den Betroffenen und durch eine regelm\u00e4\u00dfige Reflexion der in der Gruppe gezeigten Verhaltensweisen begegnet. Dar\u00fcber hinaus werden die in der Psychotherapie erarbeiteten L\u00f6sungsstrategien f\u00fcr antizipierte Schwierigkeiten besprochen und in ihrer Umsetzung reflektiert.<\/p>\n<\/div><\/div><\/section>\n<section class='av_tab_section av_tab_section av-yx7p4-ea4ff6cd2f52bf9f62a41afcaf59f4c4'  itemscope=\"itemscope\" itemtype=\"https:\/\/schema.org\/CreativeWork\" ><div id='tab-id-3-tab' class='tab' role='tab' aria-selected=\"false\" tabindex=\"0\" data-fake-id='#tab-id-3' aria-controls='tab-id-3-content'  itemprop=\"headline\" >Medikament\u00f6se Behandlung<\/div><div id='tab-id-3-content' class='tab_content' role='tabpanel' aria-labelledby='tab-id-3-tab' aria-hidden=\"true\"><div class='tab_inner_content invers-color'  itemprop=\"text\" ><p>Erg\u00e4nzend zum psychotherapeutischen Programm wird entsprechend der aktuellen Behandlungsrichtlinien im Einzelfall mit Psychopharmaka behandelt. Hierdurch k\u00f6nnen Symptome des ADHS gelindert werden.<\/p>\n<\/div><\/div><\/section>\n<section class='av_tab_section av_tab_section av-ordy0-cb2f8b1f672ad76953f6f3e74d057943'  itemscope=\"itemscope\" itemtype=\"https:\/\/schema.org\/CreativeWork\" ><div id='tab-id-4-tab' class='tab' role='tab' aria-selected=\"false\" tabindex=\"0\" data-fake-id='#tab-id-4' aria-controls='tab-id-4-content'  itemprop=\"headline\" >Psychotherapie und Psychoedukation <\/div><div id='tab-id-4-content' class='tab_content' role='tabpanel' aria-labelledby='tab-id-4-tab' aria-hidden=\"true\"><div class='tab_inner_content invers-color'  itemprop=\"text\" ><p>Durch psychotherapeutische Einzel- und Gruppentherapie soll zun\u00e4chst ein Verst\u00e4ndnis und eine Akzeptanz der eigenen Problematik erreicht werden. Biographische Zusammenh\u00e4nge zu erkennen, sich selbst besser zu verstehen sind dabei wichtige Punkte. Wichtige Therapieziele sind weiterhin: Verbesserung des Selbstwertes, eine verbesserte Selbstorganisation, F\u00f6rderung der Eigenstrukturierung und des Selbstmanagements.<\/p>\n<\/div><\/div><\/section>\n<section class='av_tab_section av_tab_section av-l2tkg-bfc314094d05bb6a4e6a65399533e77c'  itemscope=\"itemscope\" itemtype=\"https:\/\/schema.org\/CreativeWork\" ><div id='tab-id-5-tab' class='tab' role='tab' aria-selected=\"false\" tabindex=\"0\" data-fake-id='#tab-id-5' aria-controls='tab-id-5-content'  itemprop=\"headline\" >Sporttherapie<\/div><div id='tab-id-5-content' class='tab_content' role='tabpanel' aria-labelledby='tab-id-5-tab' aria-hidden=\"true\"><div class='tab_inner_content invers-color'  itemprop=\"text\" ><p>Hier steht die Verbesserung der Sportmotorik (Ausdauer, Kraft, Beweglichkeit, Koordination) im Vordergrund. Aus der positiven Leistungsentwicklung wird die Steigerung des Selbstbewusstseins, des Selbstvertrauens und der Eigenst\u00e4ndigkeit bewirkt und eine seelische Ausgeglichenheit erreicht. Der Betroffene wird somit indirekt zu einer verbesserten Konzentrationsf\u00e4higkeit und zum Abbau von Aggressionen bewegt. Im sozialen Miteinander werden \u201espielerisch\u201c soziale Kompetenzen, wie z. B. die F\u00f6rderung der sozialen Wahrnehmung und die Ein\u00fcbung sozialer Fertigkeiten oder Teamf\u00e4higkeit vermittelt.<\/p>\n<\/div><\/div><\/section>\n<\/div><br \/>\n\n<style type=\"text\/css\" data-created_by=\"avia_inline_auto\" id=\"style-css-av-el2g0-dfc902585f61ad3a31c4dcfd4b37f35a\">\n#top .hr.hr-invisible.av-el2g0-dfc902585f61ad3a31c4dcfd4b37f35a{\nheight:50px;\n}\n<\/style>\n<div  class='hr av-el2g0-dfc902585f61ad3a31c4dcfd4b37f35a hr-invisible  avia-builder-el-8  el_after_av_tab_container  el_before_av_button '><span class='hr-inner '><span class=\"hr-inner-style\"><\/span><\/span><\/div><br \/>\n<div  class='avia-button-wrap av-6rwj4-ac0384f96ec2937cc83da087e8cfc723-wrap avia-button-right  avia-builder-el-9  el_after_av_hr  avia-builder-el-last '><a href='https:\/\/www.vfg-bonn.de\/fachklinik\/ihr-weg-zu-uns\/'  class='avia-button av-6rwj4-ac0384f96ec2937cc83da087e8cfc723 av-link-btn avia-icon_select-yes-right-icon avia-size-medium avia-position-right avia-color-theme-color'   aria-label=\"Ihr Weg zu uns\u2026\"><span class='avia_iconbox_title' >Ihr Weg zu uns\u2026<\/span><span class='avia_button_icon avia_button_icon_right avia-iconfont avia-font-entypo-fontello' data-av_icon='\ue832' data-av_iconfont='entypo-fontello' ><\/span><\/a><\/div><\/p><\/div><\/div><!--close column table wrapper. Autoclose: 1 -->\n","protected":false},"excerpt":{"rendered":"","protected":false},"author":1,"featured_media":0,"parent":0,"menu_order":0,"comment_status":"closed","ping_status":"closed","template":"","meta":{"inline_featured_image":false,"footnotes":""},"class_list":["post-568","page","type-page","status-publish","hentry"],"_links":{"self":[{"href":"https:\/\/www.vfg-bonn.de\/fachklinik\/wp-json\/wp\/v2\/pages\/568","targetHints":{"allow":["GET"]}}],"collection":[{"href":"https:\/\/www.vfg-bonn.de\/fachklinik\/wp-json\/wp\/v2\/pages"}],"about":[{"href":"https:\/\/www.vfg-bonn.de\/fachklinik\/wp-json\/wp\/v2\/types\/page"}],"author":[{"embeddable":true,"href":"https:\/\/www.vfg-bonn.de\/fachklinik\/wp-json\/wp\/v2\/users\/1"}],"replies":[{"embeddable":true,"href":"https:\/\/www.vfg-bonn.de\/fachklinik\/wp-json\/wp\/v2\/comments?post=568"}],"version-history":[{"count":7,"href":"https:\/\/www.vfg-bonn.de\/fachklinik\/wp-json\/wp\/v2\/pages\/568\/revisions"}],"predecessor-version":[{"id":4071,"href":"https:\/\/www.vfg-bonn.de\/fachklinik\/wp-json\/wp\/v2\/pages\/568\/revisions\/4071"}],"wp:attachment":[{"href":"https:\/\/www.vfg-bonn.de\/fachklinik\/wp-json\/wp\/v2\/media?parent=568"}],"curies":[{"name":"wp","href":"https:\/\/api.w.org\/{rel}","templated":true}]}}