{"id":2436,"date":"2018-01-27T14:38:16","date_gmt":"2018-01-27T13:38:16","guid":{"rendered":"https:\/\/fachklinik-meckenheim.de\/?page_id=2436"},"modified":"2020-04-16T06:48:33","modified_gmt":"2020-04-16T04:48:33","slug":"grundlagen-unserer-behandlung","status":"publish","type":"page","link":"https:\/\/www.vfg-bonn.de\/fachklinik\/grundlagen-unserer-behandlung\/","title":{"rendered":"Grundlagen unserer Behandlung"},"content":{"rendered":"\n<style type=\"text\/css\" data-created_by=\"avia_inline_auto\" id=\"style-css-av-12ozat0-a665a022d61abe4bf74c546e65e558ba\">\n.avia-section.av-12ozat0-a665a022d61abe4bf74c546e65e558ba .av-parallax .av-parallax-inner{\nbackground-repeat:no-repeat;\nbackground-image:url(https:\/\/www.vfg-bonn.de\/fachklinik\/wp-content\/uploads\/DSC2284-Zimmer.jpg);\nbackground-position:50% 0%;\nbackground-attachment:scroll;\n}\n<\/style>\n<div id='av_section_1'  class='avia-section av-12ozat0-a665a022d61abe4bf74c546e65e558ba main_color avia-section-large avia-no-shadow  avia-builder-el-0  el_before_av_section  avia-builder-el-first  spezialueberschrift avia-full-stretch av-parallax-section avia-bg-style-parallax av-minimum-height av-minimum-height-50 av-height-50  container_wrap fullsize'  data-section-bg-repeat='stretch' data-av_minimum_height_pc='50' data-av_min_height_opt='50'><div class='av-parallax' data-avia-parallax-ratio='0.3' ><div class='av-parallax-inner main_color avia-full-stretch'><\/div><\/div><div class='container av-section-cont-open' ><main  role=\"main\" itemprop=\"mainContentOfPage\"  class='template-page content  av-content-full alpha units'><div class='post-entry post-entry-type-page post-entry-2436'><div class='entry-content-wrapper clearfix'>\n\n<style type=\"text\/css\" data-created_by=\"avia_inline_auto\" id=\"style-css-av-11f2cms-82dbd0885e694e831f74c4e359dabcf6\">\n#top .av-special-heading.av-11f2cms-82dbd0885e694e831f74c4e359dabcf6{\npadding-bottom:0;\ncolor:#e3000b;\nfont-size:40px;\n}\nbody .av-special-heading.av-11f2cms-82dbd0885e694e831f74c4e359dabcf6 .av-special-heading-tag .heading-char{\nfont-size:25px;\n}\n#top #wrap_all .av-special-heading.av-11f2cms-82dbd0885e694e831f74c4e359dabcf6 .av-special-heading-tag{\nfont-size:40px;\n}\n.av-special-heading.av-11f2cms-82dbd0885e694e831f74c4e359dabcf6 .special-heading-inner-border{\nborder-color:#e3000b;\n}\n.av-special-heading.av-11f2cms-82dbd0885e694e831f74c4e359dabcf6 .av-subheading{\nfont-size:15px;\n}\n\n@media only screen and (min-width: 480px) and (max-width: 767px){ \n#top #wrap_all .av-special-heading.av-11f2cms-82dbd0885e694e831f74c4e359dabcf6 .av-special-heading-tag{\nfont-size:0.8em;\n}\n}\n\n@media only screen and (max-width: 479px){ \n#top #wrap_all .av-special-heading.av-11f2cms-82dbd0885e694e831f74c4e359dabcf6 .av-special-heading-tag{\nfont-size:0.8em;\n}\n}\n<\/style>\n<div  class='av-special-heading av-11f2cms-82dbd0885e694e831f74c4e359dabcf6 av-special-heading-h3 custom-color-heading blockquote modern-quote  avia-builder-el-1  el_before_av_hr  avia-builder-el-first  av-inherit-size'><h3 class='av-special-heading-tag '  itemprop=\"headline\"  >Grundlagen unserer Behandlung<\/h3><div class=\"special-heading-border\"><div class=\"special-heading-inner-border\"><\/div><\/div><\/div>\n\n<style type=\"text\/css\" data-created_by=\"avia_inline_auto\" id=\"style-css-av-zqqpmc-9650ddc2eebf1cc9d1af50b2737a5ee4\">\n#top .hr.av-zqqpmc-9650ddc2eebf1cc9d1af50b2737a5ee4{\nmargin-top:30px;\nmargin-bottom:30px;\n}\n.hr.av-zqqpmc-9650ddc2eebf1cc9d1af50b2737a5ee4 .hr-inner{\nwidth:20%;\nborder-color:#e3000b;\nmax-width:45%;\n}\n.hr.av-zqqpmc-9650ddc2eebf1cc9d1af50b2737a5ee4 .av-seperator-icon{\ncolor:#e3000b;\n}\n.hr.av-zqqpmc-9650ddc2eebf1cc9d1af50b2737a5ee4 .av-seperator-icon.avia-svg-icon svg:first-child{\nfill:#e3000b;\nstroke:#e3000b;\n}\n<\/style>\n<div  class='hr av-zqqpmc-9650ddc2eebf1cc9d1af50b2737a5ee4 hr-custom  avia-builder-el-2  el_after_av_heading  avia-builder-el-last  hr-left hr-icon-yes'><span class='hr-inner inner-border-av-border-thin'><span class=\"hr-inner-style\"><\/span><\/span><span class='av-seperator-icon avia-iconfont avia-font-entypo-fontello' data-av_icon='\ue8bf' data-av_iconfont='entypo-fontello' ><\/span><span class='hr-inner inner-border-av-border-thin'><span class=\"hr-inner-style\"><\/span><\/span><\/div>\n\n<\/div><\/div><\/main><!-- close content main element --><\/div><\/div><div id='menschenbild'  class='avia-section av-xxpbhw-7766f64748c8819c96470de64ff8dea6 main_color avia-section-small avia-no-shadow  avia-builder-el-3  el_after_av_section  el_before_av_hr  avia-bg-style-scroll container_wrap fullsize'  ><div class='container av-section-cont-open' ><div class='template-page content  av-content-full alpha units'><div class='post-entry post-entry-type-page post-entry-2436'><div class='entry-content-wrapper clearfix'>\n\n<style type=\"text\/css\" data-created_by=\"avia_inline_auto\" id=\"style-css-av-voc7ys-ec9b7258c70fc23421904ae51833534c\">\n#top .flex_column.av-voc7ys-ec9b7258c70fc23421904ae51833534c{\nmargin-top:-90px;\nmargin-bottom:0px;\n}\n.flex_column.av-voc7ys-ec9b7258c70fc23421904ae51833534c{\nborder-radius:0px 0px 0px 0px;\npadding:30px 30px 30px 30px;\nbackground-color:#ffffff;\n}\n.responsive #top #wrap_all .flex_column.av-voc7ys-ec9b7258c70fc23421904ae51833534c{\nmargin-top:-90px;\nmargin-bottom:0px;\n}\n<\/style>\n<div  class='flex_column av-voc7ys-ec9b7258c70fc23421904ae51833534c av_one_full  avia-builder-el-4  avia-builder-el-no-sibling  first flex_column_div  '     ><p>\n<style type=\"text\/css\" data-created_by=\"avia_inline_auto\" id=\"style-css-av-4uu7dw-ebe0131b9b29b583664e24decf7dde8e\">\n#top .av-special-heading.av-4uu7dw-ebe0131b9b29b583664e24decf7dde8e{\npadding-bottom:10px;\n}\nbody .av-special-heading.av-4uu7dw-ebe0131b9b29b583664e24decf7dde8e .av-special-heading-tag .heading-char{\nfont-size:25px;\n}\n.av-special-heading.av-4uu7dw-ebe0131b9b29b583664e24decf7dde8e .av-subheading{\nfont-size:15px;\n}\n<\/style>\n<div  class='av-special-heading av-4uu7dw-ebe0131b9b29b583664e24decf7dde8e av-special-heading-h3  avia-builder-el-5  el_before_av_textblock  avia-builder-el-first '><h3 class='av-special-heading-tag '  itemprop=\"headline\"  >Unser Menschenbild<\/h3><div class=\"special-heading-border\"><div class=\"special-heading-inner-border\"><\/div><\/div><\/div><br \/>\n<section  class='av_textblock_section av-triifo-a59b1e0870eb1e65b2a827250e369f7a '   itemscope=\"itemscope\" itemtype=\"https:\/\/schema.org\/CreativeWork\" ><div class='avia_textblock'  itemprop=\"text\" ><p>Die therapeutische Grundhaltung jedes Mitarbeiters der Fachklinik Meckenheim entspricht dem Ansatz des humanistischen Menschenbildes: Wir gehen davon aus, dass jeder Mensch von Natur aus gutherzig, lebensbejahend, achtsam und konstruktiv ist. Verhaltensweisen, die diesem Grundwesen des Menschen entgegen gerichtet sind wie z. B. destruktive, lebensfeindliche Verhaltensweisen, sind als Folge seiner Erfahrungen und Erlebnisse zumeist in Kindheit und Jugend anzusehen.<\/p>\n<p>Wir gehen weiterhin davon aus, dass der Mensch in seiner Pers\u00f6nlichkeitsentwicklung nicht statisch ist, sondern in sich das Potential tr\u00e4gt, sich frei entfalten und wachsen zu k\u00f6nnen. Damit liegt es in der Natur des Menschen sich weiter zu entwickeln. Jeder Mensch kann also Verhaltensweisen, die er als hinderlich oder auch sch\u00e4dlich f\u00fcr sich und\/oder seine Umwelt erlebt, \u00e4ndern. \u00c4nderungsprozesse bestehen in der Regel aus vielen kleinen Schritten. Ein Schritt in Richtung \u00c4nderung kann ein therapeutischer Prozess im Rahmen einer Entw\u00f6hnungsbehandlung sein.<\/p>\n<\/div><\/section><\/p><\/div>\n<\/div><\/div><\/div><!-- close content main div --><\/div><\/div><div id='after_section_2'  class='main_color av_default_container_wrap container_wrap fullsize'  ><div class='container av-section-cont-open' ><div class='template-page content  av-content-full alpha units'><div class='post-entry post-entry-type-page post-entry-2436'><div class='entry-content-wrapper clearfix'>\n\n<style type=\"text\/css\" data-created_by=\"avia_inline_auto\" id=\"style-css-av-rtei8k-be3c33311c747d108187dd14ac949923\">\n#top .hr.av-rtei8k-be3c33311c747d108187dd14ac949923{\nmargin-top:5px;\nmargin-bottom:5px;\n}\n.hr.av-rtei8k-be3c33311c747d108187dd14ac949923 .hr-inner{\nwidth:20%;\nborder-color:#e3000b;\nmax-width:45%;\n}\n.hr.av-rtei8k-be3c33311c747d108187dd14ac949923 .av-seperator-icon{\ncolor:#e3000b;\n}\n.hr.av-rtei8k-be3c33311c747d108187dd14ac949923 .av-seperator-icon.avia-svg-icon svg:first-child{\nfill:#e3000b;\nstroke:#e3000b;\n}\n<\/style>\n<div  class='hr av-rtei8k-be3c33311c747d108187dd14ac949923 hr-custom  avia-builder-el-7  el_after_av_section  el_before_av_section  avia-builder-el-no-sibling  trenner-rot hr-center hr-icon-yes'><span class='hr-inner inner-border-av-border-thin'><span class=\"hr-inner-style\"><\/span><\/span><span class='av-seperator-icon avia-iconfont avia-font-vfgsign' data-av_icon='\ue801' data-av_iconfont='vfgsign' ><\/span><span class='hr-inner inner-border-av-border-thin'><span class=\"hr-inner-style\"><\/span><\/span><\/div>\n<\/div><\/div><\/div><!-- close content main div --><\/div><\/div><div id='suchtverstaendnis'  class='avia-section av-pcxa10-4b67c0fa57acfe7965db029542c6de61 main_color avia-section-small avia-no-shadow  avia-builder-el-8  el_after_av_hr  el_before_av_hr  avia-bg-style-scroll container_wrap fullsize'  ><div class='container av-section-cont-open' ><div class='template-page content  av-content-full alpha units'><div class='post-entry post-entry-type-page post-entry-2436'><div class='entry-content-wrapper clearfix'>\n\n<style type=\"text\/css\" data-created_by=\"avia_inline_auto\" id=\"style-css-av-nq5smc-69bfe7f61d26ca3a2396dc73c01e895f\">\n.flex_column.av-nq5smc-69bfe7f61d26ca3a2396dc73c01e895f{\nborder-radius:0px 0px 0px 0px;\npadding:30px 30px 30px 30px;\nbackground-color:#ffffff;\n}\n<\/style>\n<div  class='flex_column av-nq5smc-69bfe7f61d26ca3a2396dc73c01e895f av_one_full  avia-builder-el-9  avia-builder-el-no-sibling  first flex_column_div  '     ><p>\n<style type=\"text\/css\" data-created_by=\"avia_inline_auto\" id=\"style-css-av-mgd4ro-25e2889ac6902d869cded6e1d8ae23da\">\n#top .av-special-heading.av-mgd4ro-25e2889ac6902d869cded6e1d8ae23da{\npadding-bottom:10px;\n}\nbody .av-special-heading.av-mgd4ro-25e2889ac6902d869cded6e1d8ae23da .av-special-heading-tag .heading-char{\nfont-size:25px;\n}\n.av-special-heading.av-mgd4ro-25e2889ac6902d869cded6e1d8ae23da .av-subheading{\nfont-size:15px;\n}\n<\/style>\n<div  class='av-special-heading av-mgd4ro-25e2889ac6902d869cded6e1d8ae23da av-special-heading-h3  avia-builder-el-10  el_before_av_textblock  avia-builder-el-first '><h3 class='av-special-heading-tag '  itemprop=\"headline\"  >Unser Suchtverst\u00e4ndnis<\/h3><div class=\"special-heading-border\"><div class=\"special-heading-inner-border\"><\/div><\/div><\/div><br \/>\n<section  class='av_textblock_section av-k4rnpw-8a9cc42481d2a017fee4d7150f7518a4 '   itemscope=\"itemscope\" itemtype=\"https:\/\/schema.org\/CreativeWork\" ><div class='avia_textblock'  itemprop=\"text\" ><p>Die Entstehung und Aufrechterhaltung von Abh\u00e4ngigkeitserkrankungen ist als ein multifaktorieller Prozess zu betrachten, bei dem biologische, psychische, soziale und gesellschaftliche Faktoren zusammenwirken. Aktuelle neurobiologische Modelle gehen davon aus, dass Abh\u00e4ngigkeit erlernt ist und Mechanismen der klassischen und operanten Konditionierung eine wichtige Rolle spielen. Sie postulieren, dass Abh\u00e4ngigkeit mit anhaltenden Ver\u00e4nderungen der Motivationssysteme im Gehirn einhergeht. Weiterhin ist das sogenannte Suchtged\u00e4chtnis bedeutsam: So werden mit Drogeneinnahme verkn\u00fcpfte Informationen im assoziativen Ged\u00e4chtnis zu potentiellen Ausl\u00f6sern einer erneuten Drogeneinnahme.<\/p>\n<p>Die genetische Veranlagung f\u00fcr eine Abh\u00e4ngigkeit wird durch eine Vielzahl von Genen beeinflusst. Zur Auspr\u00e4gung der Erkrankung ist eine Wechselwirkung zwischen genetischen Faktoren und Umwelteinfl\u00fcssen erforderlich. Unter den Umwelteinfl\u00fcssen spielen das Erziehungs- und Bindungsverhalten, Substanzkonsum oder psychische Erkrankungen sowie der sozio\u00f6konomische Status der Eltern eine wichtige Rolle. Daraus oder aus anderen Ursachen resultierende emotionale bzw. k\u00f6rperliche Vernachl\u00e4ssigung sowie emotionale, k\u00f6rperliche und\/oder sexuelle Gewalterfahrungen k\u00f6nnen grundlegende Ursachen der Entwicklung einer Abh\u00e4ngigkeit sein.<\/p>\n<\/div><\/section><\/p><\/div>\n<\/div><\/div><\/div><!-- close content main div --><\/div><\/div><div id='after_section_3'  class='main_color av_default_container_wrap container_wrap fullsize'  ><div class='container av-section-cont-open' ><div class='template-page content  av-content-full alpha units'><div class='post-entry post-entry-type-page post-entry-2436'><div class='entry-content-wrapper clearfix'>\n\n<style type=\"text\/css\" data-created_by=\"avia_inline_auto\" id=\"style-css-av-jr5wjo-2317ca633d0bff1f8c90c5e87abde1d9\">\n#top .hr.av-jr5wjo-2317ca633d0bff1f8c90c5e87abde1d9{\nmargin-top:5px;\nmargin-bottom:5px;\n}\n.hr.av-jr5wjo-2317ca633d0bff1f8c90c5e87abde1d9 .hr-inner{\nwidth:20%;\nborder-color:#e3000b;\nmax-width:45%;\n}\n.hr.av-jr5wjo-2317ca633d0bff1f8c90c5e87abde1d9 .av-seperator-icon{\ncolor:#e3000b;\n}\n.hr.av-jr5wjo-2317ca633d0bff1f8c90c5e87abde1d9 .av-seperator-icon.avia-svg-icon svg:first-child{\nfill:#e3000b;\nstroke:#e3000b;\n}\n<\/style>\n<div  class='hr av-jr5wjo-2317ca633d0bff1f8c90c5e87abde1d9 hr-custom  avia-builder-el-12  el_after_av_section  el_before_av_section  avia-builder-el-no-sibling  trenner-rot hr-center hr-icon-yes'><span class='hr-inner inner-border-av-border-thin'><span class=\"hr-inner-style\"><\/span><\/span><span class='av-seperator-icon avia-iconfont avia-font-vfgsign' data-av_icon='\ue801' data-av_iconfont='vfgsign' ><\/span><span class='hr-inner inner-border-av-border-thin'><span class=\"hr-inner-style\"><\/span><\/span><\/div>\n<\/div><\/div><\/div><!-- close content main div --><\/div><\/div><div id='sucht-maennlichkeit'  class='avia-section av-h0m8hw-28e12a7d9a29996b1a758b4502289db3 main_color avia-section-small avia-no-shadow  avia-builder-el-13  el_after_av_hr  el_before_av_hr  avia-bg-style-scroll container_wrap fullsize'  ><div class='container av-section-cont-open' ><div class='template-page content  av-content-full alpha units'><div class='post-entry post-entry-type-page post-entry-2436'><div class='entry-content-wrapper clearfix'>\n\n<style type=\"text\/css\" data-created_by=\"avia_inline_auto\" id=\"style-css-av-fh94yc-5b9ac09e98ce66b80a96d19a3bfbeb14\">\n.flex_column.av-fh94yc-5b9ac09e98ce66b80a96d19a3bfbeb14{\nborder-radius:0px 0px 0px 0px;\npadding:30px 30px 30px 30px;\nbackground-color:#ffffff;\n}\n<\/style>\n<div  class='flex_column av-fh94yc-5b9ac09e98ce66b80a96d19a3bfbeb14 av_one_full  avia-builder-el-14  avia-builder-el-no-sibling  first flex_column_div  '     ><p>\n<style type=\"text\/css\" data-created_by=\"avia_inline_auto\" id=\"style-css-av-25qemc-cd5c843fb62c9cb30eacec952ab87fd4\">\n#top .av-special-heading.av-25qemc-cd5c843fb62c9cb30eacec952ab87fd4{\npadding-bottom:10px;\n}\nbody .av-special-heading.av-25qemc-cd5c843fb62c9cb30eacec952ab87fd4 .av-special-heading-tag .heading-char{\nfont-size:25px;\n}\n.av-special-heading.av-25qemc-cd5c843fb62c9cb30eacec952ab87fd4 .av-subheading{\nfont-size:15px;\n}\n<\/style>\n<div  class='av-special-heading av-25qemc-cd5c843fb62c9cb30eacec952ab87fd4 av-special-heading-h3  avia-builder-el-15  el_before_av_textblock  avia-builder-el-first '><h3 class='av-special-heading-tag '  itemprop=\"headline\"  >Sucht und M\u00e4nnlichkeit<\/h3><div class=\"special-heading-border\"><div class=\"special-heading-inner-border\"><\/div><\/div><\/div><br \/>\n<section  class='av_textblock_section av-cjpmjo-e93036328c196eae1494b19adf56451c '   itemscope=\"itemscope\" itemtype=\"https:\/\/schema.org\/CreativeWork\" ><div class='avia_textblock'  itemprop=\"text\" ><p>Es besteht ein Zusammenhang zwischen der m\u00e4nnlichen Rolle in unserer Gesellschaft und der m\u00e4nnlichen Identit\u00e4t des Individuums mit m\u00e4nnlichen gesundheitsgef\u00e4hrdenden Verhaltensweisen, zu denen auch der Suchtmittelkonsum geh\u00f6rt.<\/p>\n<p>Die m\u00e4nnliche Identit\u00e4t wird neben gesellschaftlichen Einfl\u00fcssen prim\u00e4r durch m\u00e4nnliche Bezugspersonen gepr\u00e4gt. Eine Abwesenheit m\u00e4nnlicher Bezugspersonen kann zu einer fehlenden Identifikationsm\u00f6glichkeit und damit zu Unsicherheiten in der Identit\u00e4tsbildung f\u00fchren. Gewalterfahrungen vor allem durch m\u00e4nnliche Bezugspersonen k\u00f6nnen zu einer Internalisierung von Gewalt als Bestandteil der m\u00e4nnlichen Identit\u00e4t f\u00fchren. Gleichzeitig schlie\u00dfen herk\u00f6mmliche Bilder vom Mannsein die Kombination Mann und Opfer aus. Folgen der Gewalterfahrungen wie Hilflosigkeit, Scham- und Schuldgef\u00fchle oder \u00c4ngste widersprechen dem tradierten M\u00e4nnerbild von St\u00e4rke und Risikobereitschaft, von Konkurrenz und Selbst\u00e4ndigkeit.<\/p>\n<p>Eben dieses tradierte M\u00e4nnerbild f\u00fchrt auch dazu, dass M\u00e4nner weniger \u00fcber ihre belastenden Erfahrungen, \u00fcber ihre Probleme sprechen oder sich Hilfe suchen. Der Konsum von Suchtmitteln wird h\u00e4ufig zur Aufrechterhaltung oder zum Ausdruck m\u00e4nnlicher Identit\u00e4t genutzt. Im Vergleich zu Frauen ist unter M\u00e4nnern die Rate von Alkohol- und Drogenmissbrauch bzw. -abh\u00e4ngigkeit h\u00f6her. M\u00e4nner zeigen h\u00e4rtere Konsummuster in Bezug auf Quantit\u00e4t und Qualit\u00e4t, ihr Konsum ist \u00f6ffentlicher, unangepasster, risikoreicher und fr\u00fcher. M\u00e4nner weisen gr\u00f6\u00dfere psychosoziale Folgeprobleme des Konsums auf, letztendlich sind 85% der Drogentoten m\u00e4nnlich.<\/p>\n<p>Neben geschlechts\u00fcbergreifenden Behandlungsans\u00e4tzen ist demnach f\u00fcr die Behandlung suchtmittelabh\u00e4ngiger M\u00e4nner eine Integration oben genannter Aspekte im Rahmen der psychotherapeutischen Behandlung notwendig.<\/p>\n<\/div><\/section><\/p><\/div>\n<\/div><\/div><\/div><!-- close content main div --><\/div><\/div><div id='after_section_4'  class='main_color av_default_container_wrap container_wrap fullsize'  ><div class='container av-section-cont-open' ><div class='template-page content  av-content-full alpha units'><div class='post-entry post-entry-type-page post-entry-2436'><div class='entry-content-wrapper clearfix'>\n\n<style type=\"text\/css\" data-created_by=\"avia_inline_auto\" id=\"style-css-av-aj7ghw-9f5b5a60dcfcf94fd837f80fca0d6dd2\">\n#top .hr.av-aj7ghw-9f5b5a60dcfcf94fd837f80fca0d6dd2{\nmargin-top:5px;\nmargin-bottom:5px;\n}\n.hr.av-aj7ghw-9f5b5a60dcfcf94fd837f80fca0d6dd2 .hr-inner{\nwidth:20%;\nborder-color:#e3000b;\nmax-width:45%;\n}\n.hr.av-aj7ghw-9f5b5a60dcfcf94fd837f80fca0d6dd2 .av-seperator-icon{\ncolor:#e3000b;\n}\n.hr.av-aj7ghw-9f5b5a60dcfcf94fd837f80fca0d6dd2 .av-seperator-icon.avia-svg-icon svg:first-child{\nfill:#e3000b;\nstroke:#e3000b;\n}\n<\/style>\n<div  class='hr av-aj7ghw-9f5b5a60dcfcf94fd837f80fca0d6dd2 hr-custom  avia-builder-el-17  el_after_av_section  el_before_av_section  avia-builder-el-no-sibling  trenner-rot hr-center hr-icon-yes'><span class='hr-inner inner-border-av-border-thin'><span class=\"hr-inner-style\"><\/span><\/span><span class='av-seperator-icon avia-iconfont avia-font-vfgsign' data-av_icon='\ue801' data-av_iconfont='vfgsign' ><\/span><span class='hr-inner inner-border-av-border-thin'><span class=\"hr-inner-style\"><\/span><\/span><\/div>\n<\/div><\/div><\/div><!-- close content main div --><\/div><\/div><div id='behandlungsansatz'  class='avia-section av-9baix0-0a66f98049375599639590dc0326adfe main_color avia-section-small avia-no-shadow  avia-builder-el-18  el_after_av_hr  avia-builder-el-last  avia-bg-style-scroll container_wrap fullsize'  ><div class='container av-section-cont-open' ><div class='template-page content  av-content-full alpha units'><div class='post-entry post-entry-type-page post-entry-2436'><div class='entry-content-wrapper clearfix'>\n\n<style type=\"text\/css\" data-created_by=\"avia_inline_auto\" id=\"style-css-av-81fpwk-a12bec707c3ab4fcbfcdae53e5df8c7d\">\n.flex_column.av-81fpwk-a12bec707c3ab4fcbfcdae53e5df8c7d{\nborder-radius:0px 0px 0px 0px;\npadding:30px 30px 30px 30px;\nbackground-color:#ffffff;\n}\n<\/style>\n<div  class='flex_column av-81fpwk-a12bec707c3ab4fcbfcdae53e5df8c7d av_one_full  avia-builder-el-19  avia-builder-el-no-sibling  first flex_column_div  '     ><p>\n<style type=\"text\/css\" data-created_by=\"avia_inline_auto\" id=\"style-css-av-av_heading-b7184e930552fc0538bbffbed3694806\">\n#top .av-special-heading.av-av_heading-b7184e930552fc0538bbffbed3694806{\npadding-bottom:10px;\n}\nbody .av-special-heading.av-av_heading-b7184e930552fc0538bbffbed3694806 .av-special-heading-tag .heading-char{\nfont-size:25px;\n}\n.av-special-heading.av-av_heading-b7184e930552fc0538bbffbed3694806 .av-subheading{\nfont-size:15px;\n}\n<\/style>\n<div  class='av-special-heading av-av_heading-b7184e930552fc0538bbffbed3694806 av-special-heading-h3  avia-builder-el-20  el_before_av_textblock  avia-builder-el-first '><h3 class='av-special-heading-tag '  itemprop=\"headline\"  >Unser Behandlungsansatz<\/h3><div class=\"special-heading-border\"><div class=\"special-heading-inner-border\"><\/div><\/div><\/div><br \/>\n<section  class='av_textblock_section av-3y9d5w-562300502ecbe939a064ec7ba4b4a93b '   itemscope=\"itemscope\" itemtype=\"https:\/\/schema.org\/CreativeWork\" ><div class='avia_textblock'  itemprop=\"text\" ><p>Die Fachklinik Meckenheim arbeitet ICD-10 und ICF basiert auf der Grundlage eines verhaltenstherapeutischen Behandlungskonzeptes, in das Elemente aus anderen psychotherapeutischen Richtungen integriert sind.<\/p>\n<p>Klassische psychotherapeutische Therapieans\u00e4tze in der Behandlung Abh\u00e4ngigkeitserkrankter gehen von einem Stadienmodell der Ver\u00e4nderungsbereitschaft zu einem suchtmittelfreien Leben (Prochaska und DiClementi) aus. Im gesamten Ablauf der Behandlung ist die gezielte Motivationsarbeit zur F\u00f6rderung einer Krankheitseinsicht und -akzeptanz sowie Ver\u00e4nderungsbereitschaft notwendig. Hierbei hat sich das Motivationskonzept nach Miller und Rollnick als wirksam erwiesen.<\/p>\n<p>Aus dem Stadienmodell wurde eine bestimmte Abfolge von psychotherapeutischen Inhalten und Zielen im Rahmen von Entw\u00f6hnungsbehandlungen bei Abh\u00e4ngigkeitserkrankten abgeleitet:<\/p>\n<section class=\"textblock farbe\"><strong>Modellhafte Abfolge therapeutischer Schritte der Psychotherapie Abh\u00e4ngigkeitskranker im Rahmen einer Entw\u00f6hnungsbehandlung (nach Stetter)<\/strong><\/p>\n<ul>\n<li>Kognitive Akzeptanz der Suchterkrankung mit dem Ziel, eine Abstinenz von allen Substanzen mit Suchtpotential zu erreichen und einzuhalten<\/li>\n<li>Emotionale Akzeptanz der Suchterkrankung: Bearbeitung der Schuld- und Schamgef\u00fchle<\/li>\n<li>Erkennen und Bearbeiten der Funktionalit\u00e4t des Suchtmittels<\/li>\n<li>Bearbeiten der hierbei deutlich gewordenen Konflikte, Selbstwert- und Selbstregulationsprobleme<\/li>\n<li>Aufbau alternativer Erlebens- und Verhaltensweisen und interpersoneller F\u00e4higkeiten<\/li>\n<\/ul>\n<\/section>\n<p>In Anbetracht der Tatsache, dass Substanzmissbrauch und -abh\u00e4ngigkeit zu den h\u00e4ufigsten Folgen traumatischer Erfahrungen im Kindes- und Jugendalter z\u00e4hlen und h\u00e4ufig mit anderen psychischen Folgen (z. B. Schwierigkeiten in der Identit\u00e4tsbildung, in der Emotionalit\u00e4t und der Beziehungsgestaltung) oder Symptomen (z. B. Symptome affektiver, schizophrener Erkrankungen) vergesellschaftet sind, wird eine Erweiterung dieser Behandlungsans\u00e4tze notwendig.<\/p>\n<p>Hierbei werden trauma- und suchtspezifische Interventionen in die Behandlung integriert. Psychoedukation zu den Zusammenh\u00e4ngen zwischen Sucht und Traumafolgen sind ein wichtiger Bestandteil der Behandlung durch den Arzt.<\/p>\n<p>Unsere Aufgabe in der station\u00e4ren Behandlung Abh\u00e4ngigkeitserkrankter sehen wir darin, den Rehabilitanden unter der Voraussetzung der Abstinenz w\u00e4hrend der Behandlung bei der \u00dcberwindung seiner Abh\u00e4ngigkeit zu unterst\u00fctzen. Die Bearbeitung der Abh\u00e4ngigkeitserkrankung, ihrer ausl\u00f6senden Faktoren und ihrer psychosozialen und somatischen Folgen muss demzufolge im Behandlungsprozess einen breiten Raum einnehmen. Da die Entstehung der Abh\u00e4ngigkeit multifaktoriell bedingt sowie individuell unterschiedlich ist und von der Entwicklung weiterer psychischer Symptome oder Erkrankungen nicht zu trennen ist und da die Auswirkungen der Abh\u00e4ngigkeitserkrankung vielschichtig sind, behandeln wir unsere Rehabilitanden individualisiert und multimodal. Im Zusammenspiel von medizinischer Behandlung, Einzel- und Gruppenpsychotherapie, Arbeits- und Ergotherapie, Kreativtherapie, Sporttherapie und Sozialarbeit werden die Rehabilitanden in ein alkohol- und drogenfreies Leben begleitet.<\/p>\n<p>Im Rahmen der Einzel- und Gruppenpsychotherapie werden Methoden der kognitiven Verhaltenstherapie aber auch der Methoden der \u201edritten Welle\u201c, der Verhaltenstherapie, eingesetzt. Weiterhin werden bei Rehabilitanden, bei denen die Abh\u00e4ngigkeit als eine traumakompensatorische Symptomatik aufzufassen ist, traumatherapeutische Interventionen in die Behandlung integriert.<\/p>\n<p>Durch die F\u00f6rderung von Selbstverantwortung, Selbstmanagement, Verhaltensver\u00e4nderungen und Kreativit\u00e4t werden folgende Punkte angeregt und erm\u00f6glicht:<\/p>\n<ul>\n<li>Pers\u00f6nlichkeitsentwicklung in ein abstinentes, zufriedenes Leben<\/li>\n<li>Verbesserung der emotionalen, sozialen und lebenspraktischen Kompetenzen<\/li>\n<li>Entwicklung von Bew\u00e4ltigungsstrategien f\u00fcr Krisensituationen<\/li>\n<li>Verbesserung der psychischen und k\u00f6rperlichen Leistungsf\u00e4higkeit<\/li>\n<li>Erhalt, Besserung bzw. Wiederherstellung der Erwerbsf\u00e4higkeit<\/li>\n<\/ul>\n<\/div><\/section><br \/>\n<div  class='avia-button-wrap av-1yluic-0f7e93352a9621d0e8f229b84615d3c5-wrap avia-button-right  avia-builder-el-22  el_after_av_textblock  avia-builder-el-last '><a href='https:\/\/www.vfg-bonn.de\/fachklinik\/behandlungsprogramm\/'  class='avia-button av-1yluic-0f7e93352a9621d0e8f229b84615d3c5 av-link-btn avia-icon_select-yes-right-icon avia-size-medium avia-position-right avia-color-theme-color'   aria-label=\"unser Behandlungsprogramm\u2026\"><span class='avia_iconbox_title' >unser Behandlungsprogramm\u2026<\/span><span class='avia_button_icon avia_button_icon_right avia-iconfont avia-font-entypo-fontello' data-av_icon='\ue832' data-av_iconfont='entypo-fontello' ><\/span><\/a><\/div><\/p><\/div>\n","protected":false},"excerpt":{"rendered":"","protected":false},"author":1,"featured_media":0,"parent":0,"menu_order":0,"comment_status":"closed","ping_status":"closed","template":"","meta":{"inline_featured_image":false,"footnotes":""},"class_list":["post-2436","page","type-page","status-publish","hentry"],"_links":{"self":[{"href":"https:\/\/www.vfg-bonn.de\/fachklinik\/wp-json\/wp\/v2\/pages\/2436","targetHints":{"allow":["GET"]}}],"collection":[{"href":"https:\/\/www.vfg-bonn.de\/fachklinik\/wp-json\/wp\/v2\/pages"}],"about":[{"href":"https:\/\/www.vfg-bonn.de\/fachklinik\/wp-json\/wp\/v2\/types\/page"}],"author":[{"embeddable":true,"href":"https:\/\/www.vfg-bonn.de\/fachklinik\/wp-json\/wp\/v2\/users\/1"}],"replies":[{"embeddable":true,"href":"https:\/\/www.vfg-bonn.de\/fachklinik\/wp-json\/wp\/v2\/comments?post=2436"}],"version-history":[{"count":7,"href":"https:\/\/www.vfg-bonn.de\/fachklinik\/wp-json\/wp\/v2\/pages\/2436\/revisions"}],"predecessor-version":[{"id":3967,"href":"https:\/\/www.vfg-bonn.de\/fachklinik\/wp-json\/wp\/v2\/pages\/2436\/revisions\/3967"}],"wp:attachment":[{"href":"https:\/\/www.vfg-bonn.de\/fachklinik\/wp-json\/wp\/v2\/media?parent=2436"}],"curies":[{"name":"wp","href":"https:\/\/api.w.org\/{rel}","templated":true}]}}