{"id":1828,"date":"2017-07-04T14:52:34","date_gmt":"2017-07-04T12:52:34","guid":{"rendered":"https:\/\/fachklinik-meckenheim.de\/?page_id=1828"},"modified":"2020-04-20T06:26:57","modified_gmt":"2020-04-20T04:26:57","slug":"teilqualifikationen","status":"publish","type":"page","link":"https:\/\/www.vfg-bonn.de\/fachklinik\/teilqualifikationen\/","title":{"rendered":"Teilqualifikationen"},"content":{"rendered":"\n<style type=\"text\/css\" data-created_by=\"avia_inline_auto\" id=\"style-css-av-qsbm7o-e48a82b2fdc73663767eb209cac4ee94\">\n.avia-section.av-qsbm7o-e48a82b2fdc73663767eb209cac4ee94 .av-parallax .av-parallax-inner{\nbackground-repeat:no-repeat;\nbackground-image:url(https:\/\/www.vfg-bonn.de\/fachklinik\/wp-content\/uploads\/DSC0996.jpg);\nbackground-position:50% 50%;\nbackground-attachment:scroll;\n}\n<\/style>\n<div id='av_section_1'  class='avia-section av-qsbm7o-e48a82b2fdc73663767eb209cac4ee94 main_color avia-section-large avia-no-shadow  avia-builder-el-0  el_before_av_one_full  avia-builder-el-first  spezialueberschrift avia-full-stretch av-parallax-section avia-bg-style-parallax av-minimum-height av-minimum-height-50 av-height-50  container_wrap fullsize'  data-section-bg-repeat='stretch' data-av_minimum_height_pc='50' data-av_min_height_opt='50'><div class='av-parallax' data-avia-parallax-ratio='0.3' ><div class='av-parallax-inner main_color avia-full-stretch'><\/div><\/div><div class='container av-section-cont-open' ><main  role=\"main\" itemprop=\"mainContentOfPage\"  class='template-page content  av-content-full alpha units'><div class='post-entry post-entry-type-page post-entry-1828'><div class='entry-content-wrapper clearfix'>\n\n<style type=\"text\/css\" data-created_by=\"avia_inline_auto\" id=\"style-css-av-p97qgk-2425c4c9ba14f671678b1b9ad0d7a77d\">\n#top .av-special-heading.av-p97qgk-2425c4c9ba14f671678b1b9ad0d7a77d{\npadding-bottom:0;\ncolor:#e3000b;\nfont-size:40px;\n}\nbody .av-special-heading.av-p97qgk-2425c4c9ba14f671678b1b9ad0d7a77d .av-special-heading-tag .heading-char{\nfont-size:25px;\n}\n#top #wrap_all .av-special-heading.av-p97qgk-2425c4c9ba14f671678b1b9ad0d7a77d .av-special-heading-tag{\nfont-size:40px;\n}\n.av-special-heading.av-p97qgk-2425c4c9ba14f671678b1b9ad0d7a77d .special-heading-inner-border{\nborder-color:#e3000b;\n}\n.av-special-heading.av-p97qgk-2425c4c9ba14f671678b1b9ad0d7a77d .av-subheading{\nfont-size:15px;\n}\n\n@media only screen and (min-width: 480px) and (max-width: 767px){ \n#top #wrap_all .av-special-heading.av-p97qgk-2425c4c9ba14f671678b1b9ad0d7a77d .av-special-heading-tag{\nfont-size:0.8em;\n}\n}\n\n@media only screen and (max-width: 479px){ \n#top #wrap_all .av-special-heading.av-p97qgk-2425c4c9ba14f671678b1b9ad0d7a77d .av-special-heading-tag{\nfont-size:0.8em;\n}\n}\n<\/style>\n<div  class='av-special-heading av-p97qgk-2425c4c9ba14f671678b1b9ad0d7a77d av-special-heading-h3 custom-color-heading blockquote modern-quote  avia-builder-el-1  el_before_av_hr  avia-builder-el-first  av-inherit-size'><h3 class='av-special-heading-tag '  itemprop=\"headline\"  >Teilqualifikationen<\/h3><div class=\"special-heading-border\"><div class=\"special-heading-inner-border\"><\/div><\/div><\/div>\n\n<style type=\"text\/css\" data-created_by=\"avia_inline_auto\" id=\"style-css-av-nct11w-9c77ca2975e9fb38d4f7c709ad3759cc\">\n#top .hr.av-nct11w-9c77ca2975e9fb38d4f7c709ad3759cc{\nmargin-top:30px;\nmargin-bottom:30px;\n}\n.hr.av-nct11w-9c77ca2975e9fb38d4f7c709ad3759cc .hr-inner{\nwidth:20%;\nborder-color:#e3000b;\nmax-width:45%;\n}\n.hr.av-nct11w-9c77ca2975e9fb38d4f7c709ad3759cc .av-seperator-icon{\ncolor:#e3000b;\n}\n.hr.av-nct11w-9c77ca2975e9fb38d4f7c709ad3759cc .av-seperator-icon.avia-svg-icon svg:first-child{\nfill:#e3000b;\nstroke:#e3000b;\n}\n<\/style>\n<div  class='hr av-nct11w-9c77ca2975e9fb38d4f7c709ad3759cc hr-custom  avia-builder-el-2  el_after_av_heading  avia-builder-el-last  hr-left hr-icon-yes'><span class='hr-inner inner-border-av-border-thin'><span class=\"hr-inner-style\"><\/span><\/span><span class='av-seperator-icon avia-iconfont avia-font-entypo-fontello' data-av_icon='\ue8bf' data-av_iconfont='entypo-fontello' ><\/span><span class='hr-inner inner-border-av-border-thin'><span class=\"hr-inner-style\"><\/span><\/span><\/div>\n<\/div><\/div><\/main><!-- close content main element --><\/div><\/div><div id='after_section_1'  class='main_color av_default_container_wrap container_wrap fullsize'  ><div class='container av-section-cont-open' ><div class='template-page content  av-content-full alpha units'><div class='post-entry post-entry-type-page post-entry-1828'><div class='entry-content-wrapper clearfix'>\n<div class='flex_column_table av-mh4ro4-06beeb966a2babe57a80f16978f7a5bf sc-av_one_full av-equal-height-column-flextable'>\n<style type=\"text\/css\" data-created_by=\"avia_inline_auto\" id=\"style-css-av-mh4ro4-06beeb966a2babe57a80f16978f7a5bf\">\n#top .flex_column_table.av-equal-height-column-flextable.av-mh4ro4-06beeb966a2babe57a80f16978f7a5bf{\nmargin-top:-90px;\n}\n.flex_column.av-mh4ro4-06beeb966a2babe57a80f16978f7a5bf{\nborder-radius:0px 0px 0px 0px;\npadding:30px 30px 30px 30px;\nbackground-color:#ffffff;\n}\n<\/style>\n<div  class='flex_column av-mh4ro4-06beeb966a2babe57a80f16978f7a5bf av_one_full  avia-builder-el-3  el_after_av_section  avia-builder-el-no-sibling  first flex_column_table_cell av-equal-height-column av-align-top  '     ><p><section  class='av_textblock_section av-lgmwac-b8a318ceba99567dd642c1615e3075ef '   itemscope=\"itemscope\" itemtype=\"https:\/\/schema.org\/CreativeWork\" ><div class='avia_textblock'  itemprop=\"text\" ><p>Die Teilqualifikationen sind mehrt\u00e4tige Qualifizierungsma\u00dfnahmen, die von den Arbeits- und Ergotherapeuten in der Fachklinik durchgef\u00fchrt werden. Sie sind speziell f\u00fcr Rehabilitanden ohne abgeschlossene Ausbildung und mit geringer oder nicht vorhandener beruflicher Erfahrung vorgesehen.<\/p>\n<p>Mit der Vermittlung von <strong>Teilqualifikationen<\/strong> sollen zum einen M\u00f6glichkeiten der beruflichen Orientierung und der Erfahrung pers\u00f6nlicher F\u00e4higkeiten und Neigungen gegeben und zum anderen Chancen bei der (Wieder-) Eingliederung in den Arbeitsmarkt oder beim Beginn einer Berufsausbildung erh\u00f6ht werden.<\/p>\n<\/div><\/section><br \/>\n<div  class='hr av-jfgalw-002644d86a004ac6b8f04bb4dff09fea hr-short  avia-builder-el-5  el_after_av_textblock  el_before_av_heading  hr-center'><span class='hr-inner '><span class=\"hr-inner-style\"><\/span><\/span><\/div><br \/>\n\n<style type=\"text\/css\" data-created_by=\"avia_inline_auto\" id=\"style-css-av-av_heading-42b6357497eaddc47152ee74bee1f83f\">\n#top .av-special-heading.av-av_heading-42b6357497eaddc47152ee74bee1f83f{\npadding-bottom:10px;\n}\nbody .av-special-heading.av-av_heading-42b6357497eaddc47152ee74bee1f83f .av-special-heading-tag .heading-char{\nfont-size:25px;\n}\n.av-special-heading.av-av_heading-42b6357497eaddc47152ee74bee1f83f .av-subheading{\nfont-size:15px;\n}\n<\/style>\n<div  class='av-special-heading av-av_heading-42b6357497eaddc47152ee74bee1f83f av-special-heading-h3 blockquote modern-quote  avia-builder-el-6  el_after_av_hr  el_before_av_tab_container '><h3 class='av-special-heading-tag '  itemprop=\"headline\"  >Folgende Teilqualifikationen werden in der Fachklinik Meckenheim angeboten:<\/h3><div class=\"special-heading-border\"><div class=\"special-heading-inner-border\"><\/div><\/div><\/div><br \/>\n<div  class='tabcontainer av-febo6s-5ecf5074830ead04ddd4ad9361eb5e95 sidebar_tab sidebar_tab_left  avia-builder-el-7  el_after_av_heading  el_before_av_hr  noborder_tabs'>\n<section class='av_tab_section av_tab_section av-dj0m90-8967f6efa3af5513b401327994ecb63d'  itemscope=\"itemscope\" itemtype=\"https:\/\/schema.org\/CreativeWork\" ><div id='tab-id-1-tab' class='tab active_tab' role='tab' aria-selected=\"true\" tabindex=\"0\" data-fake-id='#tab-id-1' aria-controls='tab-id-1-content'  itemprop=\"headline\" >Staplerschein<\/div><div id='tab-id-1-content' class='tab_content active_tab_content' role='tabpanel' aria-labelledby='tab-id-1-tab' aria-hidden=\"false\"><div class='tab_inner_content invers-color'  itemprop=\"text\" ><p><a href=\"https:\/\/vfg-bonn.de\/fachklinik\/wp-content\/uploads\/Staplerschein.jpg\"><img loading=\"lazy\" decoding=\"async\" class=\"wp-image-2004 alignnone\" src=\"https:\/\/vfg-bonn.de\/fachklinik\/wp-content\/uploads\/Staplerschein-450x325.jpg\" alt=\"\" width=\"277\" height=\"200\" srcset=\"https:\/\/www.vfg-bonn.de\/fachklinik\/wp-content\/uploads\/Staplerschein-450x325.jpg 450w, https:\/\/www.vfg-bonn.de\/fachklinik\/wp-content\/uploads\/Staplerschein-768x555.jpg 768w, https:\/\/www.vfg-bonn.de\/fachklinik\/wp-content\/uploads\/Staplerschein-705x509.jpg 705w, https:\/\/www.vfg-bonn.de\/fachklinik\/wp-content\/uploads\/Staplerschein.jpg 800w\" sizes=\"auto, (max-width: 277px) 100vw, 277px\" \/><\/a><\/p>\n<p>Im Rahmen dieser Qualifikationsma\u00dfnahme kann der Staplerschein erworben werden. Diese Ma\u00dfnahme findet in Kooperation mit der VFG-Autoverwertung statt.<\/p>\n<\/div><\/div><\/section>\n<section class='av_tab_section av_tab_section av-c31ous-1efcf374a17b5873d169d73814e2fb40'  itemscope=\"itemscope\" itemtype=\"https:\/\/schema.org\/CreativeWork\" ><div id='tab-id-2-tab' class='tab' role='tab' aria-selected=\"false\" tabindex=\"0\" data-fake-id='#tab-id-2' aria-controls='tab-id-2-content'  itemprop=\"headline\" >Rund ums Haus<\/div><div id='tab-id-2-content' class='tab_content' role='tabpanel' aria-labelledby='tab-id-2-tab' aria-hidden=\"true\"><div class='tab_inner_content invers-color'  itemprop=\"text\" ><p><img loading=\"lazy\" decoding=\"async\" class=\"wp-image-2126 alignright\" src=\"https:\/\/vfg-bonn.de\/fachklinik\/wp-content\/uploads\/DSC6907-x-450x235.jpg\" alt=\"\" width=\"310\" height=\"162\" srcset=\"https:\/\/www.vfg-bonn.de\/fachklinik\/wp-content\/uploads\/DSC6907-x-450x235.jpg 450w, https:\/\/www.vfg-bonn.de\/fachklinik\/wp-content\/uploads\/DSC6907-x-1030x538.jpg 1030w, https:\/\/www.vfg-bonn.de\/fachklinik\/wp-content\/uploads\/DSC6907-x-768x401.jpg 768w, https:\/\/www.vfg-bonn.de\/fachklinik\/wp-content\/uploads\/DSC6907-x-705x368.jpg 705w, https:\/\/www.vfg-bonn.de\/fachklinik\/wp-content\/uploads\/DSC6907-x.jpg 1500w\" sizes=\"auto, (max-width: 310px) 100vw, 310px\" \/>Diese Qualifikationsma\u00dfnahme umfasst den Erwerb von Grundkenntnissen aus den Bereichen Elektro\/Sanit\u00e4r, Malerarbeiten\/D\u00fcbelmontage, T\u00fcr\/Fenster, Geb\u00e4udereinigung, Au\u00dfengel\u00e4ndepflege, die notwendig sind, um grundlegende T\u00e4tigkeiten \u201eRund ums Haus\u201c durchzuf\u00fchren.<\/p>\n<\/div><\/div><\/section>\n<section class='av_tab_section av_tab_section av-ap1a1g-910b056d66c2bfa8ae3626dee0a65441'  itemscope=\"itemscope\" itemtype=\"https:\/\/schema.org\/CreativeWork\" ><div id='tab-id-3-tab' class='tab' role='tab' aria-selected=\"false\" tabindex=\"0\" data-fake-id='#tab-id-3' aria-controls='tab-id-3-content'  itemprop=\"headline\" >Hauswirtschaft und Haushalt<\/div><div id='tab-id-3-content' class='tab_content' role='tabpanel' aria-labelledby='tab-id-3-tab' aria-hidden=\"true\"><div class='tab_inner_content invers-color'  itemprop=\"text\" ><p><a href=\"https:\/\/vfg-bonn.de\/fachklinik\/wp-content\/uploads\/DSC5292-Hauswirtschaft.jpg\"><img loading=\"lazy\" decoding=\"async\" class=\" wp-image-2182 alignright\" src=\"https:\/\/vfg-bonn.de\/fachklinik\/wp-content\/uploads\/DSC5363-x-450x235.jpg\" alt=\"\" width=\"308\" height=\"161\" srcset=\"https:\/\/www.vfg-bonn.de\/fachklinik\/wp-content\/uploads\/DSC5363-x-450x235.jpg 450w, https:\/\/www.vfg-bonn.de\/fachklinik\/wp-content\/uploads\/DSC5363-x-1030x538.jpg 1030w, https:\/\/www.vfg-bonn.de\/fachklinik\/wp-content\/uploads\/DSC5363-x-768x401.jpg 768w, https:\/\/www.vfg-bonn.de\/fachklinik\/wp-content\/uploads\/DSC5363-x-705x368.jpg 705w, https:\/\/www.vfg-bonn.de\/fachklinik\/wp-content\/uploads\/DSC5363-x.jpg 1500w\" sizes=\"auto, (max-width: 308px) 100vw, 308px\" \/><\/a>Diese Qualifikationsma\u00dfnahme umfasst den Erwerb von Grundkenntnissen \u00fcber Hygiene und Desinfektion, \u00fcber Mahlzeitenplanung und -zubereitung von schmackhaften und vollwertigen Gerichten und Geb\u00e4ck, Anrichten und Servieren von Speisen. Weiterhin wird Grundwissen zur W\u00e4schepflege und Geb\u00e4udereinigung vermittelt.<\/p>\n<\/div><\/div><\/section>\n<section class='av_tab_section av_tab_section av-9n4to4-856e73987eadf285a28c6983da7c626b'  itemscope=\"itemscope\" itemtype=\"https:\/\/schema.org\/CreativeWork\" ><div id='tab-id-4-tab' class='tab' role='tab' aria-selected=\"false\" tabindex=\"0\" data-fake-id='#tab-id-4' aria-controls='tab-id-4-content'  itemprop=\"headline\" >Einf\u00fchrung Holzbearbeitung<\/div><div id='tab-id-4-content' class='tab_content' role='tabpanel' aria-labelledby='tab-id-4-tab' aria-hidden=\"true\"><div class='tab_inner_content invers-color'  itemprop=\"text\" ><p><a href=\"https:\/\/vfg-bonn.de\/fachklinik\/wp-content\/uploads\/Arbeits-Ergotherapie.jpg\"><img loading=\"lazy\" decoding=\"async\" class=\"alignright wp-image-2000\" src=\"https:\/\/vfg-bonn.de\/fachklinik\/wp-content\/uploads\/Arbeits-Ergotherapie-450x310.jpg\" alt=\"\" width=\"290\" height=\"200\" srcset=\"https:\/\/www.vfg-bonn.de\/fachklinik\/wp-content\/uploads\/Arbeits-Ergotherapie-450x310.jpg 450w, https:\/\/www.vfg-bonn.de\/fachklinik\/wp-content\/uploads\/Arbeits-Ergotherapie-768x529.jpg 768w, https:\/\/www.vfg-bonn.de\/fachklinik\/wp-content\/uploads\/Arbeits-Ergotherapie-705x486.jpg 705w, https:\/\/www.vfg-bonn.de\/fachklinik\/wp-content\/uploads\/Arbeits-Ergotherapie.jpg 800w\" sizes=\"auto, (max-width: 290px) 100vw, 290px\" \/><\/a>Diese Qualifikationsma\u00dfnahme vermittelt Grundkenntnisse der Holzbearbeitung: die Materialkunde zum Werkstoff Holz, den Umgang mit Handwerkzeugen und Handmaschinen zur Holzbearbeitung, die Herstellung von Holzverbindungen und Oberfl\u00e4chenbehandlungen. Die Ma\u00dfnahme wird mit einer Abschlussaufgabe beendet.<\/p>\n<\/div><\/div><\/section>\n<section class='av_tab_section av_tab_section av-81c29g-b5dbd0f9d832bf73485263b60303534b'  itemscope=\"itemscope\" itemtype=\"https:\/\/schema.org\/CreativeWork\" ><div id='tab-id-5-tab' class='tab' role='tab' aria-selected=\"false\" tabindex=\"0\" data-fake-id='#tab-id-5' aria-controls='tab-id-5-content'  itemprop=\"headline\" >Basiswissen Garten- und Landschaftsbau<\/div><div id='tab-id-5-content' class='tab_content' role='tabpanel' aria-labelledby='tab-id-5-tab' aria-hidden=\"true\"><div class='tab_inner_content invers-color'  itemprop=\"text\" ><p><a href=\"https:\/\/vfg-bonn.de\/fachklinik\/wp-content\/uploads\/DSC9062.jpg\"><img loading=\"lazy\" decoding=\"async\" class=\"alignright wp-image-768\" src=\"https:\/\/vfg-bonn.de\/fachklinik\/wp-content\/uploads\/DSC9062-450x300.jpg\" alt=\"\" width=\"301\" height=\"200\" srcset=\"https:\/\/www.vfg-bonn.de\/fachklinik\/wp-content\/uploads\/DSC9062-450x300.jpg 450w, https:\/\/www.vfg-bonn.de\/fachklinik\/wp-content\/uploads\/DSC9062-1030x686.jpg 1030w, https:\/\/www.vfg-bonn.de\/fachklinik\/wp-content\/uploads\/DSC9062-768x511.jpg 768w, https:\/\/www.vfg-bonn.de\/fachklinik\/wp-content\/uploads\/DSC9062-1536x1022.jpg 1536w, https:\/\/www.vfg-bonn.de\/fachklinik\/wp-content\/uploads\/DSC9062-1500x998.jpg 1500w, https:\/\/www.vfg-bonn.de\/fachklinik\/wp-content\/uploads\/DSC9062-705x469.jpg 705w, https:\/\/www.vfg-bonn.de\/fachklinik\/wp-content\/uploads\/DSC9062.jpg 1800w\" sizes=\"auto, (max-width: 301px) 100vw, 301px\" \/><\/a>Diese Qualifikationsma\u00dfnahme vermittelt Grundkenntnisse der Pflanzen-, Baum- und Bodenkunde, der Rasenpflege, des Obst- und Gem\u00fcseanbaus und in der Handhabung der notwenigen Arbeitsger\u00e4te. Weiterhin werden Informationen zu Sch\u00e4dlingsbefall und \u2013bek\u00e4mpfung vermittelt.<\/p>\n<\/div><\/div><\/section>\n<section class='av_tab_section av_tab_section av-av_tab-8d2c34c414a674a534c0eb2d4f6fc7af'  itemscope=\"itemscope\" itemtype=\"https:\/\/schema.org\/CreativeWork\" ><div id='tab-id-6-tab' class='tab' role='tab' aria-selected=\"false\" tabindex=\"0\" data-fake-id='#tab-id-6' aria-controls='tab-id-6-content'  itemprop=\"headline\" >Grundlagen der B\u00fcrokommunikation<\/div><div id='tab-id-6-content' class='tab_content' role='tabpanel' aria-labelledby='tab-id-6-tab' aria-hidden=\"true\"><div class='tab_inner_content invers-color'  itemprop=\"text\" ><p><a href=\"https:\/\/vfg-bonn.de\/fachklinik\/wp-content\/uploads\/Buerokommunikation.jpg\"><img loading=\"lazy\" decoding=\"async\" class=\"alignright wp-image-2002\" src=\"https:\/\/vfg-bonn.de\/fachklinik\/wp-content\/uploads\/Buerokommunikation-450x325.jpg\" alt=\"\" width=\"277\" height=\"200\" srcset=\"https:\/\/www.vfg-bonn.de\/fachklinik\/wp-content\/uploads\/Buerokommunikation-450x325.jpg 450w, https:\/\/www.vfg-bonn.de\/fachklinik\/wp-content\/uploads\/Buerokommunikation-768x555.jpg 768w, https:\/\/www.vfg-bonn.de\/fachklinik\/wp-content\/uploads\/Buerokommunikation-705x509.jpg 705w, https:\/\/www.vfg-bonn.de\/fachklinik\/wp-content\/uploads\/Buerokommunikation.jpg 800w\" sizes=\"auto, (max-width: 277px) 100vw, 277px\" \/><\/a>In dieser Qualifikationsma\u00dfnahme werden neben Informationen \u00fcber Berufsbilder und Arbeitsplatzergonomie der Themenbereich Kommunikation\/Gespr\u00e4chskompetenz\/Umgangsformen, Grundkenntnisse in PC-Anwendungsprogrammen, B\u00fcrotechnik, Terminplanung und -verwaltung, Posteingang und -ausgang, zielgerichtetes Telefonieren, Grundlagen einer Kassenf\u00fchrung, Anlegen von Ordnungssystemen sowie das Erstellen von Dokumenten vermittelt.<\/p>\n<\/div><\/div><\/section>\n<\/div><br \/>\n\n<style type=\"text\/css\" data-created_by=\"avia_inline_auto\" id=\"style-css-av-4i3350-4e3245935300fe297bd857d9256dbc4b\">\n#top .hr.hr-invisible.av-4i3350-4e3245935300fe297bd857d9256dbc4b{\nheight:50px;\n}\n<\/style>\n<div  class='hr av-4i3350-4e3245935300fe297bd857d9256dbc4b hr-invisible  avia-builder-el-8  el_after_av_tab_container  el_before_av_button '><span class='hr-inner '><span class=\"hr-inner-style\"><\/span><\/span><\/div><br \/>\n<div  class='avia-button-wrap av-29tusk-6b04de45e28b11b4fcb78d7e4e845bfd-wrap avia-button-right  avia-builder-el-9  el_after_av_hr  avia-builder-el-last '><a href='https:\/\/www.vfg-bonn.de\/fachklinik\/gesunde-ernaehrung\/'  class='avia-button av-29tusk-6b04de45e28b11b4fcb78d7e4e845bfd av-link-btn avia-icon_select-yes-right-icon avia-size-medium avia-position-right avia-color-theme-color'   aria-label=\"gesunde Ern\u00e4hrung\u2026\"><span class='avia_iconbox_title' >gesunde Ern\u00e4hrung\u2026<\/span><span class='avia_button_icon avia_button_icon_right avia-iconfont avia-font-entypo-fontello' data-av_icon='\ue832' data-av_iconfont='entypo-fontello' ><\/span><\/a><\/div><\/p><\/div><\/div><!--close column table wrapper. Autoclose: 1 -->\n","protected":false},"excerpt":{"rendered":"","protected":false},"author":1,"featured_media":0,"parent":0,"menu_order":0,"comment_status":"closed","ping_status":"closed","template":"","meta":{"inline_featured_image":false,"footnotes":""},"class_list":["post-1828","page","type-page","status-publish","hentry"],"_links":{"self":[{"href":"https:\/\/www.vfg-bonn.de\/fachklinik\/wp-json\/wp\/v2\/pages\/1828","targetHints":{"allow":["GET"]}}],"collection":[{"href":"https:\/\/www.vfg-bonn.de\/fachklinik\/wp-json\/wp\/v2\/pages"}],"about":[{"href":"https:\/\/www.vfg-bonn.de\/fachklinik\/wp-json\/wp\/v2\/types\/page"}],"author":[{"embeddable":true,"href":"https:\/\/www.vfg-bonn.de\/fachklinik\/wp-json\/wp\/v2\/users\/1"}],"replies":[{"embeddable":true,"href":"https:\/\/www.vfg-bonn.de\/fachklinik\/wp-json\/wp\/v2\/comments?post=1828"}],"version-history":[{"count":6,"href":"https:\/\/www.vfg-bonn.de\/fachklinik\/wp-json\/wp\/v2\/pages\/1828\/revisions"}],"predecessor-version":[{"id":3981,"href":"https:\/\/www.vfg-bonn.de\/fachklinik\/wp-json\/wp\/v2\/pages\/1828\/revisions\/3981"}],"wp:attachment":[{"href":"https:\/\/www.vfg-bonn.de\/fachklinik\/wp-json\/wp\/v2\/media?parent=1828"}],"curies":[{"name":"wp","href":"https:\/\/api.w.org\/{rel}","templated":true}]}}