{"id":1417,"date":"2015-09-02T12:02:38","date_gmt":"2015-09-02T10:02:38","guid":{"rendered":"http:\/\/www.vfg-bonn.de\/wp-fkm\/?page_id=1417"},"modified":"2020-03-11T15:45:59","modified_gmt":"2020-03-11T14:45:59","slug":"aktuelles","status":"publish","type":"page","link":"https:\/\/www.vfg-bonn.de\/fachklinik\/aktuelles\/","title":{"rendered":"Aktuelles"},"content":{"rendered":"\n<style type=\"text\/css\" data-created_by=\"avia_inline_auto\" id=\"style-css-av-oljj4p-6be11eb22619ad4d5ae3e41998883a9e\">\n.avia-section.av-oljj4p-6be11eb22619ad4d5ae3e41998883a9e .av-parallax .av-parallax-inner{\nbackground-repeat:no-repeat;\nbackground-image:url(https:\/\/www.vfg-bonn.de\/fachklinik\/wp-content\/uploads\/DSC9791-x-1-1030x744.jpg);\nbackground-position:50% 100%;\nbackground-attachment:scroll;\n}\n<\/style>\n<div id='av_section_1'  class='avia-section av-oljj4p-6be11eb22619ad4d5ae3e41998883a9e main_color avia-section-large avia-no-shadow  avia-builder-el-0  el_before_av_three_fourth  avia-builder-el-first  spezialueberschrift avia-full-stretch av-parallax-section avia-bg-style-parallax av-minimum-height av-minimum-height-25 av-height-25  container_wrap fullsize'  data-section-bg-repeat='stretch' data-av_minimum_height_pc='25' data-av_min_height_opt='25'><div class='av-parallax' data-avia-parallax-ratio='0.3' ><div class='av-parallax-inner main_color avia-full-stretch'><\/div><\/div><div class='container av-section-cont-open' ><main  role=\"main\" itemprop=\"mainContentOfPage\"  class='template-page content  av-content-full alpha units'><div class='post-entry post-entry-type-page post-entry-1417'><div class='entry-content-wrapper clearfix'>\n\n<style type=\"text\/css\" data-created_by=\"avia_inline_auto\" id=\"style-css-av-m5hy6x-0b5630066ceb5f6c9c82bc445ebc822f\">\n#top .av-special-heading.av-m5hy6x-0b5630066ceb5f6c9c82bc445ebc822f{\npadding-bottom:0;\ncolor:#e3000b;\nfont-size:40px;\n}\nbody .av-special-heading.av-m5hy6x-0b5630066ceb5f6c9c82bc445ebc822f .av-special-heading-tag .heading-char{\nfont-size:25px;\n}\n#top #wrap_all .av-special-heading.av-m5hy6x-0b5630066ceb5f6c9c82bc445ebc822f .av-special-heading-tag{\nfont-size:40px;\n}\n.av-special-heading.av-m5hy6x-0b5630066ceb5f6c9c82bc445ebc822f .special-heading-inner-border{\nborder-color:#e3000b;\n}\n.av-special-heading.av-m5hy6x-0b5630066ceb5f6c9c82bc445ebc822f .av-subheading{\nfont-size:15px;\n}\n\n@media only screen and (min-width: 480px) and (max-width: 767px){ \n#top #wrap_all .av-special-heading.av-m5hy6x-0b5630066ceb5f6c9c82bc445ebc822f .av-special-heading-tag{\nfont-size:0.8em;\n}\n}\n\n@media only screen and (max-width: 479px){ \n#top #wrap_all .av-special-heading.av-m5hy6x-0b5630066ceb5f6c9c82bc445ebc822f .av-special-heading-tag{\nfont-size:0.8em;\n}\n}\n<\/style>\n<div  class='av-special-heading av-m5hy6x-0b5630066ceb5f6c9c82bc445ebc822f av-special-heading-h3 custom-color-heading blockquote modern-quote  avia-builder-el-1  el_before_av_hr  avia-builder-el-first  av-inherit-size'><h3 class='av-special-heading-tag '  itemprop=\"headline\"  >Aktuelles<\/h3><div class=\"special-heading-border\"><div class=\"special-heading-inner-border\"><\/div><\/div><\/div>\n\n<style type=\"text\/css\" data-created_by=\"avia_inline_auto\" id=\"style-css-av-23o0d5-aab0d2959edb2b9114e6d88d3888e70e\">\n#top .hr.av-23o0d5-aab0d2959edb2b9114e6d88d3888e70e{\nmargin-top:30px;\nmargin-bottom:30px;\n}\n.hr.av-23o0d5-aab0d2959edb2b9114e6d88d3888e70e .hr-inner{\nwidth:20%;\nborder-color:#e3000b;\nmax-width:45%;\n}\n.hr.av-23o0d5-aab0d2959edb2b9114e6d88d3888e70e .av-seperator-icon{\ncolor:#e3000b;\n}\n.hr.av-23o0d5-aab0d2959edb2b9114e6d88d3888e70e .av-seperator-icon.avia-svg-icon svg:first-child{\nfill:#e3000b;\nstroke:#e3000b;\n}\n<\/style>\n<div  class='hr av-23o0d5-aab0d2959edb2b9114e6d88d3888e70e hr-custom  avia-builder-el-2  el_after_av_heading  avia-builder-el-last  hr-left hr-icon-yes'><span class='hr-inner inner-border-av-border-thin'><span class=\"hr-inner-style\"><\/span><\/span><span class='av-seperator-icon avia-iconfont avia-font-entypo-fontello' data-av_icon='\ue8bf' data-av_iconfont='entypo-fontello' ><\/span><span class='hr-inner inner-border-av-border-thin'><span class=\"hr-inner-style\"><\/span><\/span><\/div>\n<\/div><\/div><\/main><!-- close content main element --><\/div><\/div><div id='after_section_1'  class='main_color av_default_container_wrap container_wrap fullsize'  ><div class='container av-section-cont-open' ><div class='template-page content  av-content-full alpha units'><div class='post-entry post-entry-type-page post-entry-1417'><div class='entry-content-wrapper clearfix'>\n\n<style type=\"text\/css\" data-created_by=\"avia_inline_auto\" id=\"style-css-av-jh8de1-22a4ba0c544534f2fa2f94678b2f400b\">\n@keyframes av_boxShadowEffect_av-jh8de1-22a4ba0c544534f2fa2f94678b2f400b-column {\n0%   { box-shadow:  0 0 0 0 #aaaaaa; opacity: 1; }\n100% { box-shadow:  0 0 6px 0 #aaaaaa; opacity: 1; }\n}\n.flex_column.av-jh8de1-22a4ba0c544534f2fa2f94678b2f400b{\nbox-shadow: 0 0 6px 0 #aaaaaa;\nborder-width:2px;\nborder-color:#aaaaaa;\nborder-style:solid;\nborder-radius:15px 15px 15px 15px;\npadding:30px 30px 30px 30px;\n}\n<\/style>\n<div  class='flex_column av-jh8de1-22a4ba0c544534f2fa2f94678b2f400b av_three_fourth  avia-builder-el-3  el_after_av_section  el_before_av_one_fourth  avia-builder-el-first  first flex_column_div shadow-not-animated  '     ><p>\n<style type=\"text\/css\" data-created_by=\"avia_inline_auto\" id=\"style-css-av-av_heading-5aef1c31afc9c7edf1b649b69d7b069f\">\n#top .av-special-heading.av-av_heading-5aef1c31afc9c7edf1b649b69d7b069f{\npadding-bottom:10px;\nfont-size:28px;\n}\nbody .av-special-heading.av-av_heading-5aef1c31afc9c7edf1b649b69d7b069f .av-special-heading-tag .heading-char{\nfont-size:25px;\n}\n#top #wrap_all .av-special-heading.av-av_heading-5aef1c31afc9c7edf1b649b69d7b069f .av-special-heading-tag{\nfont-size:28px;\n}\n.av-special-heading.av-av_heading-5aef1c31afc9c7edf1b649b69d7b069f .av-subheading{\nfont-size:15px;\n}\n\n@media only screen and (min-width: 480px) and (max-width: 767px){ \n#top #wrap_all .av-special-heading.av-av_heading-5aef1c31afc9c7edf1b649b69d7b069f .av-special-heading-tag{\nfont-size:0.8em;\n}\n}\n\n@media only screen and (max-width: 479px){ \n#top #wrap_all .av-special-heading.av-av_heading-5aef1c31afc9c7edf1b649b69d7b069f .av-special-heading-tag{\nfont-size:0.8em;\n}\n}\n<\/style>\n<div  class='av-special-heading av-av_heading-5aef1c31afc9c7edf1b649b69d7b069f av-special-heading-h3 blockquote modern-quote modern-centered  avia-builder-el-4  el_before_av_hr  avia-builder-el-first  av-inherit-size'><h3 class='av-special-heading-tag '  itemprop=\"headline\"  >Aktuelle Termine<\/h3><div class=\"special-heading-border\"><div class=\"special-heading-inner-border\"><\/div><\/div><\/div><br \/>\n\n<style type=\"text\/css\" data-created_by=\"avia_inline_auto\" id=\"style-css-av-fygjjt-7270fa5b5c91eeb728680556fe43bf7f\">\n#top .hr.av-fygjjt-7270fa5b5c91eeb728680556fe43bf7f{\nmargin-top:30px;\nmargin-bottom:30px;\n}\n.hr.av-fygjjt-7270fa5b5c91eeb728680556fe43bf7f .hr-inner{\nwidth:150px;\nborder-color:#b02b2c;\nmax-width:45%;\n}\n.hr.av-fygjjt-7270fa5b5c91eeb728680556fe43bf7f .av-seperator-icon{\ncolor:#b02b2c;\n}\n.hr.av-fygjjt-7270fa5b5c91eeb728680556fe43bf7f .av-seperator-icon.avia-svg-icon svg:first-child{\nfill:#b02b2c;\nstroke:#b02b2c;\n}\n<\/style>\n<div  class='hr av-fygjjt-7270fa5b5c91eeb728680556fe43bf7f hr-custom  avia-builder-el-5  el_after_av_heading  el_before_av_textblock  hr-center hr-icon-yes'><span class='hr-inner inner-border-av-border-thin'><span class=\"hr-inner-style\"><\/span><\/span><span class='av-seperator-icon avia-iconfont avia-font-entypo-fontello' data-av_icon='\ue8bf' data-av_iconfont='entypo-fontello' ><\/span><span class='hr-inner inner-border-av-border-thin'><span class=\"hr-inner-style\"><\/span><\/span><\/div><br \/>\n<section  class='av_textblock_section av-dxg5mx-4499fdaa62cde5f20602b54c62e47119 '   itemscope=\"itemscope\" itemtype=\"https:\/\/schema.org\/CreativeWork\" ><div class='avia_textblock'  itemprop=\"text\" ><div class=\"em em-view-container\" id=\"em-view-1167622520\" data-view=\"list\">\r\n\t<div class=\"em pixelbones em-list em-events-list\" id=\"em-events-list-1167622520\" data-view-id=\"1167622520\">\r\n\tKeine  Veranstaltungen\t<\/div>\r\n<\/div>\n<\/div><\/section><\/p><\/div>\n<style type=\"text\/css\" data-created_by=\"avia_inline_auto\" id=\"style-css-av-6m44rt-4793ca428e5170b0d34f042a9a4a5830\">\n.flex_column.av-6m44rt-4793ca428e5170b0d34f042a9a4a5830{\nborder-radius:0px 0px 0px 0px;\npadding:0px 0px 0px 0px;\n}\n<\/style>\n<div  class='flex_column av-6m44rt-4793ca428e5170b0d34f042a9a4a5830 av_one_fourth  avia-builder-el-7  el_after_av_three_fourth  el_before_av_three_fourth  flex_column_div av-zero-column-padding  '     ><div  class='avia-builder-widget-area clearfix  avia-builder-el-8  avia-builder-el-no-sibling '><div id=\"text-5\" class=\"widget clearfix widget_text\"><h3 class=\"widgettitle\">Facebook<\/h3>\t\t\t<div class=\"textwidget\"><p>Auf unserem <a href=\"https:\/\/www.facebook.com\/123fkm\/\" target=\"_blank\" rel=\"noopener\">Facebook-Profil<\/a> halten wir Sie \u00fcber Aktuelles auf dem Laufenden.<\/p>\n<div  class='avia-button-wrap avia-button-center  widgetbuttons'>\n<style type=\"text\/css\" data-created_by=\"avia_inline_auto\" id=\"style-css-av-av_button_big-9f5d55e0169c5deeca0760655cc428c1\">\n#top #wrap_all .avia-button.av-av_button_big-9f5d55e0169c5deeca0760655cc428c1{\nbackground-color:#3b5998;\nborder-color:#3b5998;\ncolor:#ffffff;\ntransition:all 0.4s ease-in-out;\n}\n#top #wrap_all .avia-button.av-av_button_big-9f5d55e0169c5deeca0760655cc428c1:hover{\nbackground-color:#123a99;\ncolor:#ffffff;\ntransition:all 0.4s ease-in-out;\n}\n#top #wrap_all .avia-button.av-av_button_big-9f5d55e0169c5deeca0760655cc428c1 .avia-svg-icon svg:first-child{\nfill:#ffffff;\nstroke:#ffffff;\n}\n#top #wrap_all .avia-button.av-av_button_big-9f5d55e0169c5deeca0760655cc428c1:hover .avia-svg-icon svg:first-child{\nfill:#ffffff;\nstroke:#ffffff;\n}\n<\/style>\n<a href='https:\/\/www.facebook.com\/123fkm\/' class='avia-button avia-button-fullwidth av-av_button_big-9f5d55e0169c5deeca0760655cc428c1 avia-icon_select-yes-left-icon avia-color-custom'  target=\"_blank\"  rel=\"noopener noreferrer\"  aria-label=\"Facebook\"><span class='avia_button_icon avia_button_icon_left avia-iconfont avia-font-entypo-fontello' data-av_icon='\ue8f5' data-av_iconfont='entypo-fontello' ><\/span><span class='avia_iconbox_title' >Facebook<\/span><\/a><\/div>\n<\/div>\n\t\t<\/div><div id=\"text-6\" class=\"widget clearfix widget_text\"><h3 class=\"widgettitle\">Stellenangebote<\/h3>\t\t\t<div class=\"textwidget\"><p>Entnehmen Sie bitte der <a href=\"http:\/\/www.vfg-bonn.de\/stellenangebote\/\" target=\"_blank\" rel=\"noopener\">VFG Hauptseite<\/a><\/p>\n<div  class='avia-button-wrap avia-button-center  widgetbuttons'>\n<style type=\"text\/css\" data-created_by=\"avia_inline_auto\" id=\"style-css-av-av_button_big-708a37e4764dc76482dccd6dbeef5faf\">\n#top #wrap_all .avia-button.av-av_button_big-708a37e4764dc76482dccd6dbeef5faf{\ncolor:#ffffff;\ntransition:all 0.4s ease-in-out;\n}\n#top #wrap_all .avia-button.av-av_button_big-708a37e4764dc76482dccd6dbeef5faf:hover{\nbackground-color:#b02b2c;\ncolor:#ffffff;\ntransition:all 0.4s ease-in-out;\n}\n#top #wrap_all .avia-button.av-av_button_big-708a37e4764dc76482dccd6dbeef5faf .avia-svg-icon svg:first-child{\nfill:#ffffff;\nstroke:#ffffff;\n}\n#top #wrap_all .avia-button.av-av_button_big-708a37e4764dc76482dccd6dbeef5faf:hover .avia-svg-icon svg:first-child{\nfill:#ffffff;\nstroke:#ffffff;\n}\n<\/style>\n<a href='http:\/\/www.vfg-bonn.de\/stellenangebote\/' class='avia-color-theme-color avia-button avia-button-fullwidth av-av_button_big-708a37e4764dc76482dccd6dbeef5faf avia-icon_select-no avia-color-theme-color'  target=\"_blank\"  rel=\"noopener noreferrer\"  aria-label=\"Stellenangebote \u2026\"><span class='avia_iconbox_title' >Stellenangebote \u2026<\/span><\/a><\/div>\n<\/div>\n\t\t<\/div><\/div><\/div><\/p>\n\n<style type=\"text\/css\" data-created_by=\"avia_inline_auto\" id=\"style-css-av-jh8de1-22a4ba0c544534f2fa2f94678b2f400b\">\n@keyframes av_boxShadowEffect_av-jh8de1-22a4ba0c544534f2fa2f94678b2f400b-column {\n0%   { box-shadow:  0 0 0 0 #aaaaaa; opacity: 1; }\n100% { box-shadow:  0 0 6px 0 #aaaaaa; opacity: 1; }\n}\n.flex_column.av-jh8de1-22a4ba0c544534f2fa2f94678b2f400b{\nbox-shadow: 0 0 6px 0 #aaaaaa;\nborder-width:2px;\nborder-color:#aaaaaa;\nborder-style:solid;\nborder-radius:15px 15px 15px 15px;\npadding:30px 30px 30px 30px;\n}\n<\/style>\n<div  class='flex_column av-jh8de1-22a4ba0c544534f2fa2f94678b2f400b av_three_fourth  avia-builder-el-9  el_after_av_one_fourth  avia-builder-el-last  first flex_column_div shadow-not-animated  column-top-margin'     ><p>\n<style type=\"text\/css\" data-created_by=\"avia_inline_auto\" id=\"style-css-av-av_heading-43cddfcea93ba0cf88417a073ce8dcb1\">\n#top .av-special-heading.av-av_heading-43cddfcea93ba0cf88417a073ce8dcb1{\npadding-bottom:10px;\nfont-size:28px;\n}\nbody .av-special-heading.av-av_heading-43cddfcea93ba0cf88417a073ce8dcb1 .av-special-heading-tag .heading-char{\nfont-size:25px;\n}\n#top #wrap_all .av-special-heading.av-av_heading-43cddfcea93ba0cf88417a073ce8dcb1 .av-special-heading-tag{\nfont-size:28px;\n}\n.av-special-heading.av-av_heading-43cddfcea93ba0cf88417a073ce8dcb1 .av-subheading{\nfont-size:15px;\n}\n\n@media only screen and (min-width: 480px) and (max-width: 767px){ \n#top #wrap_all .av-special-heading.av-av_heading-43cddfcea93ba0cf88417a073ce8dcb1 .av-special-heading-tag{\nfont-size:0.8em;\n}\n}\n\n@media only screen and (max-width: 479px){ \n#top #wrap_all .av-special-heading.av-av_heading-43cddfcea93ba0cf88417a073ce8dcb1 .av-special-heading-tag{\nfont-size:0.8em;\n}\n}\n<\/style>\n<div  class='av-special-heading av-av_heading-43cddfcea93ba0cf88417a073ce8dcb1 av-special-heading-h3 blockquote modern-quote modern-centered  avia-builder-el-10  el_before_av_hr  avia-builder-el-first  av-inherit-size'><h3 class='av-special-heading-tag '  itemprop=\"headline\"  >Vergangene Termine<\/h3><div class=\"special-heading-border\"><div class=\"special-heading-inner-border\"><\/div><\/div><\/div><br \/>\n\n<style type=\"text\/css\" data-created_by=\"avia_inline_auto\" id=\"style-css-av-9swpx5-8479acefa5ae131967df4d817ee2a6b2\">\n#top .hr.av-9swpx5-8479acefa5ae131967df4d817ee2a6b2{\nmargin-top:30px;\nmargin-bottom:30px;\n}\n.hr.av-9swpx5-8479acefa5ae131967df4d817ee2a6b2 .hr-inner{\nwidth:150px;\nborder-color:#b02b2c;\nmax-width:45%;\n}\n.hr.av-9swpx5-8479acefa5ae131967df4d817ee2a6b2 .av-seperator-icon{\ncolor:#b02b2c;\n}\n.hr.av-9swpx5-8479acefa5ae131967df4d817ee2a6b2 .av-seperator-icon.avia-svg-icon svg:first-child{\nfill:#b02b2c;\nstroke:#b02b2c;\n}\n<\/style>\n<div  class='hr av-9swpx5-8479acefa5ae131967df4d817ee2a6b2 hr-custom  avia-builder-el-11  el_after_av_heading  el_before_av_textblock  hr-center hr-icon-yes'><span class='hr-inner inner-border-av-border-thin'><span class=\"hr-inner-style\"><\/span><\/span><span class='av-seperator-icon avia-iconfont avia-font-entypo-fontello' data-av_icon='\ue8bf' data-av_iconfont='entypo-fontello' ><\/span><span class='hr-inner inner-border-av-border-thin'><span class=\"hr-inner-style\"><\/span><\/span><\/div><br \/>\n<section  class='av_textblock_section av-7oby3d-5799c1ba54acd9f1e31171313bdfadc9 '   itemscope=\"itemscope\" itemtype=\"https:\/\/schema.org\/CreativeWork\" ><div class='avia_textblock'  itemprop=\"text\" ><h3><\/h3>\n<div class=\"em em-view-container\" id=\"em-view-1935378033\" data-view=\"list\">\r\n\t<div class=\"em pixelbones em-list em-events-list\" id=\"em-events-list-1935378033\" data-view-id=\"1935378033\">\r\n\t<div><div class=\"clearfix\" >\r\n<h3><a href=\"https:\/\/www.vfg-bonn.de\/fachklinik\/events\/suchtkongress-des-fvs\/\">Suchtkongress des FVS+<\/a> <\/h2>\r\n<h4>26\/06\/2024-28\/06\/2024<\/h4>\r\n<br\/><br\/>\r\n<div>\r\n<img decoding=\"async\" loading=\"lazy\" width=\"300\" height=\"84\" src=\"https:\/\/www.vfg-bonn.de\/fachklinik\/wp-content\/uploads\/logo.png\" class=\"wp-image-4190 avia-img-lazy-loading-4190 attachment-300x0 size-300x0 wp-post-image\" alt=\"Suchtkongress des FVS+\" srcset=\"https:\/\/www.vfg-bonn.de\/fachklinik\/wp-content\/uploads\/logo.png 501w, https:\/\/www.vfg-bonn.de\/fachklinik\/wp-content\/uploads\/logo-450x126.png 450w, https:\/\/www.vfg-bonn.de\/fachklinik\/wp-content\/uploads\/logo-495x140.png 495w\" sizes=\"auto, (max-width: 300px) 100vw, 300px\" \/><br\/><br\/>\r\nAn den drei Kongresstagen erwartet Sie ein abwechslungsreiches Programm unter Beteiligung einer Vielzahl hochrangiger Referentinnen und Referenten aus Praxis und Politik.<a href=\"https:\/\/www.vfg-bonn.de\/fachklinik\/events\/suchtkongress-des-fvs\/\">weiterlesen<\/a>\r\n<br\/><br\/>\r\n<\/div>\r\n<\/div>\r\n<hr><div class=\"clearfix\" >\r\n<h3><a href=\"https:\/\/www.vfg-bonn.de\/fachklinik\/events\/gemeinsamer-suchtkongress-2021\/\">Gemeinsamer Suchtkongress 2021<\/a> <\/h2>\r\n<h4>23\/06\/2021-25\/06\/2021<\/h4>\r\n<br\/><br\/>\r\n<div>\r\n<img decoding=\"async\" loading=\"lazy\" width=\"300\" height=\"190\" src=\"https:\/\/www.vfg-bonn.de\/fachklinik\/wp-content\/uploads\/Gemeinsamer-Suchtkongress_kl.jpg\" class=\"wp-image-4021 avia-img-lazy-loading-4021 attachment-300x0 size-300x0 wp-post-image\" alt=\"Gemeinsamer Suchtkongress 2021\" srcset=\"https:\/\/www.vfg-bonn.de\/fachklinik\/wp-content\/uploads\/Gemeinsamer-Suchtkongress_kl.jpg 2424w, https:\/\/www.vfg-bonn.de\/fachklinik\/wp-content\/uploads\/Gemeinsamer-Suchtkongress_kl-450x286.jpg 450w, https:\/\/www.vfg-bonn.de\/fachklinik\/wp-content\/uploads\/Gemeinsamer-Suchtkongress_kl-1030x654.jpg 1030w, https:\/\/www.vfg-bonn.de\/fachklinik\/wp-content\/uploads\/Gemeinsamer-Suchtkongress_kl-768x488.jpg 768w, https:\/\/www.vfg-bonn.de\/fachklinik\/wp-content\/uploads\/Gemeinsamer-Suchtkongress_kl-1536x975.jpg 1536w, https:\/\/www.vfg-bonn.de\/fachklinik\/wp-content\/uploads\/Gemeinsamer-Suchtkongress_kl-2048x1300.jpg 2048w, https:\/\/www.vfg-bonn.de\/fachklinik\/wp-content\/uploads\/Gemeinsamer-Suchtkongress_kl-1500x952.jpg 1500w, https:\/\/www.vfg-bonn.de\/fachklinik\/wp-content\/uploads\/Gemeinsamer-Suchtkongress_kl-705x448.jpg 705w\" sizes=\"auto, (max-width: 300px) 100vw, 300px\" \/><br\/><br\/>\r\nInformationen finden Sie ab Herbst 2020 auf: https:\/\/www.dersuchtkongress.de\/.<a href=\"https:\/\/www.vfg-bonn.de\/fachklinik\/events\/gemeinsamer-suchtkongress-2021\/\">weiterlesen<\/a>\r\n<br\/><br\/>\r\n<\/div>\r\n<\/div>\r\n<hr><div class=\"clearfix\" >\r\n<h3><a href=\"https:\/\/www.vfg-bonn.de\/fachklinik\/events\/gemeinsamer-suchtkongress-2020\/\">Gemeinsamer Suchtkongress 2020 - Verschoben auf den 23.\u201325. Juni 2021<\/a> <\/h2>\r\n<h4>17\/06\/2020-19\/06\/2020<\/h4>\r\n<br\/><br\/>\r\n<div>\r\n<img decoding=\"async\" loading=\"lazy\" width=\"300\" height=\"300\" src=\"https:\/\/www.vfg-bonn.de\/fachklinik\/wp-content\/uploads\/suchtkongress2020-thumb.jpg\" class=\"wp-image-3854 avia-img-lazy-loading-3854 attachment-300x0 size-300x0 wp-post-image\" alt=\"Gemeinsamer Suchtkongress 2020 - Verschoben auf den 23.\u201325. Juni 2021\" srcset=\"https:\/\/www.vfg-bonn.de\/fachklinik\/wp-content\/uploads\/suchtkongress2020-thumb.jpg 585w, https:\/\/www.vfg-bonn.de\/fachklinik\/wp-content\/uploads\/suchtkongress2020-thumb-450x450.jpg 450w, https:\/\/www.vfg-bonn.de\/fachklinik\/wp-content\/uploads\/suchtkongress2020-thumb-80x80.jpg 80w, https:\/\/www.vfg-bonn.de\/fachklinik\/wp-content\/uploads\/suchtkongress2020-thumb-36x36.jpg 36w, https:\/\/www.vfg-bonn.de\/fachklinik\/wp-content\/uploads\/suchtkongress2020-thumb-180x180.jpg 180w\" sizes=\"auto, (max-width: 300px) 100vw, 300px\" \/><br\/><br\/>\r\nBedingt durch Corona musste die Veranstaltung leider abgesagt werden. Sie soll aber nachgeholt werden. Neuer Termin ist der 23.\u201325. Juni 2021.\r\nAls Veranstaltungsort bleibt es bei der M\u00fcnsterlandhalle in M\u00fcnster\/Westf. Die Kongress-Homepage wird ab dem Herbst nach und nach mit aktualisierten Informationen zum Programm und zur Organisation gef\u00fcllt.<a href=\"https:\/\/www.vfg-bonn.de\/fachklinik\/events\/gemeinsamer-suchtkongress-2020\/\">weiterlesen<\/a>\r\n<br\/><br\/>\r\n<\/div>\r\n<\/div>\r\n<hr><div class=\"clearfix\" >\r\n<h3><a href=\"https:\/\/www.vfg-bonn.de\/fachklinik\/events\/ehemaligentreffen-in-der-fkm-am-21-september-2019\/\">Ehemaligentreffen in der FKM am 21. September 2019<\/a> <\/h2>\r\n<h4>21\/09\/2019<\/h4>\r\n<br\/><br\/>\r\n<div>\r\n\r\nAuch dieses Jahr m\u00f6chten wir Sie herzlich einladen, sich mit uns an \u201ealte Zeiten\u201c zu erinnern. Wir sind gespannt auf viele Neuigkeiten, pers\u00f6nliche Geschichten und was aus allen geworden ist!\r\n\r\nWir m\u00f6chten mit Ihnen das Wiedersehen feiern und laden Sie zu einem Tag mit Spiel, Spa\u00df und Sport ein. Wenn Sie m\u00f6chten bringen Sie hierf\u00fcr Sportsachen mit.\r\nF\u00fcr Speisen und Getr\u00e4nke ist wie immer bestens gesorgt.\r\nWir gehen selbstverst\u00e4ndlich davon aus, dass unser drogen- und alkoholfreier Rahmen auch an diesem Tag respektiert wird.\r\n\r\nBitte geben Sie die Einladung an Ehemalige weiter, die Sie kennen, da wir nicht von allen die aktuelle Adresse haben.\r\n\r\nWir hoffen, dass wir zusammen gem\u00fctliche, erlebnis- und erinnerungsreiche Stunden in der FKM verbringen werden und verbleiben in Erwartung m\u00f6glichst vieler Ehemaliger. \r\nWir freuen uns auf Sie, mit herzlichen Gr\u00fc\u00dfen f\u00fcr das Team der FKM\r\n\r\nKarin Kranz \r\nKlinikleitung\r\n\r\n               Mehr Informationen zur Anmeldung bis zum 01.09.2019 lesen Sie im hier:\r\n <a href=\"https:\/\/www.vfg-bonn.de\/fachklinik\/events\/ehemaligentreffen-in-der-fkm-am-21-september-2019\/\">weiterlesen<\/a>\r\n<br\/><br\/>\r\n<\/div>\r\n<\/div>\r\n<hr><div class=\"clearfix\" >\r\n<h3><a href=\"https:\/\/www.vfg-bonn.de\/fachklinik\/events\/teilnahme-am-18-netzwerklaufs\/\">Teilnahme am 18. Netzwerklaufs<\/a> <\/h2>\r\n<h4>18\/06\/2019<\/h4>\r\n<br\/><br\/>\r\n<div>\r\n\r\nUnter dem Motto \"Dabei sein ist alles\" haben wir mit der Fachklinik Meckenheim beim j\u00e4hrlich stattfindenden Netzwerklauf des SKM in K\u00f6ln mitgemacht. Bei bestem Wetter absolvierten unsere Rehabilitanden die jeweils 5 oder 10 km-Strecke durch den K\u00f6nigsforst bei Bergisch-Gladbach mit vollem Engagement. Mit dieser Einstellung am Ende dann auch noch...     <a href=\"https:\/\/www.vfg-bonn.de\/fachklinik\/events\/teilnahme-am-18-netzwerklaufs\/\">weiterlesen<\/a>\r\n<br\/><br\/>\r\n<\/div>\r\n<\/div>\r\n<hr><div class=\"clearfix\" >\r\n<h3><a href=\"https:\/\/www.vfg-bonn.de\/fachklinik\/events\/fsj-oder-bfd-in-der-fachklinik-meckenheim\/\">FSJ oder BFD in der Fachklinik Meckenheim<\/a> <\/h2>\r\n<h4>01\/02\/2019<\/h4>\r\n<br\/><br\/>\r\n<div>\r\n\r\nBeim VFG besteht ab sofort die M\u00f6glichkeit, in der Fachklinik Meckenheim ein Freiwilliges Soziales Jahr (FSJ) oder einen Bundesfreiwilligendienst (BFD) zu absolvieren.\r\n\r\nBei Interesse richten Sie Ihre Bewerbung bitte an:\r\n\r\nFachklinik Meckenheim, An der alten Eiche 1, 53340 Meckenheim\r\n\r\noder per E-Mail an: fachklinik@vfg-bonn.de<a href=\"https:\/\/www.vfg-bonn.de\/fachklinik\/events\/fsj-oder-bfd-in-der-fachklinik-meckenheim\/\">weiterlesen<\/a>\r\n<br\/><br\/>\r\n<\/div>\r\n<\/div>\r\n<hr><div class=\"clearfix\" >\r\n<h3><a href=\"https:\/\/www.vfg-bonn.de\/fachklinik\/events\/artikel-ueber-die-fachklinik-meckenheim-in-der-zeitschrift-suchtaktuell-vom-fachverband-sucht\/\">Artikel \u00fcber die Fachklinik Meckenheim in der Zeitschrift &quot;SuchtAktuell&quot; vom Fachverband Sucht<\/a> <\/h2>\r\n<h4>14\/12\/2018-28\/02\/2019<\/h4>\r\n<br\/><br\/>\r\n<div>\r\n\r\nIn der aktuellen Ausgabe der \"SuchtAktuell\" (02.18) lesen Sie in der Rubrik \"Neues aus den Einrichtungen - unsere Mitglieder melden\" einen Artikel \u00fcber die Fachklinik Meckenheim mit dem Titel \"25 Jahre Fachklinik Meckenheim - Jubil\u00e4umsfeier mit Fachtagung zum Thema Metakognitives Training\" :\r\n\r\nSeit 25 Jahren besteht die Fachklinik Meckenheim unter der Tr\u00e4gerschaft des Vereins f\u00fcr Gef\u00e4hrdetenhilfe (VFG). Der VFG\r\nh\u00e4lt in Bonn und Umgebung zahlreiche Hilfeangebote f\u00fcr wohnungslose und suchtmittelabh\u00e4ngige Menschen vor. Eine\r\ndavon ist die Fachklinik Meckenheim, eine Einrichtung der medizinischen Rehabilitation f\u00fcr erwachsene M\u00e4nner mit Abh\u00e4ngigkeitserkrankungen\r\nmit 36 station\u00e4ren und vier ganzt\u00e4gig ambulanten Behandlungspl\u00e4tzen.........\r\n\r\n<a href=\"https:\/\/www.vfg-bonn.de\/fachklinik\/events\/artikel-ueber-die-fachklinik-meckenheim-in-der-zeitschrift-suchtaktuell-vom-fachverband-sucht\/\">weiterlesen<\/a>\r\n<br\/><br\/>\r\n<\/div>\r\n<\/div>\r\n<hr><div class=\"clearfix\" >\r\n<h3><a href=\"https:\/\/www.vfg-bonn.de\/fachklinik\/events\/fachtagung-anlaesslich-der-feier-zum-25-jaehrigen-bestehen-der-fachklinik-meckenheim\/\">Fachtagung anl\u00e4sslich der Feier zum 25- j\u00e4hrigen Bestehen der Fachklinik Meckenheim am 18. September 2018<\/a> <\/h2>\r\n<h4>18\/09\/2018<\/h4>\r\n<br\/><br\/>\r\n<div>\r\n<img decoding=\"async\" loading=\"lazy\" width=\"300\" height=\"200\" src=\"https:\/\/www.vfg-bonn.de\/fachklinik\/wp-content\/uploads\/DSC4957.jpg\" class=\"wp-image-2959 avia-img-lazy-loading-2959 attachment-300x0 size-300x0 wp-post-image\" alt=\"Fachtagung anl\u00e4sslich der Feier zum 25- j\u00e4hrigen Bestehen der Fachklinik Meckenheim am 18. September 2018\" srcset=\"https:\/\/www.vfg-bonn.de\/fachklinik\/wp-content\/uploads\/DSC4957.jpg 1500w, https:\/\/www.vfg-bonn.de\/fachklinik\/wp-content\/uploads\/DSC4957-450x299.jpg 450w, https:\/\/www.vfg-bonn.de\/fachklinik\/wp-content\/uploads\/DSC4957-1030x685.jpg 1030w, https:\/\/www.vfg-bonn.de\/fachklinik\/wp-content\/uploads\/DSC4957-768x511.jpg 768w, https:\/\/www.vfg-bonn.de\/fachklinik\/wp-content\/uploads\/DSC4957-705x469.jpg 705w\" sizes=\"auto, (max-width: 300px) 100vw, 300px\" \/><br\/><br\/>\r\nEntsprechend der neuen Konzeption der Fachklinik Meckenheim stellt  die  Behandlung von Abh\u00e4ngigkeitserkrankten, die eine drogeninduzierte Psychose oder Schizophrenie als Begleiterkrankung haben, einen Schwerpunkt dar. Anl\u00e4sslich des 25-j\u00e4hrigen Jubil\u00e4ums der Fachklinik wurde am 18.09.2018 eine Fachtagung zum Thema Metakognitives Training in der Behandlung von Abh\u00e4ngigkeitserkrankungen abgehalten. Metakognition bedeutet \u201e\u00fcber das Denken nachzudenken\u201c. Das Trainingsprogramm von Prof. Steffen Moritz (Universit\u00e4tsklinikum Hamburg-Eppendorf) richtet sich speziell an Menschen mit Psychosen, wird derzeit aber auch f\u00fcr Menschen mit anderen psychischen Erkrankungen wie zum Beispiel emotional-instabile Pers\u00f6nlichkeitsst\u00f6rung evaluiert. Frau Dr. Lisa Schilling von Zentrum f\u00fcr Psychosoziale Medizin des  Universit\u00e4tsklinikums Hamburg-Eppendorf stellte das Trainingsprogramm im Rahmen eines Vortrages und anschlie\u00dfenden Workshop theoretisch und praktisch vor.\r\n\r\nDas wissenschaftliche Programm war eingebettet in ein Rahmenprogramm mit M\u00f6glichkeiten des Austausches, der Klinikf\u00fchrung, mit musikalischer und kulinarischer Abwechslung, womit das Team der Fachklinik Meckenheim gemeinsam mit den Vertretern der Politik und des Tr\u00e4gers, mit Kollegen aus Suchtberatungsstellen, Akut- und Rehakliniken sowie Freunden und F\u00f6rderern der Fachklinik das Jubil\u00e4um gefeiert hat.<a href=\"https:\/\/www.vfg-bonn.de\/fachklinik\/events\/fachtagung-anlaesslich-der-feier-zum-25-jaehrigen-bestehen-der-fachklinik-meckenheim\/\">weiterlesen<\/a>\r\n<br\/><br\/>\r\n<\/div>\r\n<\/div>\r\n<hr><div class=\"clearfix\" >\r\n<h3><a href=\"https:\/\/www.vfg-bonn.de\/fachklinik\/events\/31-heidelberger-kongress-vom-20-22-juni-2018\/\">31. Heidelberger Kongress vom 20.-22. Juni 2018<\/a> <\/h2>\r\n<h4>20\/06\/2018-22\/06\/2018<\/h4>\r\n<br\/><br\/>\r\n<div>\r\n<img decoding=\"async\" loading=\"lazy\" width=\"300\" height=\"53\" src=\"https:\/\/www.vfg-bonn.de\/fachklinik\/wp-content\/uploads\/FV-Sucht-Banner-quer-2-1.jpg\" class=\"wp-image-3245 avia-img-lazy-loading-3245 attachment-300x0 size-300x0 wp-post-image\" alt=\"31. Heidelberger Kongress vom 20.-22. Juni 2018\" srcset=\"https:\/\/www.vfg-bonn.de\/fachklinik\/wp-content\/uploads\/FV-Sucht-Banner-quer-2-1.jpg 2126w, https:\/\/www.vfg-bonn.de\/fachklinik\/wp-content\/uploads\/FV-Sucht-Banner-quer-2-1-450x80.jpg 450w, https:\/\/www.vfg-bonn.de\/fachklinik\/wp-content\/uploads\/FV-Sucht-Banner-quer-2-1-1030x183.jpg 1030w, https:\/\/www.vfg-bonn.de\/fachklinik\/wp-content\/uploads\/FV-Sucht-Banner-quer-2-1-768x137.jpg 768w, https:\/\/www.vfg-bonn.de\/fachklinik\/wp-content\/uploads\/FV-Sucht-Banner-quer-2-1-1536x273.jpg 1536w, https:\/\/www.vfg-bonn.de\/fachklinik\/wp-content\/uploads\/FV-Sucht-Banner-quer-2-1-2048x364.jpg 2048w, https:\/\/www.vfg-bonn.de\/fachklinik\/wp-content\/uploads\/FV-Sucht-Banner-quer-2-1-1500x267.jpg 1500w, https:\/\/www.vfg-bonn.de\/fachklinik\/wp-content\/uploads\/FV-Sucht-Banner-quer-2-1-705x125.jpg 705w\" sizes=\"auto, (max-width: 300px) 100vw, 300px\" \/><br\/><br\/>\r\nDie Fachklinik Meckenheim war in diesem Jahr mit einem Stand im Foyer des Heidelberger Kongress vertreten.\r\n\r\nAuf der Veranstaltung hat der leitende Arzt der Fachklinik Meckenheim einen Vortrag zum Thema \"Differenzierte Betrachtung von ADHS-Symptomen bei Abh\u00e4ngigkeitserkrankten\" und zusammen mit Fr. Prof. W. Funke einen Vortrag zum Thema \"Trauma und Sucht\" gehalten.\r\n\r\nMehr Informationen unter <a href=\"http:\/\/www.sucht.de\/\">www.sucht.de<\/a>\r\n\r\n<a href=\"https:\/\/www.vfg-bonn.de\/fachklinik\/events\/31-heidelberger-kongress-vom-20-22-juni-2018\/\">weiterlesen<\/a>\r\n<br\/><br\/>\r\n<\/div>\r\n<\/div>\r\n<hr><div class=\"clearfix\" >\r\n<h3><a href=\"https:\/\/www.vfg-bonn.de\/fachklinik\/events\/ehemaligen-treffen\/\">Ehemaligen-Treffen<\/a> <\/h2>\r\n<h4>16\/09\/2017<\/h4>\r\n<br\/><br\/>\r\n<div>\r\n<img decoding=\"async\" loading=\"lazy\" width=\"300\" height=\"200\" src=\"https:\/\/www.vfg-bonn.de\/fachklinik\/wp-content\/uploads\/DSC_4933.jpeg\" class=\"wp-image-1655 avia-img-lazy-loading-1655 attachment-300x0 size-300x0 wp-post-image\" alt=\"Ehemaligen-Treffen\" srcset=\"https:\/\/www.vfg-bonn.de\/fachklinik\/wp-content\/uploads\/DSC_4933.jpeg 1353w, https:\/\/www.vfg-bonn.de\/fachklinik\/wp-content\/uploads\/DSC_4933-450x299.jpeg 450w, https:\/\/www.vfg-bonn.de\/fachklinik\/wp-content\/uploads\/DSC_4933-1030x685.jpeg 1030w, https:\/\/www.vfg-bonn.de\/fachklinik\/wp-content\/uploads\/DSC_4933-768x511.jpeg 768w, https:\/\/www.vfg-bonn.de\/fachklinik\/wp-content\/uploads\/DSC_4933-705x469.jpeg 705w\" sizes=\"auto, (max-width: 300px) 100vw, 300px\" \/><br\/><br\/>\r\nEinladung zum \u201eEhemaligen-Treffen\u201c in der FACHKLINIK MECKENHEIM am 16. September 2017 ab 12.00 Uhr Auch dieses Jahr m\u00f6chten wir Sie herzlich einladen, sich mit uns an \u201ealte Zeiten\u201c zu erinnern. Wir sind gespannt auf viele Neuigkeiten, pers\u00f6nliche Geschichten und was aus allen geworden ist! Wir m\u00f6chten mit Ihnen das Wiedersehen...     <a href=\"https:\/\/www.vfg-bonn.de\/fachklinik\/events\/ehemaligen-treffen\/\">weiterlesen<\/a>\r\n<br\/><br\/>\r\n<\/div>\r\n<\/div>\r\n<hr><\/div>\t<\/div>\r\n<\/div>\n<\/div><\/section><\/p><\/div>\n","protected":false},"excerpt":{"rendered":"","protected":false},"author":1,"featured_media":0,"parent":0,"menu_order":0,"comment_status":"closed","ping_status":"closed","template":"","meta":{"inline_featured_image":false,"footnotes":""},"class_list":["post-1417","page","type-page","status-publish","hentry"],"_links":{"self":[{"href":"https:\/\/www.vfg-bonn.de\/fachklinik\/wp-json\/wp\/v2\/pages\/1417","targetHints":{"allow":["GET"]}}],"collection":[{"href":"https:\/\/www.vfg-bonn.de\/fachklinik\/wp-json\/wp\/v2\/pages"}],"about":[{"href":"https:\/\/www.vfg-bonn.de\/fachklinik\/wp-json\/wp\/v2\/types\/page"}],"author":[{"embeddable":true,"href":"https:\/\/www.vfg-bonn.de\/fachklinik\/wp-json\/wp\/v2\/users\/1"}],"replies":[{"embeddable":true,"href":"https:\/\/www.vfg-bonn.de\/fachklinik\/wp-json\/wp\/v2\/comments?post=1417"}],"version-history":[{"count":9,"href":"https:\/\/www.vfg-bonn.de\/fachklinik\/wp-json\/wp\/v2\/pages\/1417\/revisions"}],"predecessor-version":[{"id":4186,"href":"https:\/\/www.vfg-bonn.de\/fachklinik\/wp-json\/wp\/v2\/pages\/1417\/revisions\/4186"}],"wp:attachment":[{"href":"https:\/\/www.vfg-bonn.de\/fachklinik\/wp-json\/wp\/v2\/media?parent=1417"}],"curies":[{"name":"wp","href":"https:\/\/api.w.org\/{rel}","templated":true}]}}